{"id":8857,"date":"2022-05-11T13:49:28","date_gmt":"2022-05-11T13:49:28","guid":{"rendered":"https:\/\/joanabastos.pt\/wp\/?page_id=8857"},"modified":"2025-01-17T18:08:14","modified_gmt":"2025-01-17T18:08:14","slug":"eventos-e-concursos","status":"publish","type":"page","link":"https:\/\/joanabastos.pt\/en\/eventos-e-concursos\/","title":{"rendered":"Events and Contests"},"content":{"rendered":"<div data-elementor-type=\"wp-page\" data-elementor-id=\"8857\" class=\"elementor elementor-8857\" data-elementor-post-type=\"page\">\n\t\t\t\t\t\t<section class=\"elementor-section elementor-top-section elementor-element elementor-element-ba9f021 elementor-section-boxed elementor-section-height-default elementor-section-height-default\" data-id=\"ba9f021\" data-element_type=\"section\" data-e-type=\"section\" data-settings=\"{&quot;jet_parallax_layout_list&quot;:[]}\">\n\t\t\t\t\t\t<div class=\"elementor-container elementor-column-gap-default\">\n\t\t\t\t\t<div class=\"elementor-column elementor-col-100 elementor-top-column elementor-element elementor-element-e446753\" data-id=\"e446753\" data-element_type=\"column\" data-e-type=\"column\">\n\t\t\t<div class=\"elementor-widget-wrap elementor-element-populated\">\n\t\t\t\t\t\t<div class=\"elementor-element elementor-element-862e10d elementor-widget elementor-widget-heading\" data-id=\"862e10d\" data-element_type=\"widget\" data-e-type=\"widget\" data-widget_type=\"heading.default\">\n\t\t\t\t<div class=\"elementor-widget-container\">\n\t\t\t\t\t<h2 class=\"elementor-heading-title elementor-size-default\">events and contests<\/h2>\t\t\t\t<\/div>\n\t\t\t\t<\/div>\n\t\t\t\t\t<\/div>\n\t\t<\/div>\n\t\t\t\t\t<\/div>\n\t\t<\/section>\n\t\t\t\t<section class=\"elementor-section elementor-top-section elementor-element elementor-element-8bf7d90 elementor-hidden-mobile elementor-section-boxed elementor-section-height-default elementor-section-height-default\" data-id=\"8bf7d90\" data-element_type=\"section\" data-e-type=\"section\" data-settings=\"{&quot;jet_parallax_layout_list&quot;:[]}\">\n\t\t\t\t\t\t<div class=\"elementor-container elementor-column-gap-default\">\n\t\t\t\t\t<div class=\"elementor-column elementor-col-33 elementor-top-column elementor-element elementor-element-d50c023\" data-id=\"d50c023\" data-element_type=\"column\" data-e-type=\"column\">\n\t\t\t<div class=\"elementor-widget-wrap elementor-element-populated\">\n\t\t\t\t\t\t<div class=\"elementor-element elementor-element-67437c7 image_hover elementor-widget elementor-widget-image\" data-id=\"67437c7\" data-element_type=\"widget\" data-e-type=\"widget\" data-widget_type=\"image.default\">\n\t\t\t\t<div class=\"elementor-widget-container\">\n\t\t\t\t\t\t\t\t\t\t\t\t\t\t\t\t<a href=\"https:\/\/joanabastos.pt\/en\/galeria-exposicao-de-fotografia-eu-sou-arte-no-mate-festival\/\">\n\t\t\t\t\t\t\t<img fetchpriority=\"high\" decoding=\"async\" width=\"640\" height=\"800\" src=\"https:\/\/joanabastos.pt\/wp-content\/uploads\/2024\/12\/1A-Capa-819x1024.webp\" class=\"attachment-large size-large wp-image-19717\" alt=\"\" srcset=\"https:\/\/joanabastos.pt\/wp-content\/uploads\/2024\/12\/1A-Capa-819x1024.webp 819w, https:\/\/joanabastos.pt\/wp-content\/uploads\/2024\/12\/1A-Capa-240x300.webp 240w, https:\/\/joanabastos.pt\/wp-content\/uploads\/2024\/12\/1A-Capa-768x960.webp 768w, https:\/\/joanabastos.pt\/wp-content\/uploads\/2024\/12\/1A-Capa-1229x1536.webp 1229w, https:\/\/joanabastos.pt\/wp-content\/uploads\/2024\/12\/1A-Capa-1638x2048.webp 1638w, https:\/\/joanabastos.pt\/wp-content\/uploads\/2024\/12\/1A-Capa-scaled.webp 2048w\" sizes=\"(max-width: 640px) 100vw, 640px\" \/>\t\t\t\t\t\t\t\t<\/a>\n\t\t\t\t\t\t\t\t\t\t\t\t\t\t\t<\/div>\n\t\t\t\t<\/div>\n\t\t\t\t<div class=\"elementor-element elementor-element-31f48f0 elementor-widget elementor-widget-image-box\" data-id=\"31f48f0\" data-element_type=\"widget\" data-e-type=\"widget\" data-widget_type=\"image-box.default\">\n\t\t\t\t<div class=\"elementor-widget-container\">\n\t\t\t\t\t<div class=\"elementor-image-box-wrapper\"><div class=\"elementor-image-box-content\"><h4 class=\"elementor-image-box-title\"><a href=\"https:\/\/joanabastos.pt\/en\/galeria-exposicao-de-fotografia-eu-sou-arte-no-mate-festival\/\">PHOTOGRAPHY EXHIBITION \u201cI AM ART\u201d\nAT MATE FESTIVAL<\/a><\/h4><p class=\"elementor-image-box-description\">October 2024<br>\nCoimbra<br><br>\nExhibition of the 1st edition of the photographic results of 'I Am Art: The expression of \nmy creative essence\u201d experience by Joana Bastos, at the MATE festival in Coimbra.<\/p><\/div><\/div>\t\t\t\t<\/div>\n\t\t\t\t<\/div>\n\t\t\t\t<div class=\"elementor-element elementor-element-fa8c615 elementor-widget-divider--view-line elementor-widget elementor-widget-divider\" data-id=\"fa8c615\" data-element_type=\"widget\" data-e-type=\"widget\" data-widget_type=\"divider.default\">\n\t\t\t\t<div class=\"elementor-widget-container\">\n\t\t\t\t\t\t\t<div class=\"elementor-divider\">\n\t\t\t<span class=\"elementor-divider-separator\">\n\t\t\t\t\t\t<\/span>\n\t\t<\/div>\n\t\t\t\t\t\t<\/div>\n\t\t\t\t<\/div>\n\t\t\t\t<div class=\"elementor-element elementor-element-0ab1218 elementor-position-top elementor-widget elementor-widget-image-box\" data-id=\"0ab1218\" data-element_type=\"widget\" data-e-type=\"widget\" data-widget_type=\"image-box.default\">\n\t\t\t\t<div class=\"elementor-widget-container\">\n\t\t\t\t\t<div class=\"elementor-image-box-wrapper\"><figure class=\"elementor-image-box-img\"><img decoding=\"async\" width=\"640\" height=\"905\" src=\"https:\/\/joanabastos.pt\/wp-content\/uploads\/2024\/12\/4-A-nomeacao-CANIFFF-724x1024.jpg\" class=\"attachment-large size-large wp-image-19721\" alt=\"\" srcset=\"https:\/\/joanabastos.pt\/wp-content\/uploads\/2024\/12\/4-A-nomeacao-CANIFFF-724x1024.jpg 724w, https:\/\/joanabastos.pt\/wp-content\/uploads\/2024\/12\/4-A-nomeacao-CANIFFF-212x300.jpg 212w, https:\/\/joanabastos.pt\/wp-content\/uploads\/2024\/12\/4-A-nomeacao-CANIFFF.jpg 749w\" sizes=\"(max-width: 640px) 100vw, 640px\" \/><\/figure><div class=\"elementor-image-box-content\"><h4 class=\"elementor-image-box-title\">EARLYBIRD, THE TRUE STORY IS NOMINATED\nFOR BEST COSTUME DESIGN AT CANIFFF FESTIVAL 2024<\/h4><p class=\"elementor-image-box-description\">September 2024<br>\nCanada<br><br>\n<\/p><\/div><\/div>\t\t\t\t<\/div>\n\t\t\t\t<\/div>\n\t\t\t\t<div class=\"elementor-element elementor-element-e3a57e2 elementor-widget-divider--view-line elementor-widget elementor-widget-divider\" data-id=\"e3a57e2\" data-element_type=\"widget\" data-e-type=\"widget\" data-widget_type=\"divider.default\">\n\t\t\t\t<div class=\"elementor-widget-container\">\n\t\t\t\t\t\t\t<div class=\"elementor-divider\">\n\t\t\t<span class=\"elementor-divider-separator\">\n\t\t\t\t\t\t<\/span>\n\t\t<\/div>\n\t\t\t\t\t\t<\/div>\n\t\t\t\t<\/div>\n\t\t\t\t<div class=\"elementor-element elementor-element-14e1adf elementor-pagination-position-outside elementor-widget elementor-widget-image-carousel\" data-id=\"14e1adf\" data-element_type=\"widget\" data-e-type=\"widget\" data-settings=\"{&quot;slides_to_show&quot;:&quot;1&quot;,&quot;navigation&quot;:&quot;dots&quot;,&quot;autoplay&quot;:&quot;yes&quot;,&quot;pause_on_hover&quot;:&quot;yes&quot;,&quot;pause_on_interaction&quot;:&quot;yes&quot;,&quot;autoplay_speed&quot;:5000,&quot;infinite&quot;:&quot;yes&quot;,&quot;effect&quot;:&quot;slide&quot;,&quot;speed&quot;:500}\" data-widget_type=\"image-carousel.default\">\n\t\t\t\t<div class=\"elementor-widget-container\">\n\t\t\t\t\t\t\t<div class=\"elementor-image-carousel-wrapper swiper\" role=\"region\" aria-roledescription=\"carousel\" aria-label=\"Carrossel de imagens\" dir=\"ltr\">\n\t\t\t<div class=\"elementor-image-carousel swiper-wrapper\" aria-live=\"off\">\n\t\t\t\t\t\t\t\t<div class=\"swiper-slide\" role=\"group\" aria-roledescription=\"slide\" aria-label=\"1 of 2\" data-no-translation-aria-label=\"\"><figure class=\"swiper-slide-inner\"><img decoding=\"async\" class=\"swiper-slide-image\" src=\"https:\/\/joanabastos.pt\/wp-content\/uploads\/2025\/01\/lafa-2023_CAPA-scaled.webp\" alt=\"lafa-2023_CAPA\" \/><\/figure><\/div><div class=\"swiper-slide\" role=\"group\" aria-roledescription=\"slide\" aria-label=\"2 of 2\" data-no-translation-aria-label=\"\"><figure class=\"swiper-slide-inner\"><img decoding=\"async\" class=\"swiper-slide-image\" src=\"https:\/\/joanabastos.pt\/wp-content\/uploads\/2025\/01\/lafa-2023_EarlyBird2-scaled.webp\" alt=\"lafa-2023_EarlyBird2\" \/><\/figure><\/div>\t\t\t<\/div>\n\t\t\t\t\t\t\t\n\t\t\t\t\t\t\t\t\t<div class=\"swiper-pagination\"><\/div>\n\t\t\t\t\t\t\t\t\t<\/div>\n\t\t\t\t\t\t<\/div>\n\t\t\t\t<\/div>\n\t\t\t\t<div class=\"elementor-element elementor-element-6573432 elementor-widget elementor-widget-image-box\" data-id=\"6573432\" data-element_type=\"widget\" data-e-type=\"widget\" data-widget_type=\"image-box.default\">\n\t\t\t\t<div class=\"elementor-widget-container\">\n\t\t\t\t\t<div class=\"elementor-image-box-wrapper\"><div class=\"elementor-image-box-content\"><h4 class=\"elementor-image-box-title\">EARLYBIRD, THE TRUE STORY \u2013 AWARD-WINNER AT THE LOS ANGELES FILM \nAWARDS FESTIVAL<\/h4><p class=\"elementor-image-box-description\">December 2023<br>\nLos Angeles<br><br>\nThe EarlyBird, The true story fashion film, directed, written, produced and performed by \nJoana Bastos, is the award-winner of the Best Costume Design and Best Makeup \ncategories at the Los Angeles Film Awards festival 2023.<\/p><\/div><\/div>\t\t\t\t<\/div>\n\t\t\t\t<\/div>\n\t\t\t\t<div class=\"elementor-element elementor-element-6b5a103 elementor-widget-divider--view-line elementor-widget elementor-widget-divider\" data-id=\"6b5a103\" data-element_type=\"widget\" data-e-type=\"widget\" data-widget_type=\"divider.default\">\n\t\t\t\t<div class=\"elementor-widget-container\">\n\t\t\t\t\t\t\t<div class=\"elementor-divider\">\n\t\t\t<span class=\"elementor-divider-separator\">\n\t\t\t\t\t\t<\/span>\n\t\t<\/div>\n\t\t\t\t\t\t<\/div>\n\t\t\t\t<\/div>\n\t\t\t\t<div class=\"elementor-element elementor-element-40167c9 image_hover elementor-widget elementor-widget-image\" data-id=\"40167c9\" data-element_type=\"widget\" data-e-type=\"widget\" data-widget_type=\"image.default\">\n\t\t\t\t<div class=\"elementor-widget-container\">\n\t\t\t\t\t\t\t\t\t\t\t\t\t\t\t\t<a href=\"https:\/\/joanabastos.pt\/en\/galeria-producao-visual-de-moda-para-apresentacao-de-colecao-capsula\/\">\n\t\t\t\t\t\t\t<img decoding=\"async\" width=\"640\" height=\"358\" src=\"https:\/\/joanabastos.pt\/wp-content\/uploads\/2024\/12\/CAPA-1-1024x572.webp\" class=\"attachment-large size-large wp-image-19741\" alt=\"\" srcset=\"https:\/\/joanabastos.pt\/wp-content\/uploads\/2024\/12\/CAPA-1-1024x572.webp 1024w, https:\/\/joanabastos.pt\/wp-content\/uploads\/2024\/12\/CAPA-1-300x168.webp 300w, https:\/\/joanabastos.pt\/wp-content\/uploads\/2024\/12\/CAPA-1-768x429.webp 768w, https:\/\/joanabastos.pt\/wp-content\/uploads\/2024\/12\/CAPA-1.webp 1080w\" sizes=\"(max-width: 640px) 100vw, 640px\" \/>\t\t\t\t\t\t\t\t<\/a>\n\t\t\t\t\t\t\t\t\t\t\t\t\t\t\t<\/div>\n\t\t\t\t<\/div>\n\t\t\t\t<div class=\"elementor-element elementor-element-cb565fc elementor-widget elementor-widget-image-box\" data-id=\"cb565fc\" data-element_type=\"widget\" data-e-type=\"widget\" data-widget_type=\"image-box.default\">\n\t\t\t\t<div class=\"elementor-widget-container\">\n\t\t\t\t\t<div class=\"elementor-image-box-wrapper\"><div class=\"elementor-image-box-content\"><h4 class=\"elementor-image-box-title\"><a href=\"https:\/\/www.instagram.com\/p\/CuxHKn3qb-S\/\" target=\"_blank\" rel=\"noopener\">VISUAL CREATIVE PRODUCTION FOR FASHION SHOW<\/a><\/h4><p class=\"elementor-image-box-description\">April 2023<br>\nOporto<br><br>\nVisual production of creative makeup and hairstyles in a 'Girly' aesthetic, featuring \nromantic and delicate looks, at the private event for the capsule launch of the \nCRYSTAL collection by Sofia Coelho fashion designer.\n<\/p><\/div><\/div>\t\t\t\t<\/div>\n\t\t\t\t<\/div>\n\t\t\t\t<div class=\"elementor-element elementor-element-eb87d0c elementor-widget-divider--view-line elementor-widget elementor-widget-divider\" data-id=\"eb87d0c\" data-element_type=\"widget\" data-e-type=\"widget\" data-widget_type=\"divider.default\">\n\t\t\t\t<div class=\"elementor-widget-container\">\n\t\t\t\t\t\t\t<div class=\"elementor-divider\">\n\t\t\t<span class=\"elementor-divider-separator\">\n\t\t\t\t\t\t<\/span>\n\t\t<\/div>\n\t\t\t\t\t\t<\/div>\n\t\t\t\t<\/div>\n\t\t\t\t<div class=\"elementor-element elementor-element-9fcce17 elementor-position-top elementor-widget elementor-widget-image-box\" data-id=\"9fcce17\" data-element_type=\"widget\" data-e-type=\"widget\" data-widget_type=\"image-box.default\">\n\t\t\t\t<div class=\"elementor-widget-container\">\n\t\t\t\t\t<div class=\"elementor-image-box-wrapper\"><figure class=\"elementor-image-box-img\"><img loading=\"lazy\" decoding=\"async\" width=\"1061\" height=\"1061\" src=\"https:\/\/joanabastos.pt\/wp-content\/uploads\/2023\/01\/1-2.jpg\" class=\"attachment-full size-full wp-image-15280\" alt=\"\" srcset=\"https:\/\/joanabastos.pt\/wp-content\/uploads\/2023\/01\/1-2.jpg 1061w, https:\/\/joanabastos.pt\/wp-content\/uploads\/2023\/01\/1-2-300x300.jpg 300w, https:\/\/joanabastos.pt\/wp-content\/uploads\/2023\/01\/1-2-1024x1024.jpg 1024w, https:\/\/joanabastos.pt\/wp-content\/uploads\/2023\/01\/1-2-150x150.jpg 150w, https:\/\/joanabastos.pt\/wp-content\/uploads\/2023\/01\/1-2-768x768.jpg 768w, https:\/\/joanabastos.pt\/wp-content\/uploads\/2023\/01\/1-2-12x12.jpg 12w\" sizes=\"(max-width: 1061px) 100vw, 1061px\" \/><\/figure><div class=\"elementor-image-box-content\"><h4 class=\"elementor-image-box-title\">UK FASHION FILM FESTIVAL 2021<\/h4><p class=\"elementor-image-box-description\">November 2021<\/p><\/div><\/div>\t\t\t\t<\/div>\n\t\t\t\t<\/div>\n\t\t\t\t<div class=\"elementor-element elementor-element-1461f0c elementor-widget-divider--view-line elementor-widget elementor-widget-divider\" data-id=\"1461f0c\" data-element_type=\"widget\" data-e-type=\"widget\" data-widget_type=\"divider.default\">\n\t\t\t\t<div class=\"elementor-widget-container\">\n\t\t\t\t\t\t\t<div class=\"elementor-divider\">\n\t\t\t<span class=\"elementor-divider-separator\">\n\t\t\t\t\t\t<\/span>\n\t\t<\/div>\n\t\t\t\t\t\t<\/div>\n\t\t\t\t<\/div>\n\t\t\t\t<div class=\"elementor-element elementor-element-a2f2345 elementor-position-top elementor-widget elementor-widget-image-box\" data-id=\"a2f2345\" data-element_type=\"widget\" data-e-type=\"widget\" data-widget_type=\"image-box.default\">\n\t\t\t\t<div class=\"elementor-widget-container\">\n\t\t\t\t\t<div class=\"elementor-image-box-wrapper\"><figure class=\"elementor-image-box-img\"><img loading=\"lazy\" decoding=\"async\" width=\"899\" height=\"902\" src=\"https:\/\/joanabastos.pt\/wp-content\/uploads\/2022\/12\/Creative-Selfie-Editorial.jpg\" class=\"attachment-full size-full wp-image-15261\" alt=\"\" srcset=\"https:\/\/joanabastos.pt\/wp-content\/uploads\/2022\/12\/Creative-Selfie-Editorial.jpg 899w, https:\/\/joanabastos.pt\/wp-content\/uploads\/2022\/12\/Creative-Selfie-Editorial-300x300.jpg 300w, https:\/\/joanabastos.pt\/wp-content\/uploads\/2022\/12\/Creative-Selfie-Editorial-150x150.jpg 150w, https:\/\/joanabastos.pt\/wp-content\/uploads\/2022\/12\/Creative-Selfie-Editorial-768x771.jpg 768w, https:\/\/joanabastos.pt\/wp-content\/uploads\/2022\/12\/Creative-Selfie-Editorial-12x12.jpg 12w\" sizes=\"(max-width: 899px) 100vw, 899px\" \/><\/figure><div class=\"elementor-image-box-content\"><h4 class=\"elementor-image-box-title\">CREATIVE SELFIE EDITORIAL<\/h4><p class=\"elementor-image-box-description translation-block\">July 2020<br><br>\nOnline event on <b>How to create conceptual productions in selfie mode<\/b> - by Joana \nBastos in collaboration with Brooklyn Style Foundation and Brooklyn Fashion Week<\/p><\/div><\/div>\t\t\t\t<\/div>\n\t\t\t\t<\/div>\n\t\t\t\t<div class=\"elementor-element elementor-element-d806bed elementor-widget-divider--view-line elementor-widget elementor-widget-divider\" data-id=\"d806bed\" data-element_type=\"widget\" data-e-type=\"widget\" data-widget_type=\"divider.default\">\n\t\t\t\t<div class=\"elementor-widget-container\">\n\t\t\t\t\t\t\t<div class=\"elementor-divider\">\n\t\t\t<span class=\"elementor-divider-separator\">\n\t\t\t\t\t\t<\/span>\n\t\t<\/div>\n\t\t\t\t\t\t<\/div>\n\t\t\t\t<\/div>\n\t\t\t\t<div class=\"elementor-element elementor-element-87f011f image_hover elementor-widget elementor-widget-image\" data-id=\"87f011f\" data-element_type=\"widget\" data-e-type=\"widget\" data-widget_type=\"image.default\">\n\t\t\t\t<div class=\"elementor-widget-container\">\n\t\t\t\t\t\t\t\t\t\t\t\t\t\t\t\t<a href=\"https:\/\/joanabastos.pt\/en\/galeria-1\/\">\n\t\t\t\t\t\t\t<img loading=\"lazy\" decoding=\"async\" width=\"340\" height=\"509\" src=\"https:\/\/joanabastos.pt\/wp-content\/uploads\/2022\/05\/ea0d43837e97b21789ee66446b5f99d9.jpg\" class=\"attachment-large size-large wp-image-10828\" alt=\"\" srcset=\"https:\/\/joanabastos.pt\/wp-content\/uploads\/2022\/05\/ea0d43837e97b21789ee66446b5f99d9.jpg 340w, https:\/\/joanabastos.pt\/wp-content\/uploads\/2022\/05\/ea0d43837e97b21789ee66446b5f99d9-200x300.jpg 200w\" sizes=\"(max-width: 340px) 100vw, 340px\" \/>\t\t\t\t\t\t\t\t<\/a>\n\t\t\t\t\t\t\t\t\t\t\t\t\t\t\t<\/div>\n\t\t\t\t<\/div>\n\t\t\t\t<div class=\"elementor-element elementor-element-4ea81c8 elementor-widget elementor-widget-image-box\" data-id=\"4ea81c8\" data-element_type=\"widget\" data-e-type=\"widget\" data-widget_type=\"image-box.default\">\n\t\t\t\t<div class=\"elementor-widget-container\">\n\t\t\t\t\t<div class=\"elementor-image-box-wrapper\"><div class=\"elementor-image-box-content\"><h4 class=\"elementor-image-box-title\"><a href=\"https:\/\/joanabastos.pt\/en\/galeria-1\/\">QSP Summit 2019<\/a><\/h4><p class=\"elementor-image-box-description\">March 2019<br>\nOporto<br><br><\/p><\/div><\/div>\t\t\t\t<\/div>\n\t\t\t\t<\/div>\n\t\t\t\t<div class=\"elementor-element elementor-element-b747188 elementor-widget__width-inherit elementor-hidden-tablet elementor-widget elementor-widget-toggle\" data-id=\"b747188\" data-element_type=\"widget\" data-e-type=\"widget\" data-widget_type=\"toggle.default\">\n\t\t\t\t<div class=\"elementor-widget-container\">\n\t\t\t\t\t\t\t<div class=\"elementor-toggle\">\n\t\t\t\t\t\t\t<div class=\"elementor-toggle-item\">\n\t\t\t\t\t<h6 id=\"elementor-tab-title-1921\" class=\"elementor-tab-title\" data-tab=\"1\" role=\"button\" aria-controls=\"elementor-tab-content-1921\" aria-expanded=\"false\">\n\t\t\t\t\t\t\t\t\t\t\t\t<span class=\"elementor-toggle-icon elementor-toggle-icon-left\" aria-hidden=\"true\">\n\t\t\t\t\t\t\t\t\t\t\t\t\t\t\t<span class=\"elementor-toggle-icon-closed\"><i class=\"fas fa-chevron-down\"><\/i><\/span>\n\t\t\t\t\t\t\t\t<span class=\"elementor-toggle-icon-opened\"><i class=\"elementor-toggle-icon-opened fas fa-chevron-up\"><\/i><\/span>\n\t\t\t\t\t\t\t\t\t\t\t\t\t<\/span>\n\t\t\t\t\t\t\t\t\t\t\t\t<a class=\"elementor-toggle-title\" tabindex=\"0\">See More<\/a>\n\t\t\t\t\t<\/h6>\n\n\t\t\t\t\t<div id=\"elementor-tab-content-1921\" class=\"elementor-tab-content elementor-clearfix\" data-tab=\"1\" role=\"region\" aria-labelledby=\"elementor-tab-title-1921\"><p class=\"translation-block\">Brand activation for Exquisite Visual Productions at the QSP Summit marketing event, \nwith live performance of creative makeup and body art<\/p><\/div>\n\t\t\t\t<\/div>\n\t\t\t\t\t\t\t\t<\/div>\n\t\t\t\t\t\t<\/div>\n\t\t\t\t<\/div>\n\t\t\t\t<div class=\"elementor-element elementor-element-1101a9d elementor-widget-divider--view-line elementor-widget elementor-widget-divider\" data-id=\"1101a9d\" data-element_type=\"widget\" data-e-type=\"widget\" data-widget_type=\"divider.default\">\n\t\t\t\t<div class=\"elementor-widget-container\">\n\t\t\t\t\t\t\t<div class=\"elementor-divider\">\n\t\t\t<span class=\"elementor-divider-separator\">\n\t\t\t\t\t\t<\/span>\n\t\t<\/div>\n\t\t\t\t\t\t<\/div>\n\t\t\t\t<\/div>\n\t\t\t\t<div class=\"elementor-element elementor-element-632d698 image_hover elementor-widget elementor-widget-image\" data-id=\"632d698\" data-element_type=\"widget\" data-e-type=\"widget\" data-widget_type=\"image.default\">\n\t\t\t\t<div class=\"elementor-widget-container\">\n\t\t\t\t\t\t\t\t\t\t\t\t\t\t\t\t<a href=\"https:\/\/joanabastos.pt\/en\/galeria-2\/\">\n\t\t\t\t\t\t\t<img loading=\"lazy\" decoding=\"async\" width=\"340\" height=\"510\" src=\"https:\/\/joanabastos.pt\/wp-content\/uploads\/2022\/05\/a7ed1122e8d76605f5a1bb3ba254cc70.jpg\" class=\"attachment-large size-large wp-image-10391\" alt=\"\" srcset=\"https:\/\/joanabastos.pt\/wp-content\/uploads\/2022\/05\/a7ed1122e8d76605f5a1bb3ba254cc70.jpg 340w, https:\/\/joanabastos.pt\/wp-content\/uploads\/2022\/05\/a7ed1122e8d76605f5a1bb3ba254cc70-200x300.jpg 200w\" sizes=\"(max-width: 340px) 100vw, 340px\" \/>\t\t\t\t\t\t\t\t<\/a>\n\t\t\t\t\t\t\t\t\t\t\t\t\t\t\t<\/div>\n\t\t\t\t<\/div>\n\t\t\t\t<div class=\"elementor-element elementor-element-88799bf image_hover elementor-widget elementor-widget-image\" data-id=\"88799bf\" data-element_type=\"widget\" data-e-type=\"widget\" data-widget_type=\"image.default\">\n\t\t\t\t<div class=\"elementor-widget-container\">\n\t\t\t\t\t\t\t\t\t\t\t\t\t\t\t\t<a href=\"https:\/\/joanabastos.pt\/en\/galeria-2\/\">\n\t\t\t\t\t\t\t<img loading=\"lazy\" decoding=\"async\" width=\"340\" height=\"457\" src=\"https:\/\/joanabastos.pt\/wp-content\/uploads\/2022\/05\/38da59e2a198133ea51e984dab662e17.jpg\" class=\"attachment-large size-large wp-image-10341\" alt=\"\" srcset=\"https:\/\/joanabastos.pt\/wp-content\/uploads\/2022\/05\/38da59e2a198133ea51e984dab662e17.jpg 340w, https:\/\/joanabastos.pt\/wp-content\/uploads\/2022\/05\/38da59e2a198133ea51e984dab662e17-223x300.jpg 223w\" sizes=\"(max-width: 340px) 100vw, 340px\" \/>\t\t\t\t\t\t\t\t<\/a>\n\t\t\t\t\t\t\t\t\t\t\t\t\t\t\t<\/div>\n\t\t\t\t<\/div>\n\t\t\t\t<div class=\"elementor-element elementor-element-c0e5605 elementor-widget elementor-widget-image-box\" data-id=\"c0e5605\" data-element_type=\"widget\" data-e-type=\"widget\" data-widget_type=\"image-box.default\">\n\t\t\t\t<div class=\"elementor-widget-container\">\n\t\t\t\t\t<div class=\"elementor-image-box-wrapper\"><div class=\"elementor-image-box-content\"><h4 class=\"elementor-image-box-title\"><a href=\"https:\/\/joanabastos.pt\/en\/galeria-2\/\">IMATS 2018<\/a><\/h4><p class=\"elementor-image-box-description\">May 2018<br>\nLondon<br><br>\nBrand activation for Ash Cosmetics with live performance of creative makeup and \nbody art at IMATS professional fair.\n<\/p><\/div><\/div>\t\t\t\t<\/div>\n\t\t\t\t<\/div>\n\t\t\t\t<div class=\"elementor-element elementor-element-90f881b elementor-widget-divider--view-line elementor-widget elementor-widget-divider\" data-id=\"90f881b\" data-element_type=\"widget\" data-e-type=\"widget\" data-widget_type=\"divider.default\">\n\t\t\t\t<div class=\"elementor-widget-container\">\n\t\t\t\t\t\t\t<div class=\"elementor-divider\">\n\t\t\t<span class=\"elementor-divider-separator\">\n\t\t\t\t\t\t<\/span>\n\t\t<\/div>\n\t\t\t\t\t\t<\/div>\n\t\t\t\t<\/div>\n\t\t\t\t<div class=\"elementor-element elementor-element-e595536 image_hover elementor-widget elementor-widget-image\" data-id=\"e595536\" data-element_type=\"widget\" data-e-type=\"widget\" data-widget_type=\"image.default\">\n\t\t\t\t<div class=\"elementor-widget-container\">\n\t\t\t\t\t\t\t\t\t\t\t\t\t\t\t\t<a href=\"https:\/\/joanabastos.pt\/en\/galeria-6\/\">\n\t\t\t\t\t\t\t<img loading=\"lazy\" decoding=\"async\" width=\"340\" height=\"227\" src=\"https:\/\/joanabastos.pt\/wp-content\/uploads\/2022\/05\/3f94b4ed4a1288914110eb52bc8bc524.jpeg\" class=\"attachment-large size-large wp-image-10845\" alt=\"\" srcset=\"https:\/\/joanabastos.pt\/wp-content\/uploads\/2022\/05\/3f94b4ed4a1288914110eb52bc8bc524.jpeg 340w, https:\/\/joanabastos.pt\/wp-content\/uploads\/2022\/05\/3f94b4ed4a1288914110eb52bc8bc524-300x200.jpeg 300w\" sizes=\"(max-width: 340px) 100vw, 340px\" \/>\t\t\t\t\t\t\t\t<\/a>\n\t\t\t\t\t\t\t\t\t\t\t\t\t\t\t<\/div>\n\t\t\t\t<\/div>\n\t\t\t\t<div class=\"elementor-element elementor-element-857d93e elementor-widget elementor-widget-image-box\" data-id=\"857d93e\" data-element_type=\"widget\" data-e-type=\"widget\" data-widget_type=\"image-box.default\">\n\t\t\t\t<div class=\"elementor-widget-container\">\n\t\t\t\t\t<div class=\"elementor-image-box-wrapper\"><div class=\"elementor-image-box-content\"><h4 class=\"elementor-image-box-title\"><a href=\"https:\/\/joanabastos.pt\/en\/galeria-6\/\">United Make-up Artist Show 2017<\/a><\/h4><p class=\"elementor-image-box-description\"><b>Date<\/b>:April 2017<br>\n<b>Theme<\/b>: Flower Power &amp; Andr\u00f3geno<br>\n<b>Location<\/b>: London<br><br>\nLive Acting of bodypainting and special effects by Joana Bastos<br>\n\n1st day - Flower Power theme<br>\n\nmodel - Cristalynne Alcazar<br>\n\n2nd day - Androgen theme<br>\n\nmodel - Riccardo Tarocco<\/p><\/div><\/div>\t\t\t\t<\/div>\n\t\t\t\t<\/div>\n\t\t\t\t<div class=\"elementor-element elementor-element-7a3cd43 elementor-widget-divider--view-line elementor-widget elementor-widget-divider\" data-id=\"7a3cd43\" data-element_type=\"widget\" data-e-type=\"widget\" data-widget_type=\"divider.default\">\n\t\t\t\t<div class=\"elementor-widget-container\">\n\t\t\t\t\t\t\t<div class=\"elementor-divider\">\n\t\t\t<span class=\"elementor-divider-separator\">\n\t\t\t\t\t\t<\/span>\n\t\t<\/div>\n\t\t\t\t\t\t<\/div>\n\t\t\t\t<\/div>\n\t\t\t\t<div class=\"elementor-element elementor-element-554ae75 image_hover elementor-widget elementor-widget-image\" data-id=\"554ae75\" data-element_type=\"widget\" data-e-type=\"widget\" data-widget_type=\"image.default\">\n\t\t\t\t<div class=\"elementor-widget-container\">\n\t\t\t\t\t\t\t\t\t\t\t\t\t\t\t\t<a href=\"https:\/\/joanabastos.pt\/en\/galeria-7\/\">\n\t\t\t\t\t\t\t<img loading=\"lazy\" decoding=\"async\" width=\"340\" height=\"340\" src=\"https:\/\/joanabastos.pt\/wp-content\/uploads\/2022\/05\/e9fabe15ecdf731e7eb0d0306aac242a.jpg\" class=\"attachment-large size-large wp-image-10829\" alt=\"\" srcset=\"https:\/\/joanabastos.pt\/wp-content\/uploads\/2022\/05\/e9fabe15ecdf731e7eb0d0306aac242a.jpg 340w, https:\/\/joanabastos.pt\/wp-content\/uploads\/2022\/05\/e9fabe15ecdf731e7eb0d0306aac242a-300x300.jpg 300w, https:\/\/joanabastos.pt\/wp-content\/uploads\/2022\/05\/e9fabe15ecdf731e7eb0d0306aac242a-150x150.jpg 150w, https:\/\/joanabastos.pt\/wp-content\/uploads\/2022\/05\/e9fabe15ecdf731e7eb0d0306aac242a-100x100.jpg 100w\" sizes=\"(max-width: 340px) 100vw, 340px\" \/>\t\t\t\t\t\t\t\t<\/a>\n\t\t\t\t\t\t\t\t\t\t\t\t\t\t\t<\/div>\n\t\t\t\t<\/div>\n\t\t\t\t<div class=\"elementor-element elementor-element-2834b00 elementor-widget elementor-widget-image-box\" data-id=\"2834b00\" data-element_type=\"widget\" data-e-type=\"widget\" data-widget_type=\"image-box.default\">\n\t\t\t\t<div class=\"elementor-widget-container\">\n\t\t\t\t\t<div class=\"elementor-image-box-wrapper\"><div class=\"elementor-image-box-content\"><h4 class=\"elementor-image-box-title\"><a href=\"https:\/\/joanabastos.pt\/en\/galeria-7\/\">ENED 2016 - National Meeting of Design Students<\/a><\/h4><p class=\"elementor-image-box-description\">March 2016<br>\nCoimbra<br><br>\nBeauty makeup masterclass for fashion and photography, at the National Meeting of \nDesign Students.\n<\/p><\/div><\/div>\t\t\t\t<\/div>\n\t\t\t\t<\/div>\n\t\t\t\t<div class=\"elementor-element elementor-element-80510ff elementor-widget-divider--view-line elementor-widget elementor-widget-divider\" data-id=\"80510ff\" data-element_type=\"widget\" data-e-type=\"widget\" data-widget_type=\"divider.default\">\n\t\t\t\t<div class=\"elementor-widget-container\">\n\t\t\t\t\t\t\t<div class=\"elementor-divider\">\n\t\t\t<span class=\"elementor-divider-separator\">\n\t\t\t\t\t\t<\/span>\n\t\t<\/div>\n\t\t\t\t\t\t<\/div>\n\t\t\t\t<\/div>\n\t\t\t\t<div class=\"elementor-element elementor-element-09d0414 image_hover elementor-widget elementor-widget-image\" data-id=\"09d0414\" data-element_type=\"widget\" data-e-type=\"widget\" data-widget_type=\"image.default\">\n\t\t\t\t<div class=\"elementor-widget-container\">\n\t\t\t\t\t\t\t\t\t\t\t\t\t\t\t\t<a href=\"https:\/\/joanabastos.pt\/en\/galeria-10\/\">\n\t\t\t\t\t\t\t<img loading=\"lazy\" decoding=\"async\" width=\"340\" height=\"510\" src=\"https:\/\/joanabastos.pt\/wp-content\/uploads\/2022\/05\/1a798def79cdbfd1a397842827e9bc00.jpg\" class=\"attachment-large size-large wp-image-10841\" alt=\"\" srcset=\"https:\/\/joanabastos.pt\/wp-content\/uploads\/2022\/05\/1a798def79cdbfd1a397842827e9bc00.jpg 340w, https:\/\/joanabastos.pt\/wp-content\/uploads\/2022\/05\/1a798def79cdbfd1a397842827e9bc00-200x300.jpg 200w\" sizes=\"(max-width: 340px) 100vw, 340px\" \/>\t\t\t\t\t\t\t\t<\/a>\n\t\t\t\t\t\t\t\t\t\t\t\t\t\t\t<\/div>\n\t\t\t\t<\/div>\n\t\t\t\t<div class=\"elementor-element elementor-element-8091101 elementor-widget elementor-widget-image-box\" data-id=\"8091101\" data-element_type=\"widget\" data-e-type=\"widget\" data-widget_type=\"image-box.default\">\n\t\t\t\t<div class=\"elementor-widget-container\">\n\t\t\t\t\t<div class=\"elementor-image-box-wrapper\"><div class=\"elementor-image-box-content\"><h4 class=\"elementor-image-box-title\"><a href=\"https:\/\/joanabastos.pt\/en\/galeria-10\/\">The Lovers at the Winter Bodypainting Festival 2015<\/a><\/h4><p class=\"elementor-image-box-description\"><b>Date<\/b>:January 2015<br>\n<b>Theme<\/b>: Myths and Legends<br>\n<b>Creation<\/b>: The Lovers, Romeo and Juliet<br>\n<b>Category<\/b>: SFX of bodypainting<br>\n<b>Location<\/b>: Verona, Italy<br><br>\n5th Place at the Winter Bodypainting Festival, Verona 2015\n<\/p><\/div><\/div>\t\t\t\t<\/div>\n\t\t\t\t<\/div>\n\t\t\t\t<div class=\"elementor-element elementor-element-3a72b36 elementor-widget-divider--view-line elementor-widget elementor-widget-divider\" data-id=\"3a72b36\" data-element_type=\"widget\" data-e-type=\"widget\" data-widget_type=\"divider.default\">\n\t\t\t\t<div class=\"elementor-widget-container\">\n\t\t\t\t\t\t\t<div class=\"elementor-divider\">\n\t\t\t<span class=\"elementor-divider-separator\">\n\t\t\t\t\t\t<\/span>\n\t\t<\/div>\n\t\t\t\t\t\t<\/div>\n\t\t\t\t<\/div>\n\t\t\t\t<div class=\"elementor-element elementor-element-b73f81b image_hover elementor-widget elementor-widget-image\" data-id=\"b73f81b\" data-element_type=\"widget\" data-e-type=\"widget\" data-widget_type=\"image.default\">\n\t\t\t\t<div class=\"elementor-widget-container\">\n\t\t\t\t\t\t\t\t\t\t\t\t\t\t\t\t<a href=\"https:\/\/joanabastos.pt\/en\/galeria-15\/\">\n\t\t\t\t\t\t\t<img loading=\"lazy\" decoding=\"async\" width=\"340\" height=\"510\" src=\"https:\/\/joanabastos.pt\/wp-content\/uploads\/2022\/05\/cb9fcdbf991f9ad690e78bf171d14e4f-1.jpg\" class=\"attachment-large size-large wp-image-11264\" alt=\"\" srcset=\"https:\/\/joanabastos.pt\/wp-content\/uploads\/2022\/05\/cb9fcdbf991f9ad690e78bf171d14e4f-1.jpg 340w, https:\/\/joanabastos.pt\/wp-content\/uploads\/2022\/05\/cb9fcdbf991f9ad690e78bf171d14e4f-1-200x300.jpg 200w\" sizes=\"(max-width: 340px) 100vw, 340px\" \/>\t\t\t\t\t\t\t\t<\/a>\n\t\t\t\t\t\t\t\t\t\t\t\t\t\t\t<\/div>\n\t\t\t\t<\/div>\n\t\t\t\t<div class=\"elementor-element elementor-element-82bed67 elementor-position-top elementor-widget elementor-widget-image-box\" data-id=\"82bed67\" data-element_type=\"widget\" data-e-type=\"widget\" data-widget_type=\"image-box.default\">\n\t\t\t\t<div class=\"elementor-widget-container\">\n\t\t\t\t\t<div class=\"elementor-image-box-wrapper\"><figure class=\"elementor-image-box-img\"><img loading=\"lazy\" decoding=\"async\" width=\"720\" height=\"1080\" src=\"https:\/\/joanabastos.pt\/wp-content\/uploads\/2025\/01\/24B-sessao-moda-S.-Diego-2014.webp\" class=\"attachment-full size-full wp-image-19911\" alt=\"\" srcset=\"https:\/\/joanabastos.pt\/wp-content\/uploads\/2025\/01\/24B-sessao-moda-S.-Diego-2014.webp 720w, https:\/\/joanabastos.pt\/wp-content\/uploads\/2025\/01\/24B-sessao-moda-S.-Diego-2014-200x300.webp 200w, https:\/\/joanabastos.pt\/wp-content\/uploads\/2025\/01\/24B-sessao-moda-S.-Diego-2014-683x1024.webp 683w\" sizes=\"(max-width: 720px) 100vw, 720px\" \/><\/figure><div class=\"elementor-image-box-content\"><h4 class=\"elementor-image-box-title\">CREATIVE FASHION EDITORIAL FOR DARK BEAUTY MAGAZINE ONLINE<\/h4><p class=\"elementor-image-box-description\">March 2015<br>\n<b>Location<\/b>: San Diego, California<br><br>\nPhotography: Shawn Michael<br>\nMakeup, bodypainting, styling: Joana Bastos<br>\nMuse: Brooke Evangeline\n<\/p><\/div><\/div>\t\t\t\t<\/div>\n\t\t\t\t<\/div>\n\t\t\t\t<div class=\"elementor-element elementor-element-1c3eb94 elementor-widget-divider--view-line elementor-widget elementor-widget-divider\" data-id=\"1c3eb94\" data-element_type=\"widget\" data-e-type=\"widget\" data-widget_type=\"divider.default\">\n\t\t\t\t<div class=\"elementor-widget-container\">\n\t\t\t\t\t\t\t<div class=\"elementor-divider\">\n\t\t\t<span class=\"elementor-divider-separator\">\n\t\t\t\t\t\t<\/span>\n\t\t<\/div>\n\t\t\t\t\t\t<\/div>\n\t\t\t\t<\/div>\n\t\t\t\t<div class=\"elementor-element elementor-element-cc2cc0a image_hover elementor-widget elementor-widget-image\" data-id=\"cc2cc0a\" data-element_type=\"widget\" data-e-type=\"widget\" data-widget_type=\"image.default\">\n\t\t\t\t<div class=\"elementor-widget-container\">\n\t\t\t\t\t\t\t\t\t\t\t\t\t\t\t\t<a href=\"https:\/\/joanabastos.pt\/en\/galeria-13\/\">\n\t\t\t\t\t\t\t<img loading=\"lazy\" decoding=\"async\" width=\"340\" height=\"487\" src=\"https:\/\/joanabastos.pt\/wp-content\/uploads\/2022\/05\/a4f7555bad649cbe515b2f7c5d8b95c0.jpg\" class=\"attachment-large size-large wp-image-10390\" alt=\"\" srcset=\"https:\/\/joanabastos.pt\/wp-content\/uploads\/2022\/05\/a4f7555bad649cbe515b2f7c5d8b95c0.jpg 340w, https:\/\/joanabastos.pt\/wp-content\/uploads\/2022\/05\/a4f7555bad649cbe515b2f7c5d8b95c0-209x300.jpg 209w\" sizes=\"(max-width: 340px) 100vw, 340px\" \/>\t\t\t\t\t\t\t\t<\/a>\n\t\t\t\t\t\t\t\t\t\t\t\t\t\t\t<\/div>\n\t\t\t\t<\/div>\n\t\t\t\t<div class=\"elementor-element elementor-element-87b25ca elementor-widget elementor-widget-image-box\" data-id=\"87b25ca\" data-element_type=\"widget\" data-e-type=\"widget\" data-widget_type=\"image-box.default\">\n\t\t\t\t<div class=\"elementor-widget-container\">\n\t\t\t\t\t<div class=\"elementor-image-box-wrapper\"><div class=\"elementor-image-box-content\"><h4 class=\"elementor-image-box-title\"><a href=\"https:\/\/joanabastos.pt\/en\/galeria-13\/\">1st Prize at Beauty Forum Zurich 2013<\/a><\/h4><p class=\"elementor-image-box-description\"><b>Date<\/b>: March 2013<br>\n<b>Theme<\/b>: The fascination of the 7 wonders of the world<br>\n<b>Creation<\/b>: White Queen of Taj Mahal<br>\n<b>Category<\/b>: Special Effects of face<br>\n<b>Location<\/b>: Zurich, Switzerland<\/p><\/div><\/div>\t\t\t\t<\/div>\n\t\t\t\t<\/div>\n\t\t\t\t<div class=\"elementor-element elementor-element-376aa6f elementor-widget__width-inherit elementor-hidden-tablet elementor-widget elementor-widget-toggle\" data-id=\"376aa6f\" data-element_type=\"widget\" data-e-type=\"widget\" data-widget_type=\"toggle.default\">\n\t\t\t\t<div class=\"elementor-widget-container\">\n\t\t\t\t\t\t\t<div class=\"elementor-toggle\">\n\t\t\t\t\t\t\t<div class=\"elementor-toggle-item\">\n\t\t\t\t\t<h6 id=\"elementor-tab-title-5811\" class=\"elementor-tab-title\" data-tab=\"1\" role=\"button\" aria-controls=\"elementor-tab-content-5811\" aria-expanded=\"false\">\n\t\t\t\t\t\t\t\t\t\t\t\t<span class=\"elementor-toggle-icon elementor-toggle-icon-left\" aria-hidden=\"true\">\n\t\t\t\t\t\t\t\t\t\t\t\t\t\t\t<span class=\"elementor-toggle-icon-closed\"><i class=\"fas fa-chevron-down\"><\/i><\/span>\n\t\t\t\t\t\t\t\t<span class=\"elementor-toggle-icon-opened\"><i class=\"elementor-toggle-icon-opened fas fa-chevron-up\"><\/i><\/span>\n\t\t\t\t\t\t\t\t\t\t\t\t\t<\/span>\n\t\t\t\t\t\t\t\t\t\t\t\t<a class=\"elementor-toggle-title\" tabindex=\"0\">See More<\/a>\n\t\t\t\t\t<\/h6>\n\n\t\t\t\t\t<div id=\"elementor-tab-content-5811\" class=\"elementor-tab-content elementor-clearfix\" data-tab=\"1\" role=\"region\" aria-labelledby=\"elementor-tab-title-5811\"><p>Inspiration in wonder Taj Mahal Palace. This was built by Mughal emperor Shah Jahan in memory of his third wife, Mumtaz Mahal. The Taj Mahal is widely recognized as \"the jewel of Muslim art in India and one of the admired masterpieces of the world heritage.\" In 1631, Shah Jahan, emperor during the Mughal empire's period of greatest prosperity, was widowed when his third wife, Mumtaz Mahal, died during the birth of her 14th child, Gauhara Begum. The construction of the Taj Mahal began in 1632. The court chronicles of Shah Jahan's grief illustrate the love story traditionally known as an inspiration to build the Taj Mahal. Therefore, inspired me in white marble and precious stones and semi-precious this monument. The beauty of the exterior decorations of the Taj Mahal are among the best of Mughal architecture.<br><span style=\"color: var(--edubin-content-color); letter-spacing: 0px;\">The decorative elements were created through painting, stucco, stone and sculptures. Also there calligraphy, abstract forms and vegetative motifs.&nbsp;<\/span><span style=\"color: var(--edubin-content-color); letter-spacing: 0px;\">Bringing together all these elements, I created the White Queen, the beauty, harmony and love about the history of this palace.<\/span><\/p><\/div>\n\t\t\t\t<\/div>\n\t\t\t\t\t\t\t\t<\/div>\n\t\t\t\t\t\t<\/div>\n\t\t\t\t<\/div>\n\t\t\t\t<div class=\"elementor-element elementor-element-12ea294 elementor-widget-divider--view-line elementor-widget elementor-widget-divider\" data-id=\"12ea294\" data-element_type=\"widget\" data-e-type=\"widget\" data-widget_type=\"divider.default\">\n\t\t\t\t<div class=\"elementor-widget-container\">\n\t\t\t\t\t\t\t<div class=\"elementor-divider\">\n\t\t\t<span class=\"elementor-divider-separator\">\n\t\t\t\t\t\t<\/span>\n\t\t<\/div>\n\t\t\t\t\t\t<\/div>\n\t\t\t\t<\/div>\n\t\t\t\t<div class=\"elementor-element elementor-element-155a126 image_hover elementor-widget elementor-widget-image\" data-id=\"155a126\" data-element_type=\"widget\" data-e-type=\"widget\" data-widget_type=\"image.default\">\n\t\t\t\t<div class=\"elementor-widget-container\">\n\t\t\t\t\t\t\t\t\t\t\t\t\t\t\t\t<a href=\"https:\/\/joanabastos.pt\/en\/galeria-16\/\">\n\t\t\t\t\t\t\t<img loading=\"lazy\" decoding=\"async\" width=\"340\" height=\"510\" src=\"https:\/\/joanabastos.pt\/wp-content\/uploads\/2022\/05\/a6caa0c21bcd72504c378dbdb247d232.jpg\" class=\"attachment-large size-large wp-image-10906\" alt=\"\" srcset=\"https:\/\/joanabastos.pt\/wp-content\/uploads\/2022\/05\/a6caa0c21bcd72504c378dbdb247d232.jpg 340w, https:\/\/joanabastos.pt\/wp-content\/uploads\/2022\/05\/a6caa0c21bcd72504c378dbdb247d232-200x300.jpg 200w\" sizes=\"(max-width: 340px) 100vw, 340px\" \/>\t\t\t\t\t\t\t\t<\/a>\n\t\t\t\t\t\t\t\t\t\t\t\t\t\t\t<\/div>\n\t\t\t\t<\/div>\n\t\t\t\t<div class=\"elementor-element elementor-element-7b7d00f elementor-widget elementor-widget-image-box\" data-id=\"7b7d00f\" data-element_type=\"widget\" data-e-type=\"widget\" data-widget_type=\"image-box.default\">\n\t\t\t\t<div class=\"elementor-widget-container\">\n\t\t\t\t\t<div class=\"elementor-image-box-wrapper\"><div class=\"elementor-image-box-content\"><h4 class=\"elementor-image-box-title\"><a href=\"https:\/\/joanabastos.pt\/en\/galeria-16\/\">EXHIBITION OF THE JOANA BASTOS' ART<\/a><\/h4><p class=\"elementor-image-box-description translation-block\">September 2012 <br>\nBau\u0301 D'artes, Oporto <br><br>\nExhibition of fantasy and creative fashion costumes and bodyart, created by Joana \nBastos, with bodyart live performance.<\/p><\/div><\/div>\t\t\t\t<\/div>\n\t\t\t\t<\/div>\n\t\t\t\t\t<\/div>\n\t\t<\/div>\n\t\t\t\t<div class=\"elementor-column elementor-col-33 elementor-top-column elementor-element elementor-element-8bb517c\" data-id=\"8bb517c\" data-element_type=\"column\" data-e-type=\"column\">\n\t\t\t<div class=\"elementor-widget-wrap elementor-element-populated\">\n\t\t\t\t\t\t<div class=\"elementor-element elementor-element-95761ac elementor-position-top elementor-widget elementor-widget-image-box\" data-id=\"95761ac\" data-element_type=\"widget\" data-e-type=\"widget\" data-widget_type=\"image-box.default\">\n\t\t\t\t<div class=\"elementor-widget-container\">\n\t\t\t\t\t<div class=\"elementor-image-box-wrapper\"><figure class=\"elementor-image-box-img\"><img loading=\"lazy\" decoding=\"async\" width=\"1491\" height=\"1865\" src=\"https:\/\/joanabastos.pt\/wp-content\/uploads\/2024\/12\/2A-Capa-Melhor-figurino-Croacia.webp\" class=\"attachment-full size-full wp-image-19719\" alt=\"\" srcset=\"https:\/\/joanabastos.pt\/wp-content\/uploads\/2024\/12\/2A-Capa-Melhor-figurino-Croacia.webp 1491w, https:\/\/joanabastos.pt\/wp-content\/uploads\/2024\/12\/2A-Capa-Melhor-figurino-Croacia-240x300.webp 240w, https:\/\/joanabastos.pt\/wp-content\/uploads\/2024\/12\/2A-Capa-Melhor-figurino-Croacia-819x1024.webp 819w, https:\/\/joanabastos.pt\/wp-content\/uploads\/2024\/12\/2A-Capa-Melhor-figurino-Croacia-768x961.webp 768w, https:\/\/joanabastos.pt\/wp-content\/uploads\/2024\/12\/2A-Capa-Melhor-figurino-Croacia-1228x1536.webp 1228w\" sizes=\"(max-width: 1491px) 100vw, 1491px\" \/><\/figure><div class=\"elementor-image-box-content\"><h4 class=\"elementor-image-box-title\">CROATIA FASHION FILM<\/h4><p class=\"elementor-image-box-description\">October 2024<br>\nCroatia<br><br>\nThe EarlyBird, The true story fashion film, directed, written, produced and performed by \nJoana Bastos, is the award-winner of the Best Costume Design category at the \n<b>Croatia Fashion Film festival.<\/b>\n<\/p><\/div><\/div>\t\t\t\t<\/div>\n\t\t\t\t<\/div>\n\t\t\t\t<div class=\"elementor-element elementor-element-f01cd7d elementor-widget-divider--view-line elementor-widget elementor-widget-divider\" data-id=\"f01cd7d\" data-element_type=\"widget\" data-e-type=\"widget\" data-widget_type=\"divider.default\">\n\t\t\t\t<div class=\"elementor-widget-container\">\n\t\t\t\t\t\t\t<div class=\"elementor-divider\">\n\t\t\t<span class=\"elementor-divider-separator\">\n\t\t\t\t\t\t<\/span>\n\t\t<\/div>\n\t\t\t\t\t\t<\/div>\n\t\t\t\t<\/div>\n\t\t\t\t<div class=\"elementor-element elementor-element-330a62a image_hover elementor-widget elementor-widget-image\" data-id=\"330a62a\" data-element_type=\"widget\" data-e-type=\"widget\" data-widget_type=\"image.default\">\n\t\t\t\t<div class=\"elementor-widget-container\">\n\t\t\t\t\t\t\t\t\t\t\t\t\t\t\t\t<a href=\"https:\/\/joanabastos.pt\/en\/galeria-exposicao-de-fotografia-eu-sou-arte-em-medina-art-gallery\/\">\n\t\t\t\t\t\t\t<img loading=\"lazy\" decoding=\"async\" width=\"586\" height=\"1024\" src=\"https:\/\/joanabastos.pt\/wp-content\/uploads\/2024\/12\/1-Capa-586x1024.webp\" class=\"attachment-large size-large wp-image-19725\" alt=\"\" srcset=\"https:\/\/joanabastos.pt\/wp-content\/uploads\/2024\/12\/1-Capa-586x1024.webp 586w, https:\/\/joanabastos.pt\/wp-content\/uploads\/2024\/12\/1-Capa-172x300.webp 172w, https:\/\/joanabastos.pt\/wp-content\/uploads\/2024\/12\/1-Capa-768x1341.webp 768w, https:\/\/joanabastos.pt\/wp-content\/uploads\/2024\/12\/1-Capa-880x1536.webp 880w, https:\/\/joanabastos.pt\/wp-content\/uploads\/2024\/12\/1-Capa-1173x2048.webp 1173w, https:\/\/joanabastos.pt\/wp-content\/uploads\/2024\/12\/1-Capa-scaled.webp 1466w\" sizes=\"(max-width: 586px) 100vw, 586px\" \/>\t\t\t\t\t\t\t\t<\/a>\n\t\t\t\t\t\t\t\t\t\t\t\t\t\t\t<\/div>\n\t\t\t\t<\/div>\n\t\t\t\t<div class=\"elementor-element elementor-element-1d5f2db elementor-widget elementor-widget-image-box\" data-id=\"1d5f2db\" data-element_type=\"widget\" data-e-type=\"widget\" data-widget_type=\"image-box.default\">\n\t\t\t\t<div class=\"elementor-widget-container\">\n\t\t\t\t\t<div class=\"elementor-image-box-wrapper\"><div class=\"elementor-image-box-content\"><h4 class=\"elementor-image-box-title\"><a href=\"https:\/\/joanabastos.pt\/en\/galeria-exposicao-de-fotografia-eu-sou-arte-em-medina-art-gallery\/\">PHOTOGRAPHY EXHIBITION \u201cI AM ART\u201d\nAT MEDINA ART GALLERY<\/a><\/h4><p class=\"elementor-image-box-description\">August 2024<br>\nRome<br><br>\nExhibition of the 1st edition of the photographic results of 'I Am Art: The expression of \nmy creative essence\u201d experience by Joana Bastos at the Medina art gallery in Rome, \ncurated by Its Liquid Group.<\/p><\/div><\/div>\t\t\t\t<\/div>\n\t\t\t\t<\/div>\n\t\t\t\t<div class=\"elementor-element elementor-element-62f4d69 elementor-widget-divider--view-line elementor-widget elementor-widget-divider\" data-id=\"62f4d69\" data-element_type=\"widget\" data-e-type=\"widget\" data-widget_type=\"divider.default\">\n\t\t\t\t<div class=\"elementor-widget-container\">\n\t\t\t\t\t\t\t<div class=\"elementor-divider\">\n\t\t\t<span class=\"elementor-divider-separator\">\n\t\t\t\t\t\t<\/span>\n\t\t<\/div>\n\t\t\t\t\t\t<\/div>\n\t\t\t\t<\/div>\n\t\t\t\t<div class=\"elementor-element elementor-element-84da13f elementor-position-top elementor-widget elementor-widget-image-box\" data-id=\"84da13f\" data-element_type=\"widget\" data-e-type=\"widget\" data-widget_type=\"image-box.default\">\n\t\t\t\t<div class=\"elementor-widget-container\">\n\t\t\t\t\t<div class=\"elementor-image-box-wrapper\"><figure class=\"elementor-image-box-img\"><img loading=\"lazy\" decoding=\"async\" width=\"1080\" height=\"1224\" src=\"https:\/\/joanabastos.pt\/wp-content\/uploads\/2024\/12\/8A-capa-Juri-em-Sarajevo-2023.webp\" class=\"attachment-full size-full wp-image-19734\" alt=\"\" srcset=\"https:\/\/joanabastos.pt\/wp-content\/uploads\/2024\/12\/8A-capa-Juri-em-Sarajevo-2023.webp 1080w, https:\/\/joanabastos.pt\/wp-content\/uploads\/2024\/12\/8A-capa-Juri-em-Sarajevo-2023-265x300.webp 265w, https:\/\/joanabastos.pt\/wp-content\/uploads\/2024\/12\/8A-capa-Juri-em-Sarajevo-2023-904x1024.webp 904w, https:\/\/joanabastos.pt\/wp-content\/uploads\/2024\/12\/8A-capa-Juri-em-Sarajevo-2023-768x870.webp 768w\" sizes=\"(max-width: 1080px) 100vw, 1080px\" \/><\/figure><div class=\"elementor-image-box-content\"><h4 class=\"elementor-image-box-title\">SARAJEVO FASHION FILM FESTIVAL 2023<\/h4><p class=\"elementor-image-box-description\">December 2023<br>\nSarajevo<br><br>\n<\/p><\/div><\/div>\t\t\t\t<\/div>\n\t\t\t\t<\/div>\n\t\t\t\t<div class=\"elementor-element elementor-element-11467be elementor-widget-divider--view-line elementor-widget elementor-widget-divider\" data-id=\"11467be\" data-element_type=\"widget\" data-e-type=\"widget\" data-widget_type=\"divider.default\">\n\t\t\t\t<div class=\"elementor-widget-container\">\n\t\t\t\t\t\t\t<div class=\"elementor-divider\">\n\t\t\t<span class=\"elementor-divider-separator\">\n\t\t\t\t\t\t<\/span>\n\t\t<\/div>\n\t\t\t\t\t\t<\/div>\n\t\t\t\t<\/div>\n\t\t\t\t<div class=\"elementor-element elementor-element-58a8439 elementor-position-top elementor-widget elementor-widget-image-box\" data-id=\"58a8439\" data-element_type=\"widget\" data-e-type=\"widget\" data-widget_type=\"image-box.default\">\n\t\t\t\t<div class=\"elementor-widget-container\">\n\t\t\t\t\t<div class=\"elementor-image-box-wrapper\"><figure class=\"elementor-image-box-img\"><img loading=\"lazy\" decoding=\"async\" width=\"1080\" height=\"1080\" src=\"https:\/\/joanabastos.pt\/wp-content\/uploads\/2023\/01\/1-1.jpg\" class=\"attachment-full size-full wp-image-15273\" alt=\"\" srcset=\"https:\/\/joanabastos.pt\/wp-content\/uploads\/2023\/01\/1-1.jpg 1080w, https:\/\/joanabastos.pt\/wp-content\/uploads\/2023\/01\/1-1-300x300.jpg 300w, https:\/\/joanabastos.pt\/wp-content\/uploads\/2023\/01\/1-1-1024x1024.jpg 1024w, https:\/\/joanabastos.pt\/wp-content\/uploads\/2023\/01\/1-1-150x150.jpg 150w, https:\/\/joanabastos.pt\/wp-content\/uploads\/2023\/01\/1-1-768x768.jpg 768w, https:\/\/joanabastos.pt\/wp-content\/uploads\/2023\/01\/1-1-12x12.jpg 12w\" sizes=\"(max-width: 1080px) 100vw, 1080px\" \/><\/figure><div class=\"elementor-image-box-content\"><h4 class=\"elementor-image-box-title\">LONDON FASHION FILM FESTIVAL 2022<\/h4><p class=\"elementor-image-box-description\">September 2022<\/p><\/div><\/div>\t\t\t\t<\/div>\n\t\t\t\t<\/div>\n\t\t\t\t<div class=\"elementor-element elementor-element-f6a51d7 elementor-widget-divider--view-line elementor-widget elementor-widget-divider\" data-id=\"f6a51d7\" data-element_type=\"widget\" data-e-type=\"widget\" data-widget_type=\"divider.default\">\n\t\t\t\t<div class=\"elementor-widget-container\">\n\t\t\t\t\t\t\t<div class=\"elementor-divider\">\n\t\t\t<span class=\"elementor-divider-separator\">\n\t\t\t\t\t\t<\/span>\n\t\t<\/div>\n\t\t\t\t\t\t<\/div>\n\t\t\t\t<\/div>\n\t\t\t\t<div class=\"elementor-element elementor-element-3de87d2 elementor-position-top elementor-widget elementor-widget-image-box\" data-id=\"3de87d2\" data-element_type=\"widget\" data-e-type=\"widget\" data-widget_type=\"image-box.default\">\n\t\t\t\t<div class=\"elementor-widget-container\">\n\t\t\t\t\t<div class=\"elementor-image-box-wrapper\"><figure class=\"elementor-image-box-img\"><img loading=\"lazy\" decoding=\"async\" width=\"1079\" height=\"1077\" src=\"https:\/\/joanabastos.pt\/wp-content\/uploads\/2023\/01\/1.jpg\" class=\"attachment-full size-full wp-image-15265\" alt=\"\" srcset=\"https:\/\/joanabastos.pt\/wp-content\/uploads\/2023\/01\/1.jpg 1079w, https:\/\/joanabastos.pt\/wp-content\/uploads\/2023\/01\/1-300x300.jpg 300w, https:\/\/joanabastos.pt\/wp-content\/uploads\/2023\/01\/1-1024x1022.jpg 1024w, https:\/\/joanabastos.pt\/wp-content\/uploads\/2023\/01\/1-150x150.jpg 150w, https:\/\/joanabastos.pt\/wp-content\/uploads\/2023\/01\/1-768x767.jpg 768w, https:\/\/joanabastos.pt\/wp-content\/uploads\/2023\/01\/1-12x12.jpg 12w\" sizes=\"(max-width: 1079px) 100vw, 1079px\" \/><\/figure><div class=\"elementor-image-box-content\"><h4 class=\"elementor-image-box-title\">LONDON FASHION FILM FESTIVAL 2021<\/h4><p class=\"elementor-image-box-description\">September 2021<\/p><\/div><\/div>\t\t\t\t<\/div>\n\t\t\t\t<\/div>\n\t\t\t\t<div class=\"elementor-element elementor-element-7c6b436 elementor-widget-divider--view-line elementor-widget elementor-widget-divider\" data-id=\"7c6b436\" data-element_type=\"widget\" data-e-type=\"widget\" data-widget_type=\"divider.default\">\n\t\t\t\t<div class=\"elementor-widget-container\">\n\t\t\t\t\t\t\t<div class=\"elementor-divider\">\n\t\t\t<span class=\"elementor-divider-separator\">\n\t\t\t\t\t\t<\/span>\n\t\t<\/div>\n\t\t\t\t\t\t<\/div>\n\t\t\t\t<\/div>\n\t\t\t\t<div class=\"elementor-element elementor-element-ede9615 image_hover elementor-widget elementor-widget-image\" data-id=\"ede9615\" data-element_type=\"widget\" data-e-type=\"widget\" data-widget_type=\"image.default\">\n\t\t\t\t<div class=\"elementor-widget-container\">\n\t\t\t\t\t\t\t\t\t\t\t\t\t\t\t\t<a href=\"https:\/\/joanabastos.pt\/en\/galeria-19\/\">\n\t\t\t\t\t\t\t<img loading=\"lazy\" decoding=\"async\" width=\"640\" height=\"960\" src=\"https:\/\/joanabastos.pt\/wp-content\/uploads\/2023\/01\/1-Cazimi-683x1024.jpg\" class=\"attachment-large size-large wp-image-15332\" alt=\"\" srcset=\"https:\/\/joanabastos.pt\/wp-content\/uploads\/2023\/01\/1-Cazimi-683x1024.jpg 683w, https:\/\/joanabastos.pt\/wp-content\/uploads\/2023\/01\/1-Cazimi-200x300.jpg 200w, https:\/\/joanabastos.pt\/wp-content\/uploads\/2023\/01\/1-Cazimi-768x1151.jpg 768w, https:\/\/joanabastos.pt\/wp-content\/uploads\/2023\/01\/1-Cazimi-1025x1536.jpg 1025w, https:\/\/joanabastos.pt\/wp-content\/uploads\/2023\/01\/1-Cazimi-1366x2048.jpg 1366w, https:\/\/joanabastos.pt\/wp-content\/uploads\/2023\/01\/1-Cazimi-8x12.jpg 8w, https:\/\/joanabastos.pt\/wp-content\/uploads\/2023\/01\/1-Cazimi.jpg 1668w\" sizes=\"(max-width: 640px) 100vw, 640px\" \/>\t\t\t\t\t\t\t\t<\/a>\n\t\t\t\t\t\t\t\t\t\t\t\t\t\t\t<\/div>\n\t\t\t\t<\/div>\n\t\t\t\t<div class=\"elementor-element elementor-element-d01acc8 elementor-widget elementor-widget-image-box\" data-id=\"d01acc8\" data-element_type=\"widget\" data-e-type=\"widget\" data-widget_type=\"image-box.default\">\n\t\t\t\t<div class=\"elementor-widget-container\">\n\t\t\t\t\t<div class=\"elementor-image-box-wrapper\"><div class=\"elementor-image-box-content\"><h4 class=\"elementor-image-box-title translation-block\">EXHIBITION AT THE SEE.ME\u2019S ART TAKES HARMORY 2020 \u2013 \u201cS\/HE PERSISTED\u201d<\/h4><p class=\"elementor-image-box-description\">March 2020<br>New York<br><br><\/p><\/div><\/div>\t\t\t\t<\/div>\n\t\t\t\t<\/div>\n\t\t\t\t<div class=\"elementor-element elementor-element-799c368 elementor-widget__width-inherit elementor-hidden-tablet elementor-widget elementor-widget-toggle\" data-id=\"799c368\" data-element_type=\"widget\" data-e-type=\"widget\" data-widget_type=\"toggle.default\">\n\t\t\t\t<div class=\"elementor-widget-container\">\n\t\t\t\t\t\t\t<div class=\"elementor-toggle\">\n\t\t\t\t\t\t\t<div class=\"elementor-toggle-item\">\n\t\t\t\t\t<h6 id=\"elementor-tab-title-1271\" class=\"elementor-tab-title\" data-tab=\"1\" role=\"button\" aria-controls=\"elementor-tab-content-1271\" aria-expanded=\"false\">\n\t\t\t\t\t\t\t\t\t\t\t\t<span class=\"elementor-toggle-icon elementor-toggle-icon-left\" aria-hidden=\"true\">\n\t\t\t\t\t\t\t\t\t\t\t\t\t\t\t<span class=\"elementor-toggle-icon-closed\"><i class=\"fas fa-chevron-down\"><\/i><\/span>\n\t\t\t\t\t\t\t\t<span class=\"elementor-toggle-icon-opened\"><i class=\"elementor-toggle-icon-opened fas fa-chevron-up\"><\/i><\/span>\n\t\t\t\t\t\t\t\t\t\t\t\t\t<\/span>\n\t\t\t\t\t\t\t\t\t\t\t\t<a class=\"elementor-toggle-title\" tabindex=\"0\">See More<\/a>\n\t\t\t\t\t<\/h6>\n\n\t\t\t\t\t<div id=\"elementor-tab-content-1271\" class=\"elementor-tab-content elementor-clearfix\" data-tab=\"1\" role=\"region\" aria-labelledby=\"elementor-tab-title-1271\"><p>My inspiration for this collection was about the diversity of women's moods, relating astrology and conceptual photography.<br \/>While I was creating these handmade glasses\/masks prototypes of the \"Future Glam\" collection, I realized my different moods as I was developing them, always keeping in mind the glamour and sophistication.<br \/>This is a production made together with my friend and photographer Pedro Lopes.<\/p><\/div>\n\t\t\t\t<\/div>\n\t\t\t\t\t\t\t\t<\/div>\n\t\t\t\t\t\t<\/div>\n\t\t\t\t<\/div>\n\t\t\t\t<div class=\"elementor-element elementor-element-9921be6 elementor-widget-divider--view-line elementor-widget elementor-widget-divider\" data-id=\"9921be6\" data-element_type=\"widget\" data-e-type=\"widget\" data-widget_type=\"divider.default\">\n\t\t\t\t<div class=\"elementor-widget-container\">\n\t\t\t\t\t\t\t<div class=\"elementor-divider\">\n\t\t\t<span class=\"elementor-divider-separator\">\n\t\t\t\t\t\t<\/span>\n\t\t<\/div>\n\t\t\t\t\t\t<\/div>\n\t\t\t\t<\/div>\n\t\t\t\t<div class=\"elementor-element elementor-element-fe20fe3 elementor-position-top elementor-widget elementor-widget-image-box\" data-id=\"fe20fe3\" data-element_type=\"widget\" data-e-type=\"widget\" data-widget_type=\"image-box.default\">\n\t\t\t\t<div class=\"elementor-widget-container\">\n\t\t\t\t\t<div class=\"elementor-image-box-wrapper\"><figure class=\"elementor-image-box-img\"><img loading=\"lazy\" decoding=\"async\" width=\"340\" height=\"340\" src=\"https:\/\/joanabastos.pt\/wp-content\/uploads\/2022\/05\/915039c20718f13e99321da404c8ce90.jpg\" class=\"attachment-full size-full wp-image-10382\" alt=\"\" srcset=\"https:\/\/joanabastos.pt\/wp-content\/uploads\/2022\/05\/915039c20718f13e99321da404c8ce90.jpg 340w, https:\/\/joanabastos.pt\/wp-content\/uploads\/2022\/05\/915039c20718f13e99321da404c8ce90-300x300.jpg 300w, https:\/\/joanabastos.pt\/wp-content\/uploads\/2022\/05\/915039c20718f13e99321da404c8ce90-150x150.jpg 150w, https:\/\/joanabastos.pt\/wp-content\/uploads\/2022\/05\/915039c20718f13e99321da404c8ce90-100x100.jpg 100w\" sizes=\"(max-width: 340px) 100vw, 340px\" \/><\/figure><div class=\"elementor-image-box-content\"><h4 class=\"elementor-image-box-title\">Live act at Pal\u00e1cio das Artes<\/h4><p class=\"elementor-image-box-description\">October 2018<br>\nOporto<br><br>\nLive act of creative makeup at Eventarea event, in Pal\u00e1cio das Artes<\/p><\/div><\/div>\t\t\t\t<\/div>\n\t\t\t\t<\/div>\n\t\t\t\t<div class=\"elementor-element elementor-element-100bc2e elementor-widget-divider--view-line elementor-widget elementor-widget-divider\" data-id=\"100bc2e\" data-element_type=\"widget\" data-e-type=\"widget\" data-widget_type=\"divider.default\">\n\t\t\t\t<div class=\"elementor-widget-container\">\n\t\t\t\t\t\t\t<div class=\"elementor-divider\">\n\t\t\t<span class=\"elementor-divider-separator\">\n\t\t\t\t\t\t<\/span>\n\t\t<\/div>\n\t\t\t\t\t\t<\/div>\n\t\t\t\t<\/div>\n\t\t\t\t<div class=\"elementor-element elementor-element-a026349 image_hover elementor-widget elementor-widget-image\" data-id=\"a026349\" data-element_type=\"widget\" data-e-type=\"widget\" data-widget_type=\"image.default\">\n\t\t\t\t<div class=\"elementor-widget-container\">\n\t\t\t\t\t\t\t\t\t\t\t\t\t\t\t\t<a href=\"https:\/\/joanabastos.pt\/en\/galeria-3\/\">\n\t\t\t\t\t\t\t<img loading=\"lazy\" decoding=\"async\" width=\"340\" height=\"255\" src=\"https:\/\/joanabastos.pt\/wp-content\/uploads\/2022\/05\/3edfdae0ccd1da83476032d8149c0ee6.jpg\" class=\"attachment-large size-large wp-image-10826\" alt=\"\" srcset=\"https:\/\/joanabastos.pt\/wp-content\/uploads\/2022\/05\/3edfdae0ccd1da83476032d8149c0ee6.jpg 340w, https:\/\/joanabastos.pt\/wp-content\/uploads\/2022\/05\/3edfdae0ccd1da83476032d8149c0ee6-300x225.jpg 300w\" sizes=\"(max-width: 340px) 100vw, 340px\" \/>\t\t\t\t\t\t\t\t<\/a>\n\t\t\t\t\t\t\t\t\t\t\t\t\t\t\t<\/div>\n\t\t\t\t<\/div>\n\t\t\t\t<div class=\"elementor-element elementor-element-6c4375b elementor-widget elementor-widget-image-box\" data-id=\"6c4375b\" data-element_type=\"widget\" data-e-type=\"widget\" data-widget_type=\"image-box.default\">\n\t\t\t\t<div class=\"elementor-widget-container\">\n\t\t\t\t\t<div class=\"elementor-image-box-wrapper\"><div class=\"elementor-image-box-content\"><h4 class=\"elementor-image-box-title\"><a href=\"https:\/\/joanabastos.pt\/en\/galeria-3\/\">BROOKLYN FASHION WEEK 2017<\/a><\/h4><p class=\"elementor-image-box-description\">October 2017<br>\nBrooklyn, NY<br><br><\/p><\/div><\/div>\t\t\t\t<\/div>\n\t\t\t\t<\/div>\n\t\t\t\t<div class=\"elementor-element elementor-element-ec87ae4 elementor-widget__width-inherit elementor-hidden-tablet elementor-widget elementor-widget-toggle\" data-id=\"ec87ae4\" data-element_type=\"widget\" data-e-type=\"widget\" data-widget_type=\"toggle.default\">\n\t\t\t\t<div class=\"elementor-widget-container\">\n\t\t\t\t\t\t\t<div class=\"elementor-toggle\">\n\t\t\t\t\t\t\t<div class=\"elementor-toggle-item\">\n\t\t\t\t\t<h6 id=\"elementor-tab-title-2481\" class=\"elementor-tab-title\" data-tab=\"1\" role=\"button\" aria-controls=\"elementor-tab-content-2481\" aria-expanded=\"false\">\n\t\t\t\t\t\t\t\t\t\t\t\t<span class=\"elementor-toggle-icon elementor-toggle-icon-left\" aria-hidden=\"true\">\n\t\t\t\t\t\t\t\t\t\t\t\t\t\t\t<span class=\"elementor-toggle-icon-closed\"><i class=\"fas fa-chevron-down\"><\/i><\/span>\n\t\t\t\t\t\t\t\t<span class=\"elementor-toggle-icon-opened\"><i class=\"elementor-toggle-icon-opened fas fa-chevron-up\"><\/i><\/span>\n\t\t\t\t\t\t\t\t\t\t\t\t\t<\/span>\n\t\t\t\t\t\t\t\t\t\t\t\t<a class=\"elementor-toggle-title\" tabindex=\"0\">See More<\/a>\n\t\t\t\t\t<\/h6>\n\n\t\t\t\t\t<div id=\"elementor-tab-content-2481\" class=\"elementor-tab-content elementor-clearfix\" data-tab=\"1\" role=\"region\" aria-labelledby=\"elementor-tab-title-2481\"><p class=\"translation-block\">Joana Bastos presents her avant-garde line of sunglasses at Brooklyn Fashion Week, \nalong with styling, makeup and bodypainting created specifically for each look in \nBorough Hall, Brooklyn.<\/p><\/div>\n\t\t\t\t<\/div>\n\t\t\t\t\t\t\t\t<\/div>\n\t\t\t\t\t\t<\/div>\n\t\t\t\t<\/div>\n\t\t\t\t<div class=\"elementor-element elementor-element-e63794c elementor-widget-divider--view-line elementor-widget elementor-widget-divider\" data-id=\"e63794c\" data-element_type=\"widget\" data-e-type=\"widget\" data-widget_type=\"divider.default\">\n\t\t\t\t<div class=\"elementor-widget-container\">\n\t\t\t\t\t\t\t<div class=\"elementor-divider\">\n\t\t\t<span class=\"elementor-divider-separator\">\n\t\t\t\t\t\t<\/span>\n\t\t<\/div>\n\t\t\t\t\t\t<\/div>\n\t\t\t\t<\/div>\n\t\t\t\t<div class=\"elementor-element elementor-element-161cf03 image_hover elementor-widget elementor-widget-image\" data-id=\"161cf03\" data-element_type=\"widget\" data-e-type=\"widget\" data-widget_type=\"image.default\">\n\t\t\t\t<div class=\"elementor-widget-container\">\n\t\t\t\t\t\t\t\t\t\t\t\t\t\t\t\t<a href=\"https:\/\/joanabastos.pt\/en\/galeria-5\/\">\n\t\t\t\t\t\t\t<img loading=\"lazy\" decoding=\"async\" width=\"640\" height=\"800\" src=\"https:\/\/joanabastos.pt\/wp-content\/uploads\/2025\/01\/15B-V-Congresso-de-Fuenlabrada-819x1024.webp\" class=\"attachment-large size-large wp-image-19869\" alt=\"\" srcset=\"https:\/\/joanabastos.pt\/wp-content\/uploads\/2025\/01\/15B-V-Congresso-de-Fuenlabrada-819x1024.webp 819w, https:\/\/joanabastos.pt\/wp-content\/uploads\/2025\/01\/15B-V-Congresso-de-Fuenlabrada-240x300.webp 240w, https:\/\/joanabastos.pt\/wp-content\/uploads\/2025\/01\/15B-V-Congresso-de-Fuenlabrada-768x960.webp 768w, https:\/\/joanabastos.pt\/wp-content\/uploads\/2025\/01\/15B-V-Congresso-de-Fuenlabrada.webp 864w\" sizes=\"(max-width: 640px) 100vw, 640px\" \/>\t\t\t\t\t\t\t\t<\/a>\n\t\t\t\t\t\t\t\t\t\t\t\t\t\t\t<\/div>\n\t\t\t\t<\/div>\n\t\t\t\t<div class=\"elementor-element elementor-element-4b813b7 elementor-widget elementor-widget-image-box\" data-id=\"4b813b7\" data-element_type=\"widget\" data-e-type=\"widget\" data-widget_type=\"image-box.default\">\n\t\t\t\t<div class=\"elementor-widget-container\">\n\t\t\t\t\t<div class=\"elementor-image-box-wrapper\"><div class=\"elementor-image-box-content\"><h4 class=\"elementor-image-box-title\"><a href=\"https:\/\/joanabastos.pt\/en\/galeria-5\/\">5th Conference of Light Painting Photography 2016 in Fuenlabrada, Madrid<\/a><\/h4><p class=\"elementor-image-box-description translation-block\"><b>Date<\/b>: July 2016<br>\n<b>Creation<\/b>: Nightbird Makeup<br>\n<b>Location<\/b>: Madrid<br><br>\nCreative makeup demonstration for lightpainting photography masterclass by Carles \nCalero<\/p><\/div><\/div>\t\t\t\t<\/div>\n\t\t\t\t<\/div>\n\t\t\t\t<div class=\"elementor-element elementor-element-4388ce3 elementor-widget-divider--view-line elementor-widget elementor-widget-divider\" data-id=\"4388ce3\" data-element_type=\"widget\" data-e-type=\"widget\" data-widget_type=\"divider.default\">\n\t\t\t\t<div class=\"elementor-widget-container\">\n\t\t\t\t\t\t\t<div class=\"elementor-divider\">\n\t\t\t<span class=\"elementor-divider-separator\">\n\t\t\t\t\t\t<\/span>\n\t\t<\/div>\n\t\t\t\t\t\t<\/div>\n\t\t\t\t<\/div>\n\t\t\t\t<div class=\"elementor-element elementor-element-b602737 elementor-position-top elementor-widget elementor-widget-image-box\" data-id=\"b602737\" data-element_type=\"widget\" data-e-type=\"widget\" data-widget_type=\"image-box.default\">\n\t\t\t\t<div class=\"elementor-widget-container\">\n\t\t\t\t\t<div class=\"elementor-image-box-wrapper\"><figure class=\"elementor-image-box-img\"><img loading=\"lazy\" decoding=\"async\" width=\"340\" height=\"260\" src=\"https:\/\/joanabastos.pt\/wp-content\/uploads\/2022\/05\/05deb6f47f1b8e07be36d3841574a344.jpg\" class=\"attachment-full size-full wp-image-10827\" alt=\"\" srcset=\"https:\/\/joanabastos.pt\/wp-content\/uploads\/2022\/05\/05deb6f47f1b8e07be36d3841574a344.jpg 340w, https:\/\/joanabastos.pt\/wp-content\/uploads\/2022\/05\/05deb6f47f1b8e07be36d3841574a344-300x229.jpg 300w\" sizes=\"(max-width: 340px) 100vw, 340px\" \/><\/figure><div class=\"elementor-image-box-content\"><h4 class=\"elementor-image-box-title\">ExpoCosm\u00e9tica 2016<\/h4><p class=\"elementor-image-box-description\">April 2016<br>\nOporto<br><br>\nBrand activation for the Da Vinci Pinc\u00e9is Cosm\u00e9tica Portugal and Beauti Portugal\ncompanies with creative makeup live performance.\n\n<\/p><\/div><\/div>\t\t\t\t<\/div>\n\t\t\t\t<\/div>\n\t\t\t\t<div class=\"elementor-element elementor-element-cb448a7 elementor-widget-divider--view-line elementor-widget elementor-widget-divider\" data-id=\"cb448a7\" data-element_type=\"widget\" data-e-type=\"widget\" data-widget_type=\"divider.default\">\n\t\t\t\t<div class=\"elementor-widget-container\">\n\t\t\t\t\t\t\t<div class=\"elementor-divider\">\n\t\t\t<span class=\"elementor-divider-separator\">\n\t\t\t\t\t\t<\/span>\n\t\t<\/div>\n\t\t\t\t\t\t<\/div>\n\t\t\t\t<\/div>\n\t\t\t\t<div class=\"elementor-element elementor-element-eeb5bd2 image_hover elementor-widget elementor-widget-image\" data-id=\"eeb5bd2\" data-element_type=\"widget\" data-e-type=\"widget\" data-widget_type=\"image.default\">\n\t\t\t\t<div class=\"elementor-widget-container\">\n\t\t\t\t\t\t\t\t\t\t\t\t\t\t\t\t<a href=\"https:\/\/joanabastos.pt\/en\/galeria-9\/\">\n\t\t\t\t\t\t\t<img loading=\"lazy\" decoding=\"async\" width=\"340\" height=\"453\" src=\"https:\/\/joanabastos.pt\/wp-content\/uploads\/2022\/05\/b56e5e220d5a612396979f731250c9ad.jpg\" class=\"attachment-large size-large wp-image-10856\" alt=\"\" srcset=\"https:\/\/joanabastos.pt\/wp-content\/uploads\/2022\/05\/b56e5e220d5a612396979f731250c9ad.jpg 340w, https:\/\/joanabastos.pt\/wp-content\/uploads\/2022\/05\/b56e5e220d5a612396979f731250c9ad-225x300.jpg 225w\" sizes=\"(max-width: 340px) 100vw, 340px\" \/>\t\t\t\t\t\t\t\t<\/a>\n\t\t\t\t\t\t\t\t\t\t\t\t\t\t\t<\/div>\n\t\t\t\t<\/div>\n\t\t\t\t<div class=\"elementor-element elementor-element-a2da830 image_hover elementor-widget elementor-widget-image\" data-id=\"a2da830\" data-element_type=\"widget\" data-e-type=\"widget\" data-widget_type=\"image.default\">\n\t\t\t\t<div class=\"elementor-widget-container\">\n\t\t\t\t\t\t\t\t\t\t\t\t\t\t\t\t<a href=\"https:\/\/joanabastos.pt\/en\/galeria-9\/\">\n\t\t\t\t\t\t\t<img loading=\"lazy\" decoding=\"async\" width=\"340\" height=\"509\" src=\"https:\/\/joanabastos.pt\/wp-content\/uploads\/2022\/05\/1921913a7992c4b37a5dbd5485960846.jpg\" class=\"attachment-large size-large wp-image-10855\" alt=\"\" srcset=\"https:\/\/joanabastos.pt\/wp-content\/uploads\/2022\/05\/1921913a7992c4b37a5dbd5485960846.jpg 340w, https:\/\/joanabastos.pt\/wp-content\/uploads\/2022\/05\/1921913a7992c4b37a5dbd5485960846-200x300.jpg 200w\" sizes=\"(max-width: 340px) 100vw, 340px\" \/>\t\t\t\t\t\t\t\t<\/a>\n\t\t\t\t\t\t\t\t\t\t\t\t\t\t\t<\/div>\n\t\t\t\t<\/div>\n\t\t\t\t<div class=\"elementor-element elementor-element-a6c919d elementor-widget elementor-widget-image-box\" data-id=\"a6c919d\" data-element_type=\"widget\" data-e-type=\"widget\" data-widget_type=\"image-box.default\">\n\t\t\t\t<div class=\"elementor-widget-container\">\n\t\t\t\t\t<div class=\"elementor-image-box-wrapper\"><div class=\"elementor-image-box-content\"><h4 class=\"elementor-image-box-title\"><a href=\"https:\/\/joanabastos.pt\/en\/galeria-9\/\">Comic Con 2014 Portugal<\/a><\/h4><p class=\"elementor-image-box-description\">December 2014<br>\nOporto<br><br>\n\n<\/p><\/div><\/div>\t\t\t\t<\/div>\n\t\t\t\t<\/div>\n\t\t\t\t<div class=\"elementor-element elementor-element-3231a26 elementor-widget-divider--view-line elementor-widget elementor-widget-divider\" data-id=\"3231a26\" data-element_type=\"widget\" data-e-type=\"widget\" data-widget_type=\"divider.default\">\n\t\t\t\t<div class=\"elementor-widget-container\">\n\t\t\t\t\t\t\t<div class=\"elementor-divider\">\n\t\t\t<span class=\"elementor-divider-separator\">\n\t\t\t\t\t\t<\/span>\n\t\t<\/div>\n\t\t\t\t\t\t<\/div>\n\t\t\t\t<\/div>\n\t\t\t\t<div class=\"elementor-element elementor-element-d32e8c8 elementor-position-top elementor-widget elementor-widget-image-box\" data-id=\"d32e8c8\" data-element_type=\"widget\" data-e-type=\"widget\" data-widget_type=\"image-box.default\">\n\t\t\t\t<div class=\"elementor-widget-container\">\n\t\t\t\t\t<div class=\"elementor-image-box-wrapper\"><figure class=\"elementor-image-box-img\"><img loading=\"lazy\" decoding=\"async\" width=\"340\" height=\"349\" src=\"https:\/\/joanabastos.pt\/wp-content\/uploads\/2022\/05\/1ef5e6fc649b12124e785c623c43db25.jpg\" class=\"attachment-full size-full wp-image-10891\" alt=\"\" srcset=\"https:\/\/joanabastos.pt\/wp-content\/uploads\/2022\/05\/1ef5e6fc649b12124e785c623c43db25.jpg 340w, https:\/\/joanabastos.pt\/wp-content\/uploads\/2022\/05\/1ef5e6fc649b12124e785c623c43db25-292x300.jpg 292w\" sizes=\"(max-width: 340px) 100vw, 340px\" \/><\/figure><div class=\"elementor-image-box-content\"><h4 class=\"elementor-image-box-title\">3rd Prize at Swiss Bodypainting Art Festival 2013<\/h4><p class=\"elementor-image-box-description\"><b>Date<\/b>:November 2013<br>\n<b>Theme<\/b>: Renaissance<br>\n<b>Creation<\/b>: Lucifer, the fallen angel<br>\n<b>Category<\/b>: SFX of bodypainting<br>\n<b>Location<\/b>: Lugano, Switzerland\n<\/p><\/div><\/div>\t\t\t\t<\/div>\n\t\t\t\t<\/div>\n\t\t\t\t<div class=\"elementor-element elementor-element-fc9b1e3 elementor-widget-divider--view-line elementor-widget elementor-widget-divider\" data-id=\"fc9b1e3\" data-element_type=\"widget\" data-e-type=\"widget\" data-widget_type=\"divider.default\">\n\t\t\t\t<div class=\"elementor-widget-container\">\n\t\t\t\t\t\t\t<div class=\"elementor-divider\">\n\t\t\t<span class=\"elementor-divider-separator\">\n\t\t\t\t\t\t<\/span>\n\t\t<\/div>\n\t\t\t\t\t\t<\/div>\n\t\t\t\t<\/div>\n\t\t\t\t<div class=\"elementor-element elementor-element-de4dcfe image_hover elementor-widget elementor-widget-image\" data-id=\"de4dcfe\" data-element_type=\"widget\" data-e-type=\"widget\" data-widget_type=\"image.default\">\n\t\t\t\t<div class=\"elementor-widget-container\">\n\t\t\t\t\t\t\t\t\t\t\t\t\t\t\t\t<a href=\"https:\/\/joanabastos.pt\/en\/galeria-15\/\">\n\t\t\t\t\t\t\t<img loading=\"lazy\" decoding=\"async\" width=\"340\" height=\"510\" src=\"https:\/\/joanabastos.pt\/wp-content\/uploads\/2022\/05\/cb9fcdbf991f9ad690e78bf171d14e4f-1.jpg\" class=\"attachment-large size-large wp-image-11264\" alt=\"\" srcset=\"https:\/\/joanabastos.pt\/wp-content\/uploads\/2022\/05\/cb9fcdbf991f9ad690e78bf171d14e4f-1.jpg 340w, https:\/\/joanabastos.pt\/wp-content\/uploads\/2022\/05\/cb9fcdbf991f9ad690e78bf171d14e4f-1-200x300.jpg 200w\" sizes=\"(max-width: 340px) 100vw, 340px\" \/>\t\t\t\t\t\t\t\t<\/a>\n\t\t\t\t\t\t\t\t\t\t\t\t\t\t\t<\/div>\n\t\t\t\t<\/div>\n\t\t\t\t<div class=\"elementor-element elementor-element-7712d2a image_hover elementor-widget elementor-widget-image\" data-id=\"7712d2a\" data-element_type=\"widget\" data-e-type=\"widget\" data-widget_type=\"image.default\">\n\t\t\t\t<div class=\"elementor-widget-container\">\n\t\t\t\t\t\t\t\t\t\t\t\t\t\t\t\t<a href=\"https:\/\/joanabastos.pt\/en\/galeria-15\/\">\n\t\t\t\t\t\t\t<img loading=\"lazy\" decoding=\"async\" width=\"640\" height=\"960\" src=\"https:\/\/joanabastos.pt\/wp-content\/uploads\/2025\/01\/28B-Portucale-2012.webp\" class=\"attachment-large size-large wp-image-19913\" alt=\"\" \/>\t\t\t\t\t\t\t\t<\/a>\n\t\t\t\t\t\t\t\t\t\t\t\t\t\t\t<\/div>\n\t\t\t\t<\/div>\n\t\t\t\t<div class=\"elementor-element elementor-element-736d75b elementor-widget elementor-widget-image-box\" data-id=\"736d75b\" data-element_type=\"widget\" data-e-type=\"widget\" data-widget_type=\"image-box.default\">\n\t\t\t\t<div class=\"elementor-widget-container\">\n\t\t\t\t\t<div class=\"elementor-image-box-wrapper\"><div class=\"elementor-image-box-content\"><h4 class=\"elementor-image-box-title\"><a href=\"https:\/\/joanabastos.pt\/en\/galeria-15\/\">PORTUCALE EVENT 2012<\/a><\/h4><p class=\"elementor-image-box-description\">December 2012<br>\nAlf\u00e2ndega do Porto, Portugal<br><br>\nLive acting in bodyart at the Portucale event, with the Avant-garde Portugal and \nGoddess of the Sea creations.\n\n\n\n\n<\/p><\/div><\/div>\t\t\t\t<\/div>\n\t\t\t\t<\/div>\n\t\t\t\t<div class=\"elementor-element elementor-element-6d072ad elementor-widget-divider--view-line elementor-widget elementor-widget-divider\" data-id=\"6d072ad\" data-element_type=\"widget\" data-e-type=\"widget\" data-widget_type=\"divider.default\">\n\t\t\t\t<div class=\"elementor-widget-container\">\n\t\t\t\t\t\t\t<div class=\"elementor-divider\">\n\t\t\t<span class=\"elementor-divider-separator\">\n\t\t\t\t\t\t<\/span>\n\t\t<\/div>\n\t\t\t\t\t\t<\/div>\n\t\t\t\t<\/div>\n\t\t\t\t<div class=\"elementor-element elementor-element-589e148 image_hover elementor-widget elementor-widget-image\" data-id=\"589e148\" data-element_type=\"widget\" data-e-type=\"widget\" data-widget_type=\"image.default\">\n\t\t\t\t<div class=\"elementor-widget-container\">\n\t\t\t\t\t\t\t\t\t\t\t\t\t\t\t\t<a href=\"https:\/\/joanabastos.pt\/en\/galeria-14\/\">\n\t\t\t\t\t\t\t<img loading=\"lazy\" decoding=\"async\" width=\"340\" height=\"224\" src=\"https:\/\/joanabastos.pt\/wp-content\/uploads\/2022\/05\/f267414c496f52ed785ef1894d906a21.jpg\" class=\"attachment-large size-large wp-image-10422\" alt=\"\" srcset=\"https:\/\/joanabastos.pt\/wp-content\/uploads\/2022\/05\/f267414c496f52ed785ef1894d906a21.jpg 340w, https:\/\/joanabastos.pt\/wp-content\/uploads\/2022\/05\/f267414c496f52ed785ef1894d906a21-300x198.jpg 300w\" sizes=\"(max-width: 340px) 100vw, 340px\" \/>\t\t\t\t\t\t\t\t<\/a>\n\t\t\t\t\t\t\t\t\t\t\t\t\t\t\t<\/div>\n\t\t\t\t<\/div>\n\t\t\t\t<div class=\"elementor-element elementor-element-1f9bcc5 image_hover elementor-widget elementor-widget-image\" data-id=\"1f9bcc5\" data-element_type=\"widget\" data-e-type=\"widget\" data-widget_type=\"image.default\">\n\t\t\t\t<div class=\"elementor-widget-container\">\n\t\t\t\t\t\t\t\t\t\t\t\t\t\t\t\t<a href=\"https:\/\/joanabastos.pt\/en\/galeria-14\/\">\n\t\t\t\t\t\t\t<img loading=\"lazy\" decoding=\"async\" width=\"340\" height=\"554\" src=\"https:\/\/joanabastos.pt\/wp-content\/uploads\/2022\/05\/73cf2395b18eea41f9698484cd919fbd.jpg\" class=\"attachment-large size-large wp-image-10350\" alt=\"\" srcset=\"https:\/\/joanabastos.pt\/wp-content\/uploads\/2022\/05\/73cf2395b18eea41f9698484cd919fbd.jpg 340w, https:\/\/joanabastos.pt\/wp-content\/uploads\/2022\/05\/73cf2395b18eea41f9698484cd919fbd-184x300.jpg 184w\" sizes=\"(max-width: 340px) 100vw, 340px\" \/>\t\t\t\t\t\t\t\t<\/a>\n\t\t\t\t\t\t\t\t\t\t\t\t\t\t\t<\/div>\n\t\t\t\t<\/div>\n\t\t\t\t<div class=\"elementor-element elementor-element-b8a0f9f elementor-widget elementor-widget-image-box\" data-id=\"b8a0f9f\" data-element_type=\"widget\" data-e-type=\"widget\" data-widget_type=\"image-box.default\">\n\t\t\t\t<div class=\"elementor-widget-container\">\n\t\t\t\t\t<div class=\"elementor-image-box-wrapper\"><div class=\"elementor-image-box-content\"><h4 class=\"elementor-image-box-title\"><a href=\"https:\/\/joanabastos.pt\/en\/galeria-14\/\">JOANA BASTOS AT THE FINAL OF WORLD BODYPAINTING FESTIVAL<\/a><\/h4><p class=\"elementor-image-box-description\">July 2012 <br>\nPortschach, \u00c1ustria<br><br>\nJoana Bastos achieves the seventh place at the WBF festival in the special effects \nbodypainting category.\n\n<\/p><\/div><\/div>\t\t\t\t<\/div>\n\t\t\t\t<\/div>\n\t\t\t\t<div class=\"elementor-element elementor-element-b75ecf8 elementor-widget__width-inherit elementor-hidden-tablet elementor-widget elementor-widget-toggle\" data-id=\"b75ecf8\" data-element_type=\"widget\" data-e-type=\"widget\" data-widget_type=\"toggle.default\">\n\t\t\t\t<div class=\"elementor-widget-container\">\n\t\t\t\t\t\t\t<div class=\"elementor-toggle\">\n\t\t\t\t\t\t\t<div class=\"elementor-toggle-item\">\n\t\t\t\t\t<div id=\"elementor-tab-title-1921\" class=\"elementor-tab-title\" data-tab=\"1\" role=\"button\" aria-controls=\"elementor-tab-content-1921\" aria-expanded=\"false\">\n\t\t\t\t\t\t\t\t\t\t\t\t<span class=\"elementor-toggle-icon elementor-toggle-icon-left\" aria-hidden=\"true\">\n\t\t\t\t\t\t\t\t\t\t\t\t\t\t\t<span class=\"elementor-toggle-icon-closed\"><i class=\"fas fa-chevron-down\"><\/i><\/span>\n\t\t\t\t\t\t\t\t<span class=\"elementor-toggle-icon-opened\"><i class=\"elementor-toggle-icon-opened fas fa-chevron-up\"><\/i><\/span>\n\t\t\t\t\t\t\t\t\t\t\t\t\t<\/span>\n\t\t\t\t\t\t\t\t\t\t\t\t<a class=\"elementor-toggle-title\" tabindex=\"0\">See More<\/a>\n\t\t\t\t\t<\/div>\n\n\t\t\t\t\t<div id=\"elementor-tab-content-1921\" class=\"elementor-tab-content elementor-clearfix\" data-tab=\"1\" role=\"region\" aria-labelledby=\"elementor-tab-title-1921\"><p>12th place at UV category. Theme: \"Avant garde - Innovation, Provocation\" Creation:\u00a0<a href=\"http:\/\/joanabastos.pt\/en\/galeria\/85\/\" name=\"Ser de Luz\">Creature of Light<\/a><br \/>- 10th place at the semi-final of special effects category. Theme: \"Inner Fears, fighting against the invisible\". Creation:\u00a0<a href=\"http:\/\/joanabastos.pt\/en\/galeria\/47\/\" name=\"Ser Espiritual\">Spiritual creature<\/a><br \/>- 7th place at the final of special effects category. Theme: \"Avantgarde - Innovation, Provocation\". Creation:\u00a0<a href=\"http:\/\/joanabastos.pt\/en\/galeria\/87\/\" name=\"Vi\u00fava Negra\">Black Widow<\/a><\/p><\/div>\n\t\t\t\t<\/div>\n\t\t\t\t\t\t\t\t<\/div>\n\t\t\t\t\t\t<\/div>\n\t\t\t\t<\/div>\n\t\t\t\t\t<\/div>\n\t\t<\/div>\n\t\t\t\t<div class=\"elementor-column elementor-col-33 elementor-top-column elementor-element elementor-element-9a94af7\" data-id=\"9a94af7\" data-element_type=\"column\" data-e-type=\"column\">\n\t\t\t<div class=\"elementor-widget-wrap elementor-element-populated\">\n\t\t\t\t\t\t<div class=\"elementor-element elementor-element-369bc63 image_hover elementor-widget elementor-widget-image\" data-id=\"369bc63\" data-element_type=\"widget\" data-e-type=\"widget\" data-widget_type=\"image.default\">\n\t\t\t\t<div class=\"elementor-widget-container\">\n\t\t\t\t\t\t\t\t\t\t\t\t\t\t\t\t<a href=\"https:\/\/joanabastos.pt\/en\/festival-filmes-moda-londres\/\">\n\t\t\t\t\t\t\t<img loading=\"lazy\" decoding=\"async\" width=\"640\" height=\"639\" src=\"https:\/\/joanabastos.pt\/wp-content\/uploads\/2024\/12\/2-3.webp\" class=\"attachment-large size-large wp-image-19720\" alt=\"\" srcset=\"https:\/\/joanabastos.pt\/wp-content\/uploads\/2024\/12\/2-3.webp 917w, https:\/\/joanabastos.pt\/wp-content\/uploads\/2024\/12\/2-3-300x300.webp 300w, https:\/\/joanabastos.pt\/wp-content\/uploads\/2024\/12\/2-3-150x150.webp 150w, https:\/\/joanabastos.pt\/wp-content\/uploads\/2024\/12\/2-3-768x767.webp 768w\" sizes=\"(max-width: 640px) 100vw, 640px\" \/>\t\t\t\t\t\t\t\t<\/a>\n\t\t\t\t\t\t\t\t\t\t\t\t\t\t\t<\/div>\n\t\t\t\t<\/div>\n\t\t\t\t<div class=\"elementor-element elementor-element-0ec99b4 elementor-widget elementor-widget-image-box\" data-id=\"0ec99b4\" data-element_type=\"widget\" data-e-type=\"widget\" data-widget_type=\"image-box.default\">\n\t\t\t\t<div class=\"elementor-widget-container\">\n\t\t\t\t\t<div class=\"elementor-image-box-wrapper\"><div class=\"elementor-image-box-content\"><h4 class=\"elementor-image-box-title\"><a href=\"https:\/\/joanabastos.pt\/en\/festival-filmes-moda-londres\/\">LONDON FASHION FILM FESTIVAL 2024<\/a><\/h4><p class=\"elementor-image-box-description\">September 2024<br>\nLondon<br><br>\nJoana Bastos on the Q&amp;A panel and member of the jury at the London Fashion Film \nFestival.\n<\/p><\/div><\/div>\t\t\t\t<\/div>\n\t\t\t\t<\/div>\n\t\t\t\t<div class=\"elementor-element elementor-element-16ff705 elementor-widget-divider--view-line elementor-widget elementor-widget-divider\" data-id=\"16ff705\" data-element_type=\"widget\" data-e-type=\"widget\" data-widget_type=\"divider.default\">\n\t\t\t\t<div class=\"elementor-widget-container\">\n\t\t\t\t\t\t\t<div class=\"elementor-divider\">\n\t\t\t<span class=\"elementor-divider-separator\">\n\t\t\t\t\t\t<\/span>\n\t\t<\/div>\n\t\t\t\t\t\t<\/div>\n\t\t\t\t<\/div>\n\t\t\t\t<div class=\"elementor-element elementor-element-df5f9d8 elementor-position-top elementor-widget elementor-widget-image-box\" data-id=\"df5f9d8\" data-element_type=\"widget\" data-e-type=\"widget\" data-widget_type=\"image-box.default\">\n\t\t\t\t<div class=\"elementor-widget-container\">\n\t\t\t\t\t<div class=\"elementor-image-box-wrapper\"><figure class=\"elementor-image-box-img\"><img loading=\"lazy\" decoding=\"async\" width=\"1900\" height=\"1030\" src=\"https:\/\/joanabastos.pt\/wp-content\/uploads\/2024\/12\/6-A-ARFF-Best-Fashion-Film-Photography-Award.webp\" class=\"attachment-full size-full wp-image-19726\" alt=\"\" srcset=\"https:\/\/joanabastos.pt\/wp-content\/uploads\/2024\/12\/6-A-ARFF-Best-Fashion-Film-Photography-Award.webp 1900w, https:\/\/joanabastos.pt\/wp-content\/uploads\/2024\/12\/6-A-ARFF-Best-Fashion-Film-Photography-Award-300x163.webp 300w, https:\/\/joanabastos.pt\/wp-content\/uploads\/2024\/12\/6-A-ARFF-Best-Fashion-Film-Photography-Award-1024x555.webp 1024w, https:\/\/joanabastos.pt\/wp-content\/uploads\/2024\/12\/6-A-ARFF-Best-Fashion-Film-Photography-Award-768x416.webp 768w, https:\/\/joanabastos.pt\/wp-content\/uploads\/2024\/12\/6-A-ARFF-Best-Fashion-Film-Photography-Award-1536x833.webp 1536w\" sizes=\"(max-width: 1900px) 100vw, 1900px\" \/><\/figure><div class=\"elementor-image-box-content\"><h4 class=\"elementor-image-box-title\">EARLYBIRD, THE TRUE STORY - AWARD-WINNER AT THE \nARFF BARCELONA FESTIVAL 2024<\/h4><p class=\"elementor-image-box-description\">April 2024<br>\nBarcelona<br><br>\nThe EarlyBird, The true story fashion film, directed, written, produced and performed by \nJoana Bastos, is the award-winner of the Best Fashion Film and Photography, at the \nAround Films Festival of Barcelona.\n<\/p><\/div><\/div>\t\t\t\t<\/div>\n\t\t\t\t<\/div>\n\t\t\t\t<div class=\"elementor-element elementor-element-ce2abc0 elementor-widget-divider--view-line elementor-widget elementor-widget-divider\" data-id=\"ce2abc0\" data-element_type=\"widget\" data-e-type=\"widget\" data-widget_type=\"divider.default\">\n\t\t\t\t<div class=\"elementor-widget-container\">\n\t\t\t\t\t\t\t<div class=\"elementor-divider\">\n\t\t\t<span class=\"elementor-divider-separator\">\n\t\t\t\t\t\t<\/span>\n\t\t<\/div>\n\t\t\t\t\t\t<\/div>\n\t\t\t\t<\/div>\n\t\t\t\t<div class=\"elementor-element elementor-element-971db30 image_hover elementor-widget elementor-widget-image\" data-id=\"971db30\" data-element_type=\"widget\" data-e-type=\"widget\" data-widget_type=\"image.default\">\n\t\t\t\t<div class=\"elementor-widget-container\">\n\t\t\t\t\t\t\t\t\t\t\t\t\t\t\t\t<a href=\"https:\/\/joanabastos.pt\/en\/galeria-earlybird-the-true-story-vencedor-no-festival-london-fashion-film-festival\/\">\n\t\t\t\t\t\t\t<img loading=\"lazy\" decoding=\"async\" width=\"640\" height=\"792\" src=\"https:\/\/joanabastos.pt\/wp-content\/uploads\/2024\/12\/CAPA-award2023-827x1024.webp\" class=\"attachment-large size-large wp-image-19735\" alt=\"\" srcset=\"https:\/\/joanabastos.pt\/wp-content\/uploads\/2024\/12\/CAPA-award2023-827x1024.webp 827w, https:\/\/joanabastos.pt\/wp-content\/uploads\/2024\/12\/CAPA-award2023-242x300.webp 242w, https:\/\/joanabastos.pt\/wp-content\/uploads\/2024\/12\/CAPA-award2023-768x951.webp 768w, https:\/\/joanabastos.pt\/wp-content\/uploads\/2024\/12\/CAPA-award2023.webp 1080w\" sizes=\"(max-width: 640px) 100vw, 640px\" \/>\t\t\t\t\t\t\t\t<\/a>\n\t\t\t\t\t\t\t\t\t\t\t\t\t\t\t<\/div>\n\t\t\t\t<\/div>\n\t\t\t\t<div class=\"elementor-element elementor-element-9acd558 elementor-widget elementor-widget-image-box\" data-id=\"9acd558\" data-element_type=\"widget\" data-e-type=\"widget\" data-widget_type=\"image-box.default\">\n\t\t\t\t<div class=\"elementor-widget-container\">\n\t\t\t\t\t<div class=\"elementor-image-box-wrapper\"><div class=\"elementor-image-box-content\"><h4 class=\"elementor-image-box-title\"><a href=\"https:\/\/www.instagram.com\/p\/CxddyofKYWh\/\" target=\"_blank\" rel=\"noopener\">EARLYBIRD, THE TRUE STORY IS THE AWARD-WINNER AT \nTHE LONDON FASHION FILM FESTIVAL<\/a><\/h4><p class=\"elementor-image-box-description\">September 2023<br>\nLondon<br><br>\nThe EarlyBird, The true story fashion film, directed, written, produced and performed by \nJoana Bastos, is the award-winner of the Best Costume Design category at the London\nFashion Film festival\n<\/p><\/div><\/div>\t\t\t\t<\/div>\n\t\t\t\t<\/div>\n\t\t\t\t<div class=\"elementor-element elementor-element-d4be77b elementor-widget-divider--view-line elementor-widget elementor-widget-divider\" data-id=\"d4be77b\" data-element_type=\"widget\" data-e-type=\"widget\" data-widget_type=\"divider.default\">\n\t\t\t\t<div class=\"elementor-widget-container\">\n\t\t\t\t\t\t\t<div class=\"elementor-divider\">\n\t\t\t<span class=\"elementor-divider-separator\">\n\t\t\t\t\t\t<\/span>\n\t\t<\/div>\n\t\t\t\t\t\t<\/div>\n\t\t\t\t<\/div>\n\t\t\t\t<div class=\"elementor-element elementor-element-7faaa46 image_hover elementor-widget elementor-widget-image\" data-id=\"7faaa46\" data-element_type=\"widget\" data-e-type=\"widget\" data-widget_type=\"image.default\">\n\t\t\t\t<div class=\"elementor-widget-container\">\n\t\t\t\t\t\t\t\t\t\t\t\t\t\t\t\t<a href=\"https:\/\/joanabastos.pt\/en\/galeria-earlybird-the-true-story-vencedor-no-festival-cannes-world-film-festival\/\">\n\t\t\t\t\t\t\t<img loading=\"lazy\" decoding=\"async\" width=\"560\" height=\"560\" src=\"https:\/\/joanabastos.pt\/wp-content\/uploads\/2024\/12\/1-Capa-BestFemaleDirectorSuperShortFilmWinner-.webp\" class=\"attachment-large size-large wp-image-19737\" alt=\"\" srcset=\"https:\/\/joanabastos.pt\/wp-content\/uploads\/2024\/12\/1-Capa-BestFemaleDirectorSuperShortFilmWinner-.webp 560w, https:\/\/joanabastos.pt\/wp-content\/uploads\/2024\/12\/1-Capa-BestFemaleDirectorSuperShortFilmWinner--300x300.webp 300w, https:\/\/joanabastos.pt\/wp-content\/uploads\/2024\/12\/1-Capa-BestFemaleDirectorSuperShortFilmWinner--150x150.webp 150w\" sizes=\"(max-width: 560px) 100vw, 560px\" \/>\t\t\t\t\t\t\t\t<\/a>\n\t\t\t\t\t\t\t\t\t\t\t\t\t\t\t<\/div>\n\t\t\t\t<\/div>\n\t\t\t\t<div class=\"elementor-element elementor-element-0136b55 elementor-widget elementor-widget-image-box\" data-id=\"0136b55\" data-element_type=\"widget\" data-e-type=\"widget\" data-widget_type=\"image-box.default\">\n\t\t\t\t<div class=\"elementor-widget-container\">\n\t\t\t\t\t<div class=\"elementor-image-box-wrapper\"><div class=\"elementor-image-box-content\"><h4 class=\"elementor-image-box-title\"><a href=\"https:\/\/joanabastos.pt\/en\/galeria-earlybird-the-true-story-vencedor-no-festival-cannes-world-film-festival\/\">EARLYBIRD, THE TRUE STORY IS MULTI AWARD-WINNER AT \nCANNES WORLD FILM FESTIVAL<\/a><\/h4><p class=\"elementor-image-box-description\">September 2023<br>\nCannes<br><br>\nThe EarlyBird, The true story fashion film, directed, written, produced and performed by \nJoana Bastos, is the multi award-winner in the categories of Best Female Director for a \nsuper short film, Best Costume Design and Best Makeup at the Cannes World Film \nFestival 2023.\n<\/p><\/div><\/div>\t\t\t\t<\/div>\n\t\t\t\t<\/div>\n\t\t\t\t<div class=\"elementor-element elementor-element-07e234f elementor-widget-divider--view-line elementor-widget elementor-widget-divider\" data-id=\"07e234f\" data-element_type=\"widget\" data-e-type=\"widget\" data-widget_type=\"divider.default\">\n\t\t\t\t<div class=\"elementor-widget-container\">\n\t\t\t\t\t\t\t<div class=\"elementor-divider\">\n\t\t\t<span class=\"elementor-divider-separator\">\n\t\t\t\t\t\t<\/span>\n\t\t<\/div>\n\t\t\t\t\t\t<\/div>\n\t\t\t\t<\/div>\n\t\t\t\t<div class=\"elementor-element elementor-element-42a59e8 elementor-arrows-position-inside elementor-pagination-position-outside elementor-widget elementor-widget-image-carousel\" data-id=\"42a59e8\" data-element_type=\"widget\" data-e-type=\"widget\" data-settings=\"{&quot;slides_to_show&quot;:&quot;1&quot;,&quot;navigation&quot;:&quot;both&quot;,&quot;autoplay&quot;:&quot;yes&quot;,&quot;pause_on_hover&quot;:&quot;yes&quot;,&quot;pause_on_interaction&quot;:&quot;yes&quot;,&quot;autoplay_speed&quot;:5000,&quot;infinite&quot;:&quot;yes&quot;,&quot;effect&quot;:&quot;slide&quot;,&quot;speed&quot;:500}\" data-widget_type=\"image-carousel.default\">\n\t\t\t\t<div class=\"elementor-widget-container\">\n\t\t\t\t\t\t\t<div class=\"elementor-image-carousel-wrapper swiper\" role=\"region\" aria-roledescription=\"carousel\" aria-label=\"Carrossel de imagens\" dir=\"ltr\">\n\t\t\t<div class=\"elementor-image-carousel swiper-wrapper\" aria-live=\"off\">\n\t\t\t\t\t\t\t\t<div class=\"swiper-slide\" role=\"group\" aria-roledescription=\"slide\" aria-label=\"1 of 2\" data-no-translation-aria-label=\"\"><figure class=\"swiper-slide-inner\"><img decoding=\"async\" class=\"swiper-slide-image\" src=\"https:\/\/joanabastos.pt\/wp-content\/uploads\/2023\/01\/cartaz-2-scaled.jpg\" alt=\"cartaz 2\" \/><\/figure><\/div><div class=\"swiper-slide\" role=\"group\" aria-roledescription=\"slide\" aria-label=\"2 of 2\" data-no-translation-aria-label=\"\"><figure class=\"swiper-slide-inner\"><img decoding=\"async\" class=\"swiper-slide-image\" src=\"https:\/\/joanabastos.pt\/wp-content\/uploads\/2023\/01\/cartaz-1-scaled.jpg\" alt=\"cartaz 1\" \/><\/figure><\/div>\t\t\t<\/div>\n\t\t\t\t\t\t\t\t\t\t\t\t<div class=\"elementor-swiper-button elementor-swiper-button-prev\" role=\"button\" tabindex=\"0\">\n\t\t\t\t\t\t<i aria-hidden=\"true\" class=\"eicon-chevron-left\"><\/i>\t\t\t\t\t<\/div>\n\t\t\t\t\t<div class=\"elementor-swiper-button elementor-swiper-button-next\" role=\"button\" tabindex=\"0\">\n\t\t\t\t\t\t<i aria-hidden=\"true\" class=\"eicon-chevron-right\"><\/i>\t\t\t\t\t<\/div>\n\t\t\t\t\n\t\t\t\t\t\t\t\t\t<div class=\"swiper-pagination\"><\/div>\n\t\t\t\t\t\t\t\t\t<\/div>\n\t\t\t\t\t\t<\/div>\n\t\t\t\t<\/div>\n\t\t\t\t<div class=\"elementor-element elementor-element-8048cf8 elementor-widget elementor-widget-image-box\" data-id=\"8048cf8\" data-element_type=\"widget\" data-e-type=\"widget\" data-widget_type=\"image-box.default\">\n\t\t\t\t<div class=\"elementor-widget-container\">\n\t\t\t\t\t<div class=\"elementor-image-box-wrapper\"><div class=\"elementor-image-box-content\"><h4 class=\"elementor-image-box-title\"><a href=\"#elementor-action%3Aaction%3Dlightbox%26settings%3DeyJ1cmwiOiJodHRwczpcL1wvam9hbmFiYXN0b3MucHRcL3dwLWNvbnRlbnRcL3VwbG9hZHNcLzIwMjNcLzAxXC9jYXJ0YXotMi1zY2FsZWQuanBnIiwidHlwZSI6ImltYWdlIiwidGl0bGUiOiJjYXJ0YXogMiJ9\">Contest for the poster of the feast of Sra. D'Agonia<\/a><\/h4><p class=\"elementor-image-box-description\">May 2022<br>Viana do Castelo, Portugal<\/p><\/div><\/div>\t\t\t\t<\/div>\n\t\t\t\t<\/div>\n\t\t\t\t<div class=\"elementor-element elementor-element-1de567b elementor-widget__width-inherit elementor-hidden-tablet elementor-widget elementor-widget-toggle\" data-id=\"1de567b\" data-element_type=\"widget\" data-e-type=\"widget\" data-widget_type=\"toggle.default\">\n\t\t\t\t<div class=\"elementor-widget-container\">\n\t\t\t\t\t\t\t<div class=\"elementor-toggle\">\n\t\t\t\t\t\t\t<div class=\"elementor-toggle-item\">\n\t\t\t\t\t<h6 id=\"elementor-tab-title-3131\" class=\"elementor-tab-title\" data-tab=\"1\" role=\"button\" aria-controls=\"elementor-tab-content-3131\" aria-expanded=\"false\">\n\t\t\t\t\t\t\t\t\t\t\t\t<span class=\"elementor-toggle-icon elementor-toggle-icon-left\" aria-hidden=\"true\">\n\t\t\t\t\t\t\t\t\t\t\t\t\t\t\t<span class=\"elementor-toggle-icon-closed\"><i class=\"fas fa-chevron-down\"><\/i><\/span>\n\t\t\t\t\t\t\t\t<span class=\"elementor-toggle-icon-opened\"><i class=\"elementor-toggle-icon-opened fas fa-chevron-up\"><\/i><\/span>\n\t\t\t\t\t\t\t\t\t\t\t\t\t<\/span>\n\t\t\t\t\t\t\t\t\t\t\t\t<a class=\"elementor-toggle-title\" tabindex=\"0\">See More<\/a>\n\t\t\t\t\t<\/h6>\n\n\t\t\t\t\t<div id=\"elementor-tab-content-3131\" class=\"elementor-tab-content elementor-clearfix\" data-tab=\"1\" role=\"region\" aria-labelledby=\"elementor-tab-title-3131\"><p>This year I was challenged to develop a concept for the poster contest of the festivities of the city of Sra. D'Agonia, in Viana do Castelo.<br \/>Foi um projeto que me deu imenso prazer, n\u00e3o s\u00f3 pelo processo criativo como de produ\u00e7\u00e3o, mas tamb\u00e9m pelo apoio de uma equipa extremamente dedicada e profissional.<\/p><p class=\"translation-block\"><em>Direction, production, art direction<\/em>: Joana Bastos<br><em>Photography<\/em> : Pedro Lopes<br><em>Model<\/em>: Benedita Neves<br><em>Production assistance\/ muah:<\/em> Sofia Lucas<br><em>Styling: <\/em>Ana Sim\u00f5es<br><em>Post-production\/ retouch: <\/em>Pedro Guedes<\/p><\/div>\n\t\t\t\t<\/div>\n\t\t\t\t\t\t\t\t<\/div>\n\t\t\t\t\t\t<\/div>\n\t\t\t\t<\/div>\n\t\t\t\t<div class=\"elementor-element elementor-element-708a63d elementor-widget-divider--view-line elementor-widget elementor-widget-divider\" data-id=\"708a63d\" data-element_type=\"widget\" data-e-type=\"widget\" data-widget_type=\"divider.default\">\n\t\t\t\t<div class=\"elementor-widget-container\">\n\t\t\t\t\t\t\t<div class=\"elementor-divider\">\n\t\t\t<span class=\"elementor-divider-separator\">\n\t\t\t\t\t\t<\/span>\n\t\t<\/div>\n\t\t\t\t\t\t<\/div>\n\t\t\t\t<\/div>\n\t\t\t\t<div class=\"elementor-element elementor-element-a1641f9 elementor-position-top elementor-widget elementor-widget-image-box\" data-id=\"a1641f9\" data-element_type=\"widget\" data-e-type=\"widget\" data-widget_type=\"image-box.default\">\n\t\t\t\t<div class=\"elementor-widget-container\">\n\t\t\t\t\t<div class=\"elementor-image-box-wrapper\"><figure class=\"elementor-image-box-img\"><img loading=\"lazy\" decoding=\"async\" width=\"340\" height=\"228\" src=\"https:\/\/joanabastos.pt\/wp-content\/uploads\/2022\/05\/a615bb226105e533cd9060dd5f7a7bb5-scaled.jpg\" class=\"attachment-full size-full wp-image-10756\" alt=\"\" \/><\/figure><div class=\"elementor-image-box-content\"><h4 class=\"elementor-image-box-title\">Expocosm\u00e9tica 2019<\/h4><p class=\"elementor-image-box-description\">April 2019<br>\nOporto<br><br><\/p><\/div><\/div>\t\t\t\t<\/div>\n\t\t\t\t<\/div>\n\t\t\t\t<div class=\"elementor-element elementor-element-f3b5d84 elementor-widget-divider--view-line elementor-widget elementor-widget-divider\" data-id=\"f3b5d84\" data-element_type=\"widget\" data-e-type=\"widget\" data-widget_type=\"divider.default\">\n\t\t\t\t<div class=\"elementor-widget-container\">\n\t\t\t\t\t\t\t<div class=\"elementor-divider\">\n\t\t\t<span class=\"elementor-divider-separator\">\n\t\t\t\t\t\t<\/span>\n\t\t<\/div>\n\t\t\t\t\t\t<\/div>\n\t\t\t\t<\/div>\n\t\t\t\t<div class=\"elementor-element elementor-element-429e962 image_hover elementor-widget elementor-widget-image\" data-id=\"429e962\" data-element_type=\"widget\" data-e-type=\"widget\" data-widget_type=\"image.default\">\n\t\t\t\t<div class=\"elementor-widget-container\">\n\t\t\t\t\t\t\t\t\t\t\t\t\t\t\t\t<a href=\"https:\/\/joanabastos.pt\/en\/galeria-18\/\">\n\t\t\t\t\t\t\t<img loading=\"lazy\" decoding=\"async\" width=\"640\" height=\"800\" src=\"https:\/\/joanabastos.pt\/wp-content\/uploads\/2022\/12\/joana-bastos-noticias-lilith-2018-1-819x1024.jpg\" class=\"attachment-large size-large wp-image-15080\" alt=\"\" srcset=\"https:\/\/joanabastos.pt\/wp-content\/uploads\/2022\/12\/joana-bastos-noticias-lilith-2018-1-819x1024.jpg 819w, https:\/\/joanabastos.pt\/wp-content\/uploads\/2022\/12\/joana-bastos-noticias-lilith-2018-1-240x300.jpg 240w, https:\/\/joanabastos.pt\/wp-content\/uploads\/2022\/12\/joana-bastos-noticias-lilith-2018-1-768x960.jpg 768w, https:\/\/joanabastos.pt\/wp-content\/uploads\/2022\/12\/joana-bastos-noticias-lilith-2018-1-10x12.jpg 10w, https:\/\/joanabastos.pt\/wp-content\/uploads\/2022\/12\/joana-bastos-noticias-lilith-2018-1.jpg 1080w\" sizes=\"(max-width: 640px) 100vw, 640px\" \/>\t\t\t\t\t\t\t\t<\/a>\n\t\t\t\t\t\t\t\t\t\t\t\t\t\t\t<\/div>\n\t\t\t\t<\/div>\n\t\t\t\t<div class=\"elementor-element elementor-element-bbdbc81 elementor-widget elementor-widget-image-box\" data-id=\"bbdbc81\" data-element_type=\"widget\" data-e-type=\"widget\" data-widget_type=\"image-box.default\">\n\t\t\t\t<div class=\"elementor-widget-container\">\n\t\t\t\t\t<div class=\"elementor-image-box-wrapper\"><div class=\"elementor-image-box-content\"><h4 class=\"elementor-image-box-title\"><a href=\"https:\/\/joanabastos.pt\/en\/galeria-18\/\">LILITH FASHION FILM BY JOANA BASTOS<\/a><\/h4><p class=\"elementor-image-box-description\">July 2017<br><br>\nNominations for Best Make-up, Best Hairstyling, Best Accessories, Best Costume Design for LILITH fashion film at la Jolla International Fashion Film Festival 2018 in California and London Fashion Film Festival 2018.<\/p><\/div><\/div>\t\t\t\t<\/div>\n\t\t\t\t<\/div>\n\t\t\t\t<div class=\"elementor-element elementor-element-29eb93a elementor-widget__width-inherit elementor-hidden-tablet elementor-widget elementor-widget-toggle\" data-id=\"29eb93a\" data-element_type=\"widget\" data-e-type=\"widget\" data-widget_type=\"toggle.default\">\n\t\t\t\t<div class=\"elementor-widget-container\">\n\t\t\t\t\t\t\t<div class=\"elementor-toggle\">\n\t\t\t\t\t\t\t<div class=\"elementor-toggle-item\">\n\t\t\t\t\t<h6 id=\"elementor-tab-title-4391\" class=\"elementor-tab-title\" data-tab=\"1\" role=\"button\" aria-controls=\"elementor-tab-content-4391\" aria-expanded=\"false\">\n\t\t\t\t\t\t\t\t\t\t\t\t<span class=\"elementor-toggle-icon elementor-toggle-icon-left\" aria-hidden=\"true\">\n\t\t\t\t\t\t\t\t\t\t\t\t\t\t\t<span class=\"elementor-toggle-icon-closed\"><i class=\"fas fa-chevron-down\"><\/i><\/span>\n\t\t\t\t\t\t\t\t<span class=\"elementor-toggle-icon-opened\"><i class=\"elementor-toggle-icon-opened fas fa-chevron-up\"><\/i><\/span>\n\t\t\t\t\t\t\t\t\t\t\t\t\t<\/span>\n\t\t\t\t\t\t\t\t\t\t\t\t<a class=\"elementor-toggle-title\" tabindex=\"0\">See More<\/a>\n\t\t\t\t\t<\/h6>\n\n\t\t\t\t\t<div id=\"elementor-tab-content-4391\" class=\"elementor-tab-content elementor-clearfix\" data-tab=\"1\" role=\"region\" aria-labelledby=\"elementor-tab-title-4391\"><p>Art Director: Joana Bastos<br \/>Written &amp; Produced by Joana Bastos<br \/>Filmado &amp; Editado por Pedro Guedes<br \/>Song: Studio B @Recordingstudio.studiob<br \/>Shoot Studio &amp; Photography: OZ Studio P<br \/>Models: Giulia Zimmermann (Models Lab) Mariana Pereira (NXT Management)<br \/>Make-up Artist &amp; Bodypainter: Joana Bastos<br \/>Make-up assistant: Teresa Coelho<br \/>Production assistant: Angelina Fernandez<br \/>Hair Stylist: Fab\u00edola Pereira, Teresa Coelho, Sandra Fernandes<br \/>Eyewear Designer: Joana Bastos<br \/>Filigree Designer: A Loba<\/p><\/div>\n\t\t\t\t<\/div>\n\t\t\t\t\t\t\t\t<\/div>\n\t\t\t\t\t\t<\/div>\n\t\t\t\t<\/div>\n\t\t\t\t<div class=\"elementor-element elementor-element-d4ffa68 elementor-widget-divider--view-line elementor-widget elementor-widget-divider\" data-id=\"d4ffa68\" data-element_type=\"widget\" data-e-type=\"widget\" data-widget_type=\"divider.default\">\n\t\t\t\t<div class=\"elementor-widget-container\">\n\t\t\t\t\t\t\t<div class=\"elementor-divider\">\n\t\t\t<span class=\"elementor-divider-separator\">\n\t\t\t\t\t\t<\/span>\n\t\t<\/div>\n\t\t\t\t\t\t<\/div>\n\t\t\t\t<\/div>\n\t\t\t\t<div class=\"elementor-element elementor-element-beae1e8 elementor-position-top elementor-widget elementor-widget-image-box\" data-id=\"beae1e8\" data-element_type=\"widget\" data-e-type=\"widget\" data-widget_type=\"image-box.default\">\n\t\t\t\t<div class=\"elementor-widget-container\">\n\t\t\t\t\t<div class=\"elementor-image-box-wrapper\"><figure class=\"elementor-image-box-img\"><img loading=\"lazy\" decoding=\"async\" width=\"340\" height=\"227\" src=\"https:\/\/joanabastos.pt\/wp-content\/uploads\/2022\/05\/db32f738e065163210a5bfd7d79c305e.jpg\" class=\"attachment-full size-full wp-image-10599\" alt=\"\" srcset=\"https:\/\/joanabastos.pt\/wp-content\/uploads\/2022\/05\/db32f738e065163210a5bfd7d79c305e.jpg 340w, https:\/\/joanabastos.pt\/wp-content\/uploads\/2022\/05\/db32f738e065163210a5bfd7d79c305e-300x200.jpg 300w\" sizes=\"(max-width: 340px) 100vw, 340px\" \/><\/figure><div class=\"elementor-image-box-content\"><h4 class=\"elementor-image-box-title\">LA JOLLA INTERNATIONAL FASHION FILM FESTIVAL 2017<\/h4><p class=\"elementor-image-box-description\">July 2017<br>\nLa Jolla, S. Diego<br><br>\nNomination for Best Makeup by Joana Bastos, for the Habana 3AM fashion film, \ndirected by Patricia Ovando and filmed in Cuba.\n\n<\/p><\/div><\/div>\t\t\t\t<\/div>\n\t\t\t\t<\/div>\n\t\t\t\t<div class=\"elementor-element elementor-element-2bc3ac8 elementor-widget-divider--view-line elementor-widget elementor-widget-divider\" data-id=\"2bc3ac8\" data-element_type=\"widget\" data-e-type=\"widget\" data-widget_type=\"divider.default\">\n\t\t\t\t<div class=\"elementor-widget-container\">\n\t\t\t\t\t\t\t<div class=\"elementor-divider\">\n\t\t\t<span class=\"elementor-divider-separator\">\n\t\t\t\t\t\t<\/span>\n\t\t<\/div>\n\t\t\t\t\t\t<\/div>\n\t\t\t\t<\/div>\n\t\t\t\t<div class=\"elementor-element elementor-element-47fd57a image_hover elementor-widget elementor-widget-image\" data-id=\"47fd57a\" data-element_type=\"widget\" data-e-type=\"widget\" data-widget_type=\"image.default\">\n\t\t\t\t<div class=\"elementor-widget-container\">\n\t\t\t\t\t\t\t\t\t\t\t\t\t\t\t\t<a href=\"https:\/\/joanabastos.pt\/en\/galeria-4\/\">\n\t\t\t\t\t\t\t<img loading=\"lazy\" decoding=\"async\" width=\"340\" height=\"276\" src=\"https:\/\/joanabastos.pt\/wp-content\/uploads\/2022\/05\/68ca25cfcd7d2f437fedaa37d04d72ea.jpeg\" class=\"attachment-large size-large wp-image-10846\" alt=\"\" srcset=\"https:\/\/joanabastos.pt\/wp-content\/uploads\/2022\/05\/68ca25cfcd7d2f437fedaa37d04d72ea.jpeg 340w, https:\/\/joanabastos.pt\/wp-content\/uploads\/2022\/05\/68ca25cfcd7d2f437fedaa37d04d72ea-300x244.jpeg 300w\" sizes=\"(max-width: 340px) 100vw, 340px\" \/>\t\t\t\t\t\t\t\t<\/a>\n\t\t\t\t\t\t\t\t\t\t\t\t\t\t\t<\/div>\n\t\t\t\t<\/div>\n\t\t\t\t<div class=\"elementor-element elementor-element-d856e36 elementor-widget elementor-widget-image-box\" data-id=\"d856e36\" data-element_type=\"widget\" data-e-type=\"widget\" data-widget_type=\"image-box.default\">\n\t\t\t\t<div class=\"elementor-widget-container\">\n\t\t\t\t\t<div class=\"elementor-image-box-wrapper\"><div class=\"elementor-image-box-content\"><h4 class=\"elementor-image-box-title\"><a href=\"https:\/\/joanabastos.pt\/en\/galeria-4\/\">Qualifica 2016<\/a><\/h4><p class=\"elementor-image-box-description\"><b>Date<\/b>: April 2016<br>\n<b>Theme<\/b>: Artistic Makeup<br>\n<b>Location<\/b>: Exponor, Oporto<br><br>\nBrand activation for Portal Decor Company with artistic makeup live performance.<\/p><\/div><\/div>\t\t\t\t<\/div>\n\t\t\t\t<\/div>\n\t\t\t\t<div class=\"elementor-element elementor-element-53972d9 elementor-widget-divider--view-line elementor-widget elementor-widget-divider\" data-id=\"53972d9\" data-element_type=\"widget\" data-e-type=\"widget\" data-widget_type=\"divider.default\">\n\t\t\t\t<div class=\"elementor-widget-container\">\n\t\t\t\t\t\t\t<div class=\"elementor-divider\">\n\t\t\t<span class=\"elementor-divider-separator\">\n\t\t\t\t\t\t<\/span>\n\t\t<\/div>\n\t\t\t\t\t\t<\/div>\n\t\t\t\t<\/div>\n\t\t\t\t<div class=\"elementor-element elementor-element-3a23d76 image_hover elementor-widget elementor-widget-image\" data-id=\"3a23d76\" data-element_type=\"widget\" data-e-type=\"widget\" data-widget_type=\"image.default\">\n\t\t\t\t<div class=\"elementor-widget-container\">\n\t\t\t\t\t\t\t\t\t\t\t\t\t\t\t\t<a href=\"https:\/\/joanabastos.pt\/en\/galeria-8\/\">\n\t\t\t\t\t\t\t<img loading=\"lazy\" decoding=\"async\" width=\"340\" height=\"510\" src=\"https:\/\/joanabastos.pt\/wp-content\/uploads\/2022\/05\/90c1140d0440b9753d499f1cf051e38b.jpg\" class=\"attachment-large size-large wp-image-10853\" alt=\"\" srcset=\"https:\/\/joanabastos.pt\/wp-content\/uploads\/2022\/05\/90c1140d0440b9753d499f1cf051e38b.jpg 340w, https:\/\/joanabastos.pt\/wp-content\/uploads\/2022\/05\/90c1140d0440b9753d499f1cf051e38b-200x300.jpg 200w\" sizes=\"(max-width: 340px) 100vw, 340px\" \/>\t\t\t\t\t\t\t\t<\/a>\n\t\t\t\t\t\t\t\t\t\t\t\t\t\t\t<\/div>\n\t\t\t\t<\/div>\n\t\t\t\t<div class=\"elementor-element elementor-element-8ae9f5c image_hover elementor-widget elementor-widget-image\" data-id=\"8ae9f5c\" data-element_type=\"widget\" data-e-type=\"widget\" data-widget_type=\"image.default\">\n\t\t\t\t<div class=\"elementor-widget-container\">\n\t\t\t\t\t\t\t\t\t\t\t\t\t\t\t\t<a href=\"https:\/\/joanabastos.pt\/en\/galeria-8\/\">\n\t\t\t\t\t\t\t<img loading=\"lazy\" decoding=\"async\" width=\"340\" height=\"510\" src=\"https:\/\/joanabastos.pt\/wp-content\/uploads\/2022\/05\/6e8bd92fce36a4cb56199c627e449844.jpg\" class=\"attachment-large size-large wp-image-10852\" alt=\"\" srcset=\"https:\/\/joanabastos.pt\/wp-content\/uploads\/2022\/05\/6e8bd92fce36a4cb56199c627e449844.jpg 340w, https:\/\/joanabastos.pt\/wp-content\/uploads\/2022\/05\/6e8bd92fce36a4cb56199c627e449844-200x300.jpg 200w\" sizes=\"(max-width: 340px) 100vw, 340px\" \/>\t\t\t\t\t\t\t\t<\/a>\n\t\t\t\t\t\t\t\t\t\t\t\t\t\t\t<\/div>\n\t\t\t\t<\/div>\n\t\t\t\t<div class=\"elementor-element elementor-element-05b79b6 elementor-widget elementor-widget-image-box\" data-id=\"05b79b6\" data-element_type=\"widget\" data-e-type=\"widget\" data-widget_type=\"image-box.default\">\n\t\t\t\t<div class=\"elementor-widget-container\">\n\t\t\t\t\t<div class=\"elementor-image-box-wrapper\"><div class=\"elementor-image-box-content\"><h4 class=\"elementor-image-box-title\"><a href=\"https:\/\/joanabastos.pt\/en\/galeria-8\/\">Eros Porto 2015<\/a><\/h4><p class=\"elementor-image-box-description\">March 2015<br>\nOporto<br><br>\n<\/p><\/div><\/div>\t\t\t\t<\/div>\n\t\t\t\t<\/div>\n\t\t\t\t<div class=\"elementor-element elementor-element-cf02c08 elementor-widget-divider--view-line elementor-widget elementor-widget-divider\" data-id=\"cf02c08\" data-element_type=\"widget\" data-e-type=\"widget\" data-widget_type=\"divider.default\">\n\t\t\t\t<div class=\"elementor-widget-container\">\n\t\t\t\t\t\t\t<div class=\"elementor-divider\">\n\t\t\t<span class=\"elementor-divider-separator\">\n\t\t\t\t\t\t<\/span>\n\t\t<\/div>\n\t\t\t\t\t\t<\/div>\n\t\t\t\t<\/div>\n\t\t\t\t<div class=\"elementor-element elementor-element-e5cdce5 elementor-position-top elementor-widget elementor-widget-image-box\" data-id=\"e5cdce5\" data-element_type=\"widget\" data-e-type=\"widget\" data-widget_type=\"image-box.default\">\n\t\t\t\t<div class=\"elementor-widget-container\">\n\t\t\t\t\t<div class=\"elementor-image-box-wrapper\"><figure class=\"elementor-image-box-img\"><img loading=\"lazy\" decoding=\"async\" width=\"340\" height=\"117\" src=\"https:\/\/joanabastos.pt\/wp-content\/uploads\/2022\/05\/a7426a6ecd2c8625cc60e8acee1e321b.jpg\" class=\"attachment-full size-full wp-image-10857\" alt=\"\" srcset=\"https:\/\/joanabastos.pt\/wp-content\/uploads\/2022\/05\/a7426a6ecd2c8625cc60e8acee1e321b.jpg 340w, https:\/\/joanabastos.pt\/wp-content\/uploads\/2022\/05\/a7426a6ecd2c8625cc60e8acee1e321b-300x103.jpg 300w\" sizes=\"(max-width: 340px) 100vw, 340px\" \/><\/figure><div class=\"elementor-image-box-content\"><h4 class=\"elementor-image-box-title\">HONORABLE MENTION AT THE LA JOLLA INTERNATIONAL FASHION FILM \nFESTIVAL 2014<\/h4><p class=\"elementor-image-box-description\">July 2014<br>\nS. Diego, Calif\u00f3rnia<br><br>\n<\/p><\/div><\/div>\t\t\t\t<\/div>\n\t\t\t\t<\/div>\n\t\t\t\t<div class=\"elementor-element elementor-element-b61ddb3 elementor-widget__width-inherit elementor-hidden-tablet elementor-widget elementor-widget-toggle\" data-id=\"b61ddb3\" data-element_type=\"widget\" data-e-type=\"widget\" data-widget_type=\"toggle.default\">\n\t\t\t\t<div class=\"elementor-widget-container\">\n\t\t\t\t\t\t\t<div class=\"elementor-toggle\">\n\t\t\t\t\t\t\t<div class=\"elementor-toggle-item\">\n\t\t\t\t\t<h6 id=\"elementor-tab-title-1901\" class=\"elementor-tab-title\" data-tab=\"1\" role=\"button\" aria-controls=\"elementor-tab-content-1901\" aria-expanded=\"false\">\n\t\t\t\t\t\t\t\t\t\t\t\t<span class=\"elementor-toggle-icon elementor-toggle-icon-left\" aria-hidden=\"true\">\n\t\t\t\t\t\t\t\t\t\t\t\t\t\t\t<span class=\"elementor-toggle-icon-closed\"><i class=\"fas fa-chevron-down\"><\/i><\/span>\n\t\t\t\t\t\t\t\t<span class=\"elementor-toggle-icon-opened\"><i class=\"elementor-toggle-icon-opened fas fa-chevron-up\"><\/i><\/span>\n\t\t\t\t\t\t\t\t\t\t\t\t\t<\/span>\n\t\t\t\t\t\t\t\t\t\t\t\t<a class=\"elementor-toggle-title\" tabindex=\"0\">See More<\/a>\n\t\t\t\t\t<\/h6>\n\n\t\t\t\t\t<div id=\"elementor-tab-content-1901\" class=\"elementor-tab-content elementor-clearfix\" data-tab=\"1\" role=\"region\" aria-labelledby=\"elementor-tab-title-1901\"><p>Fashion film Pure Essence, directed, written and produced by Joana Bastos, was \nselected for the top 10 in the special screening selection category with the honorable \nmention at the La Jolla International Fashion Film Festival 2014\nThe concept of this film is about the essence of the women in its purest form, in which\nthe eyes are the mirror of the soul.<\/p><\/div>\n\t\t\t\t<\/div>\n\t\t\t\t\t\t\t\t<\/div>\n\t\t\t\t\t\t<\/div>\n\t\t\t\t<\/div>\n\t\t\t\t<div class=\"elementor-element elementor-element-dafb9f1 elementor-widget-divider--view-line elementor-widget elementor-widget-divider\" data-id=\"dafb9f1\" data-element_type=\"widget\" data-e-type=\"widget\" data-widget_type=\"divider.default\">\n\t\t\t\t<div class=\"elementor-widget-container\">\n\t\t\t\t\t\t\t<div class=\"elementor-divider\">\n\t\t\t<span class=\"elementor-divider-separator\">\n\t\t\t\t\t\t<\/span>\n\t\t<\/div>\n\t\t\t\t\t\t<\/div>\n\t\t\t\t<\/div>\n\t\t\t\t<div class=\"elementor-element elementor-element-e09ff91 image_hover elementor-widget elementor-widget-image\" data-id=\"e09ff91\" data-element_type=\"widget\" data-e-type=\"widget\" data-widget_type=\"image.default\">\n\t\t\t\t<div class=\"elementor-widget-container\">\n\t\t\t\t\t\t\t\t\t\t\t\t\t\t\t\t<a href=\"https:\/\/joanabastos.pt\/en\/galeria-12\/\">\n\t\t\t\t\t\t\t<img loading=\"lazy\" decoding=\"async\" width=\"640\" height=\"960\" src=\"https:\/\/joanabastos.pt\/wp-content\/uploads\/2025\/01\/26B-Festival-Austria-2013.1-683x1024.webp\" class=\"attachment-large size-large wp-image-19904\" alt=\"\" srcset=\"https:\/\/joanabastos.pt\/wp-content\/uploads\/2025\/01\/26B-Festival-Austria-2013.1-683x1024.webp 683w, https:\/\/joanabastos.pt\/wp-content\/uploads\/2025\/01\/26B-Festival-Austria-2013.1-200x300.webp 200w, https:\/\/joanabastos.pt\/wp-content\/uploads\/2025\/01\/26B-Festival-Austria-2013.1.webp 720w\" sizes=\"(max-width: 640px) 100vw, 640px\" \/>\t\t\t\t\t\t\t\t<\/a>\n\t\t\t\t\t\t\t\t\t\t\t\t\t\t\t<\/div>\n\t\t\t\t<\/div>\n\t\t\t\t<div class=\"elementor-element elementor-element-5f7facc image_hover elementor-widget elementor-widget-image\" data-id=\"5f7facc\" data-element_type=\"widget\" data-e-type=\"widget\" data-widget_type=\"image.default\">\n\t\t\t\t<div class=\"elementor-widget-container\">\n\t\t\t\t\t\t\t\t\t\t\t\t\t\t\t\t<a href=\"https:\/\/joanabastos.pt\/en\/galeria-12\/\">\n\t\t\t\t\t\t\t<img loading=\"lazy\" decoding=\"async\" width=\"340\" height=\"510\" src=\"https:\/\/joanabastos.pt\/wp-content\/uploads\/2022\/05\/a7e3492ff1ba5329931bcb416b5d2186.jpg\" class=\"attachment-large size-large wp-image-10869\" alt=\"\" srcset=\"https:\/\/joanabastos.pt\/wp-content\/uploads\/2022\/05\/a7e3492ff1ba5329931bcb416b5d2186.jpg 340w, https:\/\/joanabastos.pt\/wp-content\/uploads\/2022\/05\/a7e3492ff1ba5329931bcb416b5d2186-200x300.jpg 200w\" sizes=\"(max-width: 340px) 100vw, 340px\" \/>\t\t\t\t\t\t\t\t<\/a>\n\t\t\t\t\t\t\t\t\t\t\t\t\t\t\t<\/div>\n\t\t\t\t<\/div>\n\t\t\t\t<div class=\"elementor-element elementor-element-9402ae5 elementor-widget elementor-widget-image-box\" data-id=\"9402ae5\" data-element_type=\"widget\" data-e-type=\"widget\" data-widget_type=\"image-box.default\">\n\t\t\t\t<div class=\"elementor-widget-container\">\n\t\t\t\t\t<div class=\"elementor-image-box-wrapper\"><div class=\"elementor-image-box-content\"><h4 class=\"elementor-image-box-title\"><a href=\"https:\/\/joanabastos.pt\/en\/galeria-12\/\">JOANA BASTOS AT THE FINAL OF\nWORLD BODYPAINTING FESTIVAL 2013<\/a><\/h4><p class=\"elementor-image-box-description\">July 2013<br>\nPortschach, \u00c1ustria<br><br>\n\n\n<\/p><\/div><\/div>\t\t\t\t<\/div>\n\t\t\t\t<\/div>\n\t\t\t\t<div class=\"elementor-element elementor-element-b13140f elementor-widget__width-inherit elementor-hidden-tablet elementor-widget elementor-widget-toggle\" data-id=\"b13140f\" data-element_type=\"widget\" data-e-type=\"widget\" data-widget_type=\"toggle.default\">\n\t\t\t\t<div class=\"elementor-widget-container\">\n\t\t\t\t\t\t\t<div class=\"elementor-toggle\">\n\t\t\t\t\t\t\t<div class=\"elementor-toggle-item\">\n\t\t\t\t\t<h6 id=\"elementor-tab-title-1851\" class=\"elementor-tab-title\" data-tab=\"1\" role=\"button\" aria-controls=\"elementor-tab-content-1851\" aria-expanded=\"false\">\n\t\t\t\t\t\t\t\t\t\t\t\t<span class=\"elementor-toggle-icon elementor-toggle-icon-left\" aria-hidden=\"true\">\n\t\t\t\t\t\t\t\t\t\t\t\t\t\t\t<span class=\"elementor-toggle-icon-closed\"><i class=\"fas fa-chevron-down\"><\/i><\/span>\n\t\t\t\t\t\t\t\t<span class=\"elementor-toggle-icon-opened\"><i class=\"elementor-toggle-icon-opened fas fa-chevron-up\"><\/i><\/span>\n\t\t\t\t\t\t\t\t\t\t\t\t\t<\/span>\n\t\t\t\t\t\t\t\t\t\t\t\t<a class=\"elementor-toggle-title\" tabindex=\"0\">See More<\/a>\n\t\t\t\t\t<\/h6>\n\n\t\t\t\t\t<div id=\"elementor-tab-content-1851\" class=\"elementor-tab-content elementor-clearfix\" data-tab=\"1\" role=\"region\" aria-labelledby=\"elementor-tab-title-1851\"><p>- 11th place at the semi-final of special effects category. Theme: \"Planet Food\". Creation:\u00a0<a href=\"http:\/\/joanabastos.pt\/en\/galeria\/96\/\">Stop Eating Animals<\/a><br \/><span style=\"color: var(--edubin-content-color); letter-spacing: 0px;\">- 10th place at the final of special effects category. Theme: \"Holy Geometry\".\u00a0<\/span><a style=\"background-color: #ffffff; letter-spacing: 0px;\" href=\"http:\/\/joanabastos.pt\/en\/galeria\/97\/\">Kundalini<\/a><\/p><\/div>\n\t\t\t\t<\/div>\n\t\t\t\t\t\t\t\t<\/div>\n\t\t\t\t\t\t<\/div>\n\t\t\t\t<\/div>\n\t\t\t\t<div class=\"elementor-element elementor-element-34e7122 elementor-widget-divider--view-line elementor-widget elementor-widget-divider\" data-id=\"34e7122\" data-element_type=\"widget\" data-e-type=\"widget\" data-widget_type=\"divider.default\">\n\t\t\t\t<div class=\"elementor-widget-container\">\n\t\t\t\t\t\t\t<div class=\"elementor-divider\">\n\t\t\t<span class=\"elementor-divider-separator\">\n\t\t\t\t\t\t<\/span>\n\t\t<\/div>\n\t\t\t\t\t\t<\/div>\n\t\t\t\t<\/div>\n\t\t\t\t<div class=\"elementor-element elementor-element-7caaf7f image_hover elementor-widget elementor-widget-image\" data-id=\"7caaf7f\" data-element_type=\"widget\" data-e-type=\"widget\" data-widget_type=\"image.default\">\n\t\t\t\t<div class=\"elementor-widget-container\">\n\t\t\t\t\t\t\t\t\t\t\t\t\t\t\t\t<a href=\"https:\/\/joanabastos.pt\/en\/galeria-20\/\">\n\t\t\t\t\t\t\t<img loading=\"lazy\" decoding=\"async\" width=\"640\" height=\"961\" src=\"https:\/\/joanabastos.pt\/wp-content\/uploads\/2023\/01\/joana-bastos-eventos-concursos-festival-austria-2011-29-682x1024.webp\" class=\"attachment-large size-large wp-image-16097\" alt=\"\" srcset=\"https:\/\/joanabastos.pt\/wp-content\/uploads\/2023\/01\/joana-bastos-eventos-concursos-festival-austria-2011-29-682x1024.webp 682w, https:\/\/joanabastos.pt\/wp-content\/uploads\/2023\/01\/joana-bastos-eventos-concursos-festival-austria-2011-29-200x300.webp 200w, https:\/\/joanabastos.pt\/wp-content\/uploads\/2023\/01\/joana-bastos-eventos-concursos-festival-austria-2011-29-768x1152.webp 768w, https:\/\/joanabastos.pt\/wp-content\/uploads\/2023\/01\/joana-bastos-eventos-concursos-festival-austria-2011-29-8x12.webp 8w, https:\/\/joanabastos.pt\/wp-content\/uploads\/2023\/01\/joana-bastos-eventos-concursos-festival-austria-2011-29.webp 853w\" sizes=\"(max-width: 640px) 100vw, 640px\" \/>\t\t\t\t\t\t\t\t<\/a>\n\t\t\t\t\t\t\t\t\t\t\t\t\t\t\t<\/div>\n\t\t\t\t<\/div>\n\t\t\t\t<div class=\"elementor-element elementor-element-2b3bacc image_hover elementor-widget elementor-widget-image\" data-id=\"2b3bacc\" data-element_type=\"widget\" data-e-type=\"widget\" data-widget_type=\"image.default\">\n\t\t\t\t<div class=\"elementor-widget-container\">\n\t\t\t\t\t\t\t\t\t\t\t\t\t\t\t\t<a href=\"https:\/\/joanabastos.pt\/en\/galeria-20\/\">\n\t\t\t\t\t\t\t<img loading=\"lazy\" decoding=\"async\" width=\"640\" height=\"960\" src=\"https:\/\/joanabastos.pt\/wp-content\/uploads\/2025\/01\/31B-festival-Austria-2011-683x1024.webp\" class=\"attachment-large size-large wp-image-19977\" alt=\"\" srcset=\"https:\/\/joanabastos.pt\/wp-content\/uploads\/2025\/01\/31B-festival-Austria-2011-683x1024.webp 683w, https:\/\/joanabastos.pt\/wp-content\/uploads\/2025\/01\/31B-festival-Austria-2011-200x300.webp 200w, https:\/\/joanabastos.pt\/wp-content\/uploads\/2025\/01\/31B-festival-Austria-2011-768x1152.webp 768w, https:\/\/joanabastos.pt\/wp-content\/uploads\/2025\/01\/31B-festival-Austria-2011-1024x1536.webp 1024w, https:\/\/joanabastos.pt\/wp-content\/uploads\/2025\/01\/31B-festival-Austria-2011-1366x2048.webp 1366w, https:\/\/joanabastos.pt\/wp-content\/uploads\/2025\/01\/31B-festival-Austria-2011.webp 1656w\" sizes=\"(max-width: 640px) 100vw, 640px\" \/>\t\t\t\t\t\t\t\t<\/a>\n\t\t\t\t\t\t\t\t\t\t\t\t\t\t\t<\/div>\n\t\t\t\t<\/div>\n\t\t\t\t<div class=\"elementor-element elementor-element-5a79721 elementor-widget elementor-widget-image-box\" data-id=\"5a79721\" data-element_type=\"widget\" data-e-type=\"widget\" data-widget_type=\"image-box.default\">\n\t\t\t\t<div class=\"elementor-widget-container\">\n\t\t\t\t\t<div class=\"elementor-image-box-wrapper\"><div class=\"elementor-image-box-content\"><h4 class=\"elementor-image-box-title\"><a href=\"https:\/\/joanabastos.pt\/en\/galeria-20\/\">JOANA BASTOS AT THE FINAL OF WORLD BODYPAINTING FESTIVAL 2011<\/a><\/h4><p class=\"elementor-image-box-description\">July 2011<br>\nPortschach, \u00c1ustria<br><br>\nJoana Bastos achieves the seventeenth place at the WBF festival in the special effects \nbodypainting category.\n<\/p><\/div><\/div>\t\t\t\t<\/div>\n\t\t\t\t<\/div>\n\t\t\t\t<div class=\"elementor-element elementor-element-de437d5 elementor-widget__width-inherit elementor-hidden-tablet elementor-widget elementor-widget-toggle\" data-id=\"de437d5\" data-element_type=\"widget\" data-e-type=\"widget\" data-widget_type=\"toggle.default\">\n\t\t\t\t<div class=\"elementor-widget-container\">\n\t\t\t\t\t\t\t<div class=\"elementor-toggle\">\n\t\t\t\t\t\t\t<div class=\"elementor-toggle-item\">\n\t\t\t\t\t<h6 id=\"elementor-tab-title-2331\" class=\"elementor-tab-title\" data-tab=\"1\" role=\"button\" aria-controls=\"elementor-tab-content-2331\" aria-expanded=\"false\">\n\t\t\t\t\t\t\t\t\t\t\t\t<span class=\"elementor-toggle-icon elementor-toggle-icon-left\" aria-hidden=\"true\">\n\t\t\t\t\t\t\t\t\t\t\t\t\t\t\t<span class=\"elementor-toggle-icon-closed\"><i class=\"fas fa-chevron-down\"><\/i><\/span>\n\t\t\t\t\t\t\t\t<span class=\"elementor-toggle-icon-opened\"><i class=\"elementor-toggle-icon-opened fas fa-chevron-up\"><\/i><\/span>\n\t\t\t\t\t\t\t\t\t\t\t\t\t<\/span>\n\t\t\t\t\t\t\t\t\t\t\t\t<a class=\"elementor-toggle-title\" tabindex=\"0\">See More<\/a>\n\t\t\t\t\t<\/h6>\n\n\t\t\t\t\t<div id=\"elementor-tab-content-2331\" class=\"elementor-tab-content elementor-clearfix\" data-tab=\"1\" role=\"region\" aria-labelledby=\"elementor-tab-title-2331\"><p>- 18th place at the semi-final of special effects category. Theme: \"Renaissance\". Creation:\u00a0<a href=\"http:\/\/joanabastos.pt\/en\/galeria\/83\/\">Mother Nature<\/a><\/p><p>- 13th place at the final of special effects category. Theme:\"High Fashion\". Creation:\u00a0<a href=\"http:\/\/joanabastos.pt\/en\/galeria\/84\/\">Peacock Woman<\/a><\/p><\/div>\n\t\t\t\t<\/div>\n\t\t\t\t\t\t\t\t<\/div>\n\t\t\t\t\t\t<\/div>\n\t\t\t\t<\/div>\n\t\t\t\t<div class=\"elementor-element elementor-element-e67320c elementor-widget-divider--view-line elementor-widget elementor-widget-divider\" data-id=\"e67320c\" data-element_type=\"widget\" data-e-type=\"widget\" data-widget_type=\"divider.default\">\n\t\t\t\t<div class=\"elementor-widget-container\">\n\t\t\t\t\t\t\t<div class=\"elementor-divider\">\n\t\t\t<span class=\"elementor-divider-separator\">\n\t\t\t\t\t\t<\/span>\n\t\t<\/div>\n\t\t\t\t\t\t<\/div>\n\t\t\t\t<\/div>\n\t\t\t\t<div class=\"elementor-element elementor-element-c3c23df image_hover elementor-widget elementor-widget-image\" data-id=\"c3c23df\" data-element_type=\"widget\" data-e-type=\"widget\" data-widget_type=\"image.default\">\n\t\t\t\t<div class=\"elementor-widget-container\">\n\t\t\t\t\t\t\t\t\t\t\t\t\t\t\t\t<a href=\"https:\/\/joanabastos.pt\/en\/galeria-17\/\">\n\t\t\t\t\t\t\t<img loading=\"lazy\" decoding=\"async\" width=\"340\" height=\"511\" src=\"https:\/\/joanabastos.pt\/wp-content\/uploads\/2022\/05\/24d66740f1d4472b5339dd6909424aea.jpg\" class=\"attachment-large size-large wp-image-10905\" alt=\"\" srcset=\"https:\/\/joanabastos.pt\/wp-content\/uploads\/2022\/05\/24d66740f1d4472b5339dd6909424aea.jpg 340w, https:\/\/joanabastos.pt\/wp-content\/uploads\/2022\/05\/24d66740f1d4472b5339dd6909424aea-200x300.jpg 200w\" sizes=\"(max-width: 340px) 100vw, 340px\" \/>\t\t\t\t\t\t\t\t<\/a>\n\t\t\t\t\t\t\t\t\t\t\t\t\t\t\t<\/div>\n\t\t\t\t<\/div>\n\t\t\t\t<div class=\"elementor-element elementor-element-84f8af4 elementor-widget elementor-widget-image-box\" data-id=\"84f8af4\" data-element_type=\"widget\" data-e-type=\"widget\" data-widget_type=\"image-box.default\">\n\t\t\t\t<div class=\"elementor-widget-container\">\n\t\t\t\t\t<div class=\"elementor-image-box-wrapper\"><div class=\"elementor-image-box-content\"><h4 class=\"elementor-image-box-title\"><a href=\"https:\/\/joanabastos.pt\/en\/galeria-17\/\">1ST PRIZE AT BODYPAINTING FESTIVAL PORTUGAL<\/a><\/h4><p class=\"elementor-image-box-description\"><b>Date<\/b>: July 2010<br>\n<b>Theme<\/b>: Fisherman<br>\n<b>Creation<\/b>: Fisherman<br>\n<b>Category<\/b>: SFX of bodypainting<br>\n<b>Location<\/b>: Oporto<\/p><\/div><\/div>\t\t\t\t<\/div>\n\t\t\t\t<\/div>\n\t\t\t\t<div class=\"elementor-element elementor-element-7f147a7 elementor-widget__width-inherit elementor-hidden-tablet elementor-widget elementor-widget-toggle\" data-id=\"7f147a7\" data-element_type=\"widget\" data-e-type=\"widget\" data-widget_type=\"toggle.default\">\n\t\t\t\t<div class=\"elementor-widget-container\">\n\t\t\t\t\t\t\t<div class=\"elementor-toggle\">\n\t\t\t\t\t\t\t<div class=\"elementor-toggle-item\">\n\t\t\t\t\t<h6 id=\"elementor-tab-title-1331\" class=\"elementor-tab-title\" data-tab=\"1\" role=\"button\" aria-controls=\"elementor-tab-content-1331\" aria-expanded=\"false\">\n\t\t\t\t\t\t\t\t\t\t\t\t<span class=\"elementor-toggle-icon elementor-toggle-icon-left\" aria-hidden=\"true\">\n\t\t\t\t\t\t\t\t\t\t\t\t\t\t\t<span class=\"elementor-toggle-icon-closed\"><i class=\"fas fa-chevron-down\"><\/i><\/span>\n\t\t\t\t\t\t\t\t<span class=\"elementor-toggle-icon-opened\"><i class=\"elementor-toggle-icon-opened fas fa-chevron-up\"><\/i><\/span>\n\t\t\t\t\t\t\t\t\t\t\t\t\t<\/span>\n\t\t\t\t\t\t\t\t\t\t\t\t<a class=\"elementor-toggle-title\" tabindex=\"0\">See More<\/a>\n\t\t\t\t\t<\/h6>\n\n\t\t\t\t\t<div id=\"elementor-tab-content-1331\" class=\"elementor-tab-content elementor-clearfix\" data-tab=\"1\" role=\"region\" aria-labelledby=\"elementor-tab-title-1331\"><p>\"Fisherman\" is a manufacturer of surfboards.\n\nWas it that inspired me, betting a characterization alluding to man and the fish, the colors and reflections of the ocean depths, the various maritime motifs, such as coral and algae; and extreme sports, through the fluorine shades used.<\/p><\/div>\n\t\t\t\t<\/div>\n\t\t\t\t\t\t\t\t<\/div>\n\t\t\t\t\t\t<\/div>\n\t\t\t\t<\/div>\n\t\t\t\t\t<\/div>\n\t\t<\/div>\n\t\t\t\t\t<\/div>\n\t\t<\/section>\n\t\t\t\t<section class=\"elementor-section elementor-top-section elementor-element elementor-element-b1014e0 elementor-hidden-desktop elementor-hidden-tablet elementor-section-boxed elementor-section-height-default elementor-section-height-default\" data-id=\"b1014e0\" data-element_type=\"section\" data-e-type=\"section\" data-settings=\"{&quot;jet_parallax_layout_list&quot;:[]}\">\n\t\t\t\t\t\t<div class=\"elementor-container elementor-column-gap-default\">\n\t\t\t\t\t<div class=\"elementor-column elementor-col-100 elementor-top-column elementor-element elementor-element-caf54a9\" data-id=\"caf54a9\" data-element_type=\"column\" data-e-type=\"column\">\n\t\t\t<div class=\"elementor-widget-wrap elementor-element-populated\">\n\t\t\t\t\t\t<div class=\"elementor-element elementor-element-95bc13d image_hover elementor-widget elementor-widget-image\" data-id=\"95bc13d\" data-element_type=\"widget\" data-e-type=\"widget\" data-widget_type=\"image.default\">\n\t\t\t\t<div class=\"elementor-widget-container\">\n\t\t\t\t\t\t\t\t\t\t\t\t\t\t\t\t<a href=\"https:\/\/joanabastos.pt\/en\/galeria-exposicao-de-fotografia-eu-sou-arte-em-medina-art-gallery\/\">\n\t\t\t\t\t\t\t<img fetchpriority=\"high\" decoding=\"async\" width=\"640\" height=\"800\" src=\"https:\/\/joanabastos.pt\/wp-content\/uploads\/2024\/12\/1A-Capa-819x1024.webp\" class=\"attachment-large size-large wp-image-19717\" alt=\"\" srcset=\"https:\/\/joanabastos.pt\/wp-content\/uploads\/2024\/12\/1A-Capa-819x1024.webp 819w, https:\/\/joanabastos.pt\/wp-content\/uploads\/2024\/12\/1A-Capa-240x300.webp 240w, https:\/\/joanabastos.pt\/wp-content\/uploads\/2024\/12\/1A-Capa-768x960.webp 768w, https:\/\/joanabastos.pt\/wp-content\/uploads\/2024\/12\/1A-Capa-1229x1536.webp 1229w, https:\/\/joanabastos.pt\/wp-content\/uploads\/2024\/12\/1A-Capa-1638x2048.webp 1638w, https:\/\/joanabastos.pt\/wp-content\/uploads\/2024\/12\/1A-Capa-scaled.webp 2048w\" sizes=\"(max-width: 640px) 100vw, 640px\" \/>\t\t\t\t\t\t\t\t<\/a>\n\t\t\t\t\t\t\t\t\t\t\t\t\t\t\t<\/div>\n\t\t\t\t<\/div>\n\t\t\t\t<div class=\"elementor-element elementor-element-9c70818 elementor-widget elementor-widget-image-box\" data-id=\"9c70818\" data-element_type=\"widget\" data-e-type=\"widget\" data-widget_type=\"image-box.default\">\n\t\t\t\t<div class=\"elementor-widget-container\">\n\t\t\t\t\t<div class=\"elementor-image-box-wrapper\"><div class=\"elementor-image-box-content\"><h4 class=\"elementor-image-box-title\"><a href=\"https:\/\/joanabastos.pt\/en\/galeria-exposicao-de-fotografia-eu-sou-arte-em-medina-art-gallery\/\">PHOTOGRAPHY EXHIBITION \u201cI AM ART\u201d\nAT MATE FESTIVAL<\/a><\/h4><p class=\"elementor-image-box-description\">October 2024<br>\nCoimbra<br><br>\nExhibition of the 1st edition of the photographic results of 'I Am Art: The expression of \nmy creative essence\u201d experience by Joana Bastos, at the MATE festival in Coimbra.<\/p><\/div><\/div>\t\t\t\t<\/div>\n\t\t\t\t<\/div>\n\t\t\t\t<div class=\"elementor-element elementor-element-ccc67d8 elementor-widget-divider--view-line elementor-widget elementor-widget-divider\" data-id=\"ccc67d8\" data-element_type=\"widget\" data-e-type=\"widget\" data-widget_type=\"divider.default\">\n\t\t\t\t<div class=\"elementor-widget-container\">\n\t\t\t\t\t\t\t<div class=\"elementor-divider\">\n\t\t\t<span class=\"elementor-divider-separator\">\n\t\t\t\t\t\t<\/span>\n\t\t<\/div>\n\t\t\t\t\t\t<\/div>\n\t\t\t\t<\/div>\n\t\t\t\t<div class=\"elementor-element elementor-element-164d9e8 elementor-position-top elementor-widget elementor-widget-image-box\" data-id=\"164d9e8\" data-element_type=\"widget\" data-e-type=\"widget\" data-widget_type=\"image-box.default\">\n\t\t\t\t<div class=\"elementor-widget-container\">\n\t\t\t\t\t<div class=\"elementor-image-box-wrapper\"><figure class=\"elementor-image-box-img\"><img loading=\"lazy\" decoding=\"async\" width=\"1491\" height=\"1865\" src=\"https:\/\/joanabastos.pt\/wp-content\/uploads\/2024\/12\/2A-Capa-Melhor-figurino-Croacia.webp\" class=\"attachment-full size-full wp-image-19719\" alt=\"\" srcset=\"https:\/\/joanabastos.pt\/wp-content\/uploads\/2024\/12\/2A-Capa-Melhor-figurino-Croacia.webp 1491w, https:\/\/joanabastos.pt\/wp-content\/uploads\/2024\/12\/2A-Capa-Melhor-figurino-Croacia-240x300.webp 240w, https:\/\/joanabastos.pt\/wp-content\/uploads\/2024\/12\/2A-Capa-Melhor-figurino-Croacia-819x1024.webp 819w, https:\/\/joanabastos.pt\/wp-content\/uploads\/2024\/12\/2A-Capa-Melhor-figurino-Croacia-768x961.webp 768w, https:\/\/joanabastos.pt\/wp-content\/uploads\/2024\/12\/2A-Capa-Melhor-figurino-Croacia-1228x1536.webp 1228w\" sizes=\"(max-width: 1491px) 100vw, 1491px\" \/><\/figure><div class=\"elementor-image-box-content\"><h4 class=\"elementor-image-box-title\">CROATIA FASHION FILM<\/h4><p class=\"elementor-image-box-description\">October 2024<br>\nCroatia<br><br>\nThe EarlyBird, The true story fashion film, directed, written, produced and performed by \nJoana Bastos, is the award-winner of the Best Costume Design category at the \n<b>Croatia Fashion Film festival.<\/b>\n<\/p><\/div><\/div>\t\t\t\t<\/div>\n\t\t\t\t<\/div>\n\t\t\t\t<div class=\"elementor-element elementor-element-1b5a8d8 elementor-widget-divider--view-line elementor-widget elementor-widget-divider\" data-id=\"1b5a8d8\" data-element_type=\"widget\" data-e-type=\"widget\" data-widget_type=\"divider.default\">\n\t\t\t\t<div class=\"elementor-widget-container\">\n\t\t\t\t\t\t\t<div class=\"elementor-divider\">\n\t\t\t<span class=\"elementor-divider-separator\">\n\t\t\t\t\t\t<\/span>\n\t\t<\/div>\n\t\t\t\t\t\t<\/div>\n\t\t\t\t<\/div>\n\t\t\t\t<div class=\"elementor-element elementor-element-e3586dd image_hover elementor-widget elementor-widget-image\" data-id=\"e3586dd\" data-element_type=\"widget\" data-e-type=\"widget\" data-widget_type=\"image.default\">\n\t\t\t\t<div class=\"elementor-widget-container\">\n\t\t\t\t\t\t\t\t\t\t\t\t\t\t\t\t<a href=\"https:\/\/joanabastos.pt\/en\/festival-filmes-moda-londres\/\">\n\t\t\t\t\t\t\t<img loading=\"lazy\" decoding=\"async\" width=\"640\" height=\"639\" src=\"https:\/\/joanabastos.pt\/wp-content\/uploads\/2024\/12\/2-3.webp\" class=\"attachment-large size-large wp-image-19720\" alt=\"\" srcset=\"https:\/\/joanabastos.pt\/wp-content\/uploads\/2024\/12\/2-3.webp 917w, https:\/\/joanabastos.pt\/wp-content\/uploads\/2024\/12\/2-3-300x300.webp 300w, https:\/\/joanabastos.pt\/wp-content\/uploads\/2024\/12\/2-3-150x150.webp 150w, https:\/\/joanabastos.pt\/wp-content\/uploads\/2024\/12\/2-3-768x767.webp 768w\" sizes=\"(max-width: 640px) 100vw, 640px\" \/>\t\t\t\t\t\t\t\t<\/a>\n\t\t\t\t\t\t\t\t\t\t\t\t\t\t\t<\/div>\n\t\t\t\t<\/div>\n\t\t\t\t<div class=\"elementor-element elementor-element-0fc373e elementor-widget elementor-widget-image-box\" data-id=\"0fc373e\" data-element_type=\"widget\" data-e-type=\"widget\" data-widget_type=\"image-box.default\">\n\t\t\t\t<div class=\"elementor-widget-container\">\n\t\t\t\t\t<div class=\"elementor-image-box-wrapper\"><div class=\"elementor-image-box-content\"><h4 class=\"elementor-image-box-title\"><a href=\"https:\/\/joanabastos.pt\/en\/festival-filmes-moda-londres\/\">LONDON FASHION FILM FESTIVAL 2024<\/a><\/h4><p class=\"elementor-image-box-description\">September 2024<br>\nLondon<br><br>\nJoana Bastos on the Q&amp;A panel and member of the jury at the London Fashion Film \nFestival.\n<\/p><\/div><\/div>\t\t\t\t<\/div>\n\t\t\t\t<\/div>\n\t\t\t\t<div class=\"elementor-element elementor-element-acae8e8 elementor-widget-divider--view-line elementor-widget elementor-widget-divider\" data-id=\"acae8e8\" data-element_type=\"widget\" data-e-type=\"widget\" data-widget_type=\"divider.default\">\n\t\t\t\t<div class=\"elementor-widget-container\">\n\t\t\t\t\t\t\t<div class=\"elementor-divider\">\n\t\t\t<span class=\"elementor-divider-separator\">\n\t\t\t\t\t\t<\/span>\n\t\t<\/div>\n\t\t\t\t\t\t<\/div>\n\t\t\t\t<\/div>\n\t\t\t\t<div class=\"elementor-element elementor-element-cad248d elementor-position-top elementor-widget elementor-widget-image-box\" data-id=\"cad248d\" data-element_type=\"widget\" data-e-type=\"widget\" data-widget_type=\"image-box.default\">\n\t\t\t\t<div class=\"elementor-widget-container\">\n\t\t\t\t\t<div class=\"elementor-image-box-wrapper\"><figure class=\"elementor-image-box-img\"><img decoding=\"async\" width=\"640\" height=\"905\" src=\"https:\/\/joanabastos.pt\/wp-content\/uploads\/2024\/12\/4-A-nomeacao-CANIFFF-724x1024.jpg\" class=\"attachment-large size-large wp-image-19721\" alt=\"\" srcset=\"https:\/\/joanabastos.pt\/wp-content\/uploads\/2024\/12\/4-A-nomeacao-CANIFFF-724x1024.jpg 724w, https:\/\/joanabastos.pt\/wp-content\/uploads\/2024\/12\/4-A-nomeacao-CANIFFF-212x300.jpg 212w, https:\/\/joanabastos.pt\/wp-content\/uploads\/2024\/12\/4-A-nomeacao-CANIFFF.jpg 749w\" sizes=\"(max-width: 640px) 100vw, 640px\" \/><\/figure><div class=\"elementor-image-box-content\"><h4 class=\"elementor-image-box-title\">EARLYBIRD, THE TRUE STORY IS NOMINATED\nFOR BEST COSTUME DESIGN AT CANIFFF FESTIVAL 2024<\/h4><p class=\"elementor-image-box-description\">September 2024<br>\nCanada<br><br>\n<\/p><\/div><\/div>\t\t\t\t<\/div>\n\t\t\t\t<\/div>\n\t\t\t\t<div class=\"elementor-element elementor-element-d1cd296 elementor-widget-divider--view-line elementor-widget elementor-widget-divider\" data-id=\"d1cd296\" data-element_type=\"widget\" data-e-type=\"widget\" data-widget_type=\"divider.default\">\n\t\t\t\t<div class=\"elementor-widget-container\">\n\t\t\t\t\t\t\t<div class=\"elementor-divider\">\n\t\t\t<span class=\"elementor-divider-separator\">\n\t\t\t\t\t\t<\/span>\n\t\t<\/div>\n\t\t\t\t\t\t<\/div>\n\t\t\t\t<\/div>\n\t\t\t\t<div class=\"elementor-element elementor-element-7dcb30c image_hover elementor-widget elementor-widget-image\" data-id=\"7dcb30c\" data-element_type=\"widget\" data-e-type=\"widget\" data-widget_type=\"image.default\">\n\t\t\t\t<div class=\"elementor-widget-container\">\n\t\t\t\t\t\t\t\t\t\t\t\t\t\t\t\t<a href=\"https:\/\/joanabastos.pt\/en\/galeria-exposicao-de-fotografia-eu-sou-arte-em-medina-art-gallery\/\">\n\t\t\t\t\t\t\t<img loading=\"lazy\" decoding=\"async\" width=\"586\" height=\"1024\" src=\"https:\/\/joanabastos.pt\/wp-content\/uploads\/2024\/12\/1-Capa-586x1024.webp\" class=\"attachment-large size-large wp-image-19725\" alt=\"\" srcset=\"https:\/\/joanabastos.pt\/wp-content\/uploads\/2024\/12\/1-Capa-586x1024.webp 586w, https:\/\/joanabastos.pt\/wp-content\/uploads\/2024\/12\/1-Capa-172x300.webp 172w, https:\/\/joanabastos.pt\/wp-content\/uploads\/2024\/12\/1-Capa-768x1341.webp 768w, https:\/\/joanabastos.pt\/wp-content\/uploads\/2024\/12\/1-Capa-880x1536.webp 880w, https:\/\/joanabastos.pt\/wp-content\/uploads\/2024\/12\/1-Capa-1173x2048.webp 1173w, https:\/\/joanabastos.pt\/wp-content\/uploads\/2024\/12\/1-Capa-scaled.webp 1466w\" sizes=\"(max-width: 586px) 100vw, 586px\" \/>\t\t\t\t\t\t\t\t<\/a>\n\t\t\t\t\t\t\t\t\t\t\t\t\t\t\t<\/div>\n\t\t\t\t<\/div>\n\t\t\t\t<div class=\"elementor-element elementor-element-d13586f elementor-widget elementor-widget-image-box\" data-id=\"d13586f\" data-element_type=\"widget\" data-e-type=\"widget\" data-widget_type=\"image-box.default\">\n\t\t\t\t<div class=\"elementor-widget-container\">\n\t\t\t\t\t<div class=\"elementor-image-box-wrapper\"><div class=\"elementor-image-box-content\"><h4 class=\"elementor-image-box-title\"><a href=\"https:\/\/joanabastos.pt\/en\/galeria-exposicao-de-fotografia-eu-sou-arte-em-medina-art-gallery\/\">PHOTOGRAPHY EXHIBITION \u201cI AM ART\u201d\nAT MEDINA ART GALLERY<\/a><\/h4><p class=\"elementor-image-box-description\">August 2024<br>\nRome<br><br>\nExhibition of the 1st edition of the photographic results of 'I Am Art: The expression of \nmy creative essence\u201d experience by Joana Bastos at the Medina art gallery in Rome, \ncurated by Its Liquid Group.<\/p><\/div><\/div>\t\t\t\t<\/div>\n\t\t\t\t<\/div>\n\t\t\t\t<div class=\"elementor-element elementor-element-a42b1a1 elementor-widget-divider--view-line elementor-widget elementor-widget-divider\" data-id=\"a42b1a1\" data-element_type=\"widget\" data-e-type=\"widget\" data-widget_type=\"divider.default\">\n\t\t\t\t<div class=\"elementor-widget-container\">\n\t\t\t\t\t\t\t<div class=\"elementor-divider\">\n\t\t\t<span class=\"elementor-divider-separator\">\n\t\t\t\t\t\t<\/span>\n\t\t<\/div>\n\t\t\t\t\t\t<\/div>\n\t\t\t\t<\/div>\n\t\t\t\t<div class=\"elementor-element elementor-element-d4ae254 elementor-position-top elementor-widget elementor-widget-image-box\" data-id=\"d4ae254\" data-element_type=\"widget\" data-e-type=\"widget\" data-widget_type=\"image-box.default\">\n\t\t\t\t<div class=\"elementor-widget-container\">\n\t\t\t\t\t<div class=\"elementor-image-box-wrapper\"><figure class=\"elementor-image-box-img\"><img loading=\"lazy\" decoding=\"async\" width=\"1900\" height=\"1030\" src=\"https:\/\/joanabastos.pt\/wp-content\/uploads\/2024\/12\/6-A-ARFF-Best-Fashion-Film-Photography-Award.webp\" class=\"attachment-full size-full wp-image-19726\" alt=\"\" srcset=\"https:\/\/joanabastos.pt\/wp-content\/uploads\/2024\/12\/6-A-ARFF-Best-Fashion-Film-Photography-Award.webp 1900w, https:\/\/joanabastos.pt\/wp-content\/uploads\/2024\/12\/6-A-ARFF-Best-Fashion-Film-Photography-Award-300x163.webp 300w, https:\/\/joanabastos.pt\/wp-content\/uploads\/2024\/12\/6-A-ARFF-Best-Fashion-Film-Photography-Award-1024x555.webp 1024w, https:\/\/joanabastos.pt\/wp-content\/uploads\/2024\/12\/6-A-ARFF-Best-Fashion-Film-Photography-Award-768x416.webp 768w, https:\/\/joanabastos.pt\/wp-content\/uploads\/2024\/12\/6-A-ARFF-Best-Fashion-Film-Photography-Award-1536x833.webp 1536w\" sizes=\"(max-width: 1900px) 100vw, 1900px\" \/><\/figure><div class=\"elementor-image-box-content\"><h4 class=\"elementor-image-box-title\">EARLYBIRD, THE TRUE STORY - AWARD-WINNER AT THE \nARFF BARCELONA FESTIVAL 2024<\/h4><p class=\"elementor-image-box-description\">April 2024<br>\nBarcelona<br><br>\nThe EarlyBird, The true story fashion film, directed, written, produced and performed by \nJoana Bastos, is the award-winner of the Best Fashion Film and Photography, at the \nAround Films Festival of Barcelona.\n<\/p><\/div><\/div>\t\t\t\t<\/div>\n\t\t\t\t<\/div>\n\t\t\t\t<div class=\"elementor-element elementor-element-ab89f3b elementor-widget-divider--view-line elementor-widget elementor-widget-divider\" data-id=\"ab89f3b\" data-element_type=\"widget\" data-e-type=\"widget\" data-widget_type=\"divider.default\">\n\t\t\t\t<div class=\"elementor-widget-container\">\n\t\t\t\t\t\t\t<div class=\"elementor-divider\">\n\t\t\t<span class=\"elementor-divider-separator\">\n\t\t\t\t\t\t<\/span>\n\t\t<\/div>\n\t\t\t\t\t\t<\/div>\n\t\t\t\t<\/div>\n\t\t\t\t<div class=\"elementor-element elementor-element-a17033b elementor-pagination-position-outside elementor-widget elementor-widget-image-carousel\" data-id=\"a17033b\" data-element_type=\"widget\" data-e-type=\"widget\" data-settings=\"{&quot;slides_to_show&quot;:&quot;1&quot;,&quot;navigation&quot;:&quot;dots&quot;,&quot;autoplay&quot;:&quot;yes&quot;,&quot;pause_on_hover&quot;:&quot;yes&quot;,&quot;pause_on_interaction&quot;:&quot;yes&quot;,&quot;autoplay_speed&quot;:5000,&quot;infinite&quot;:&quot;yes&quot;,&quot;effect&quot;:&quot;slide&quot;,&quot;speed&quot;:500}\" data-widget_type=\"image-carousel.default\">\n\t\t\t\t<div class=\"elementor-widget-container\">\n\t\t\t\t\t\t\t<div class=\"elementor-image-carousel-wrapper swiper\" role=\"region\" aria-roledescription=\"carousel\" aria-label=\"Carrossel de imagens\" dir=\"ltr\">\n\t\t\t<div class=\"elementor-image-carousel swiper-wrapper\" aria-live=\"off\">\n\t\t\t\t\t\t\t\t<div class=\"swiper-slide\" role=\"group\" aria-roledescription=\"slide\" aria-label=\"1 of 2\" data-no-translation-aria-label=\"\"><figure class=\"swiper-slide-inner\"><img decoding=\"async\" class=\"swiper-slide-image\" src=\"https:\/\/joanabastos.pt\/wp-content\/uploads\/2025\/01\/lafa-2023_CAPA-scaled.webp\" alt=\"lafa-2023_CAPA\" \/><\/figure><\/div><div class=\"swiper-slide\" role=\"group\" aria-roledescription=\"slide\" aria-label=\"2 of 2\" data-no-translation-aria-label=\"\"><figure class=\"swiper-slide-inner\"><img decoding=\"async\" class=\"swiper-slide-image\" src=\"https:\/\/joanabastos.pt\/wp-content\/uploads\/2025\/01\/lafa-2023_EarlyBird2-scaled.webp\" alt=\"lafa-2023_EarlyBird2\" \/><\/figure><\/div>\t\t\t<\/div>\n\t\t\t\t\t\t\t\n\t\t\t\t\t\t\t\t\t<div class=\"swiper-pagination\"><\/div>\n\t\t\t\t\t\t\t\t\t<\/div>\n\t\t\t\t\t\t<\/div>\n\t\t\t\t<\/div>\n\t\t\t\t<div class=\"elementor-element elementor-element-6ef5fac elementor-widget elementor-widget-image-box\" data-id=\"6ef5fac\" data-element_type=\"widget\" data-e-type=\"widget\" data-widget_type=\"image-box.default\">\n\t\t\t\t<div class=\"elementor-widget-container\">\n\t\t\t\t\t<div class=\"elementor-image-box-wrapper\"><div class=\"elementor-image-box-content\"><h4 class=\"elementor-image-box-title\">EARLYBIRD, THE TRUE STORY \u2013 AWARD-WINNER AT THE LOS ANGELES FILM \nAWARDS FESTIVAL<\/h4><p class=\"elementor-image-box-description\">December 2023<br>\nLos Angeles<br><br>\nThe EarlyBird, The true story fashion film, directed, written, produced and performed by \nJoana Bastos, is the award-winner of the Best Costume Design and Best Makeup \ncategories at the Los Angeles Film Awards festival 2023.<\/p><\/div><\/div>\t\t\t\t<\/div>\n\t\t\t\t<\/div>\n\t\t\t\t<div class=\"elementor-element elementor-element-3d3e1fe elementor-widget-divider--view-line elementor-widget elementor-widget-divider\" data-id=\"3d3e1fe\" data-element_type=\"widget\" data-e-type=\"widget\" data-widget_type=\"divider.default\">\n\t\t\t\t<div class=\"elementor-widget-container\">\n\t\t\t\t\t\t\t<div class=\"elementor-divider\">\n\t\t\t<span class=\"elementor-divider-separator\">\n\t\t\t\t\t\t<\/span>\n\t\t<\/div>\n\t\t\t\t\t\t<\/div>\n\t\t\t\t<\/div>\n\t\t\t\t<div class=\"elementor-element elementor-element-59fdf01 elementor-position-top elementor-widget elementor-widget-image-box\" data-id=\"59fdf01\" data-element_type=\"widget\" data-e-type=\"widget\" data-widget_type=\"image-box.default\">\n\t\t\t\t<div class=\"elementor-widget-container\">\n\t\t\t\t\t<div class=\"elementor-image-box-wrapper\"><figure class=\"elementor-image-box-img\"><img loading=\"lazy\" decoding=\"async\" width=\"1080\" height=\"1224\" src=\"https:\/\/joanabastos.pt\/wp-content\/uploads\/2024\/12\/8A-capa-Juri-em-Sarajevo-2023.webp\" class=\"attachment-full size-full wp-image-19734\" alt=\"\" srcset=\"https:\/\/joanabastos.pt\/wp-content\/uploads\/2024\/12\/8A-capa-Juri-em-Sarajevo-2023.webp 1080w, https:\/\/joanabastos.pt\/wp-content\/uploads\/2024\/12\/8A-capa-Juri-em-Sarajevo-2023-265x300.webp 265w, https:\/\/joanabastos.pt\/wp-content\/uploads\/2024\/12\/8A-capa-Juri-em-Sarajevo-2023-904x1024.webp 904w, https:\/\/joanabastos.pt\/wp-content\/uploads\/2024\/12\/8A-capa-Juri-em-Sarajevo-2023-768x870.webp 768w\" sizes=\"(max-width: 1080px) 100vw, 1080px\" \/><\/figure><div class=\"elementor-image-box-content\"><h4 class=\"elementor-image-box-title\">SARAJEVO FASHION FILM FESTIVAL 2023<\/h4><p class=\"elementor-image-box-description\">December 2023<br>\nSarajevo<br><br>\n<\/p><\/div><\/div>\t\t\t\t<\/div>\n\t\t\t\t<\/div>\n\t\t\t\t<div class=\"elementor-element elementor-element-ba14cfb elementor-widget-divider--view-line elementor-widget elementor-widget-divider\" data-id=\"ba14cfb\" data-element_type=\"widget\" data-e-type=\"widget\" data-widget_type=\"divider.default\">\n\t\t\t\t<div class=\"elementor-widget-container\">\n\t\t\t\t\t\t\t<div class=\"elementor-divider\">\n\t\t\t<span class=\"elementor-divider-separator\">\n\t\t\t\t\t\t<\/span>\n\t\t<\/div>\n\t\t\t\t\t\t<\/div>\n\t\t\t\t<\/div>\n\t\t\t\t<div class=\"elementor-element elementor-element-298e659 image_hover elementor-widget elementor-widget-image\" data-id=\"298e659\" data-element_type=\"widget\" data-e-type=\"widget\" data-widget_type=\"image.default\">\n\t\t\t\t<div class=\"elementor-widget-container\">\n\t\t\t\t\t\t\t\t\t\t\t\t\t\t\t\t<a href=\"https:\/\/joanabastos.pt\/en\/galeria-earlybird-the-true-story-vencedor-no-festival-london-fashion-film-festival\/\">\n\t\t\t\t\t\t\t<img loading=\"lazy\" decoding=\"async\" width=\"640\" height=\"792\" src=\"https:\/\/joanabastos.pt\/wp-content\/uploads\/2024\/12\/CAPA-award2023-827x1024.webp\" class=\"attachment-large size-large wp-image-19735\" alt=\"\" srcset=\"https:\/\/joanabastos.pt\/wp-content\/uploads\/2024\/12\/CAPA-award2023-827x1024.webp 827w, https:\/\/joanabastos.pt\/wp-content\/uploads\/2024\/12\/CAPA-award2023-242x300.webp 242w, https:\/\/joanabastos.pt\/wp-content\/uploads\/2024\/12\/CAPA-award2023-768x951.webp 768w, https:\/\/joanabastos.pt\/wp-content\/uploads\/2024\/12\/CAPA-award2023.webp 1080w\" sizes=\"(max-width: 640px) 100vw, 640px\" \/>\t\t\t\t\t\t\t\t<\/a>\n\t\t\t\t\t\t\t\t\t\t\t\t\t\t\t<\/div>\n\t\t\t\t<\/div>\n\t\t\t\t<div class=\"elementor-element elementor-element-1da9ed1 elementor-widget elementor-widget-image-box\" data-id=\"1da9ed1\" data-element_type=\"widget\" data-e-type=\"widget\" data-widget_type=\"image-box.default\">\n\t\t\t\t<div class=\"elementor-widget-container\">\n\t\t\t\t\t<div class=\"elementor-image-box-wrapper\"><div class=\"elementor-image-box-content\"><h4 class=\"elementor-image-box-title\"><a href=\"https:\/\/www.instagram.com\/p\/CxddyofKYWh\/\" target=\"_blank\" rel=\"noopener\">EARLYBIRD, THE TRUE STORY IS THE AWARD-WINNER AT \nTHE LONDON FASHION FILM FESTIVAL<\/a><\/h4><p class=\"elementor-image-box-description\">September 2023<br>\nLondon<br><br>\nThe EarlyBird, The true story fashion film, directed, written, produced and performed by \nJoana Bastos, is the award-winner of the Best Costume Design category at the London\nFashion Film festival\n<\/p><\/div><\/div>\t\t\t\t<\/div>\n\t\t\t\t<\/div>\n\t\t\t\t<div class=\"elementor-element elementor-element-a016ad2 elementor-widget-divider--view-line elementor-widget elementor-widget-divider\" data-id=\"a016ad2\" data-element_type=\"widget\" data-e-type=\"widget\" data-widget_type=\"divider.default\">\n\t\t\t\t<div class=\"elementor-widget-container\">\n\t\t\t\t\t\t\t<div class=\"elementor-divider\">\n\t\t\t<span class=\"elementor-divider-separator\">\n\t\t\t\t\t\t<\/span>\n\t\t<\/div>\n\t\t\t\t\t\t<\/div>\n\t\t\t\t<\/div>\n\t\t\t\t<div class=\"elementor-element elementor-element-dc15cac image_hover elementor-widget elementor-widget-image\" data-id=\"dc15cac\" data-element_type=\"widget\" data-e-type=\"widget\" data-widget_type=\"image.default\">\n\t\t\t\t<div class=\"elementor-widget-container\">\n\t\t\t\t\t\t\t\t\t\t\t\t\t\t\t\t<a href=\"https:\/\/joanabastos.pt\/en\/galeria-earlybird-the-true-story-vencedor-no-festival-cannes-world-film-festival\/\">\n\t\t\t\t\t\t\t<img loading=\"lazy\" decoding=\"async\" width=\"560\" height=\"560\" src=\"https:\/\/joanabastos.pt\/wp-content\/uploads\/2024\/12\/1-Capa-BestFemaleDirectorSuperShortFilmWinner-.webp\" class=\"attachment-large size-large wp-image-19737\" alt=\"\" srcset=\"https:\/\/joanabastos.pt\/wp-content\/uploads\/2024\/12\/1-Capa-BestFemaleDirectorSuperShortFilmWinner-.webp 560w, https:\/\/joanabastos.pt\/wp-content\/uploads\/2024\/12\/1-Capa-BestFemaleDirectorSuperShortFilmWinner--300x300.webp 300w, https:\/\/joanabastos.pt\/wp-content\/uploads\/2024\/12\/1-Capa-BestFemaleDirectorSuperShortFilmWinner--150x150.webp 150w\" sizes=\"(max-width: 560px) 100vw, 560px\" \/>\t\t\t\t\t\t\t\t<\/a>\n\t\t\t\t\t\t\t\t\t\t\t\t\t\t\t<\/div>\n\t\t\t\t<\/div>\n\t\t\t\t<div class=\"elementor-element elementor-element-57697c5 elementor-widget elementor-widget-image-box\" data-id=\"57697c5\" data-element_type=\"widget\" data-e-type=\"widget\" data-widget_type=\"image-box.default\">\n\t\t\t\t<div class=\"elementor-widget-container\">\n\t\t\t\t\t<div class=\"elementor-image-box-wrapper\"><div class=\"elementor-image-box-content\"><h4 class=\"elementor-image-box-title\"><a href=\"https:\/\/joanabastos.pt\/en\/galeria-earlybird-the-true-story-vencedor-no-festival-cannes-world-film-festival\/\">EARLYBIRD, THE TRUE STORY IS MULTI AWARD-WINNER AT \nCANNES WORLD FILM FESTIVAL<\/a><\/h4><p class=\"elementor-image-box-description\">September 2023<br>\nCannes<br><br>\nThe EarlyBird, The true story fashion film, directed, written, produced and performed by \nJoana Bastos, is the multi award-winner in the categories of Best Female Director for a \nsuper short film, Best Costume Design and Best Makeup at the Cannes World Film \nFestival 2023.\n<\/p><\/div><\/div>\t\t\t\t<\/div>\n\t\t\t\t<\/div>\n\t\t\t\t<div class=\"elementor-element elementor-element-d08c62b elementor-widget-divider--view-line elementor-widget elementor-widget-divider\" data-id=\"d08c62b\" data-element_type=\"widget\" data-e-type=\"widget\" data-widget_type=\"divider.default\">\n\t\t\t\t<div class=\"elementor-widget-container\">\n\t\t\t\t\t\t\t<div class=\"elementor-divider\">\n\t\t\t<span class=\"elementor-divider-separator\">\n\t\t\t\t\t\t<\/span>\n\t\t<\/div>\n\t\t\t\t\t\t<\/div>\n\t\t\t\t<\/div>\n\t\t\t\t<div class=\"elementor-element elementor-element-c91fec9 image_hover elementor-widget elementor-widget-image\" data-id=\"c91fec9\" data-element_type=\"widget\" data-e-type=\"widget\" data-widget_type=\"image.default\">\n\t\t\t\t<div class=\"elementor-widget-container\">\n\t\t\t\t\t\t\t\t\t\t\t\t\t\t\t\t<a href=\"https:\/\/joanabastos.pt\/en\/galeria-producao-visual-de-moda-para-apresentacao-de-colecao-capsula\/\">\n\t\t\t\t\t\t\t<img decoding=\"async\" width=\"640\" height=\"358\" src=\"https:\/\/joanabastos.pt\/wp-content\/uploads\/2024\/12\/CAPA-1-1024x572.webp\" class=\"attachment-large size-large wp-image-19741\" alt=\"\" srcset=\"https:\/\/joanabastos.pt\/wp-content\/uploads\/2024\/12\/CAPA-1-1024x572.webp 1024w, https:\/\/joanabastos.pt\/wp-content\/uploads\/2024\/12\/CAPA-1-300x168.webp 300w, https:\/\/joanabastos.pt\/wp-content\/uploads\/2024\/12\/CAPA-1-768x429.webp 768w, https:\/\/joanabastos.pt\/wp-content\/uploads\/2024\/12\/CAPA-1.webp 1080w\" sizes=\"(max-width: 640px) 100vw, 640px\" \/>\t\t\t\t\t\t\t\t<\/a>\n\t\t\t\t\t\t\t\t\t\t\t\t\t\t\t<\/div>\n\t\t\t\t<\/div>\n\t\t\t\t<div class=\"elementor-element elementor-element-9318ab1 elementor-widget elementor-widget-image-box\" data-id=\"9318ab1\" data-element_type=\"widget\" data-e-type=\"widget\" data-widget_type=\"image-box.default\">\n\t\t\t\t<div class=\"elementor-widget-container\">\n\t\t\t\t\t<div class=\"elementor-image-box-wrapper\"><div class=\"elementor-image-box-content\"><h4 class=\"elementor-image-box-title\"><a href=\"https:\/\/www.instagram.com\/p\/CuxHKn3qb-S\/\" target=\"_blank\" rel=\"noopener\">VISUAL CREATIVE PRODUCTION FOR FASHION SHOW<\/a><\/h4><p class=\"elementor-image-box-description\">April 2023<br>\nOporto<br><br>\nVisual production of creative makeup and hairstyles in a 'Girly' aesthetic, featuring \nromantic and delicate looks, at the private event for the capsule launch of the \nCRYSTAL collection by Sofia Coelho fashion designer.\n<\/p><\/div><\/div>\t\t\t\t<\/div>\n\t\t\t\t<\/div>\n\t\t\t\t<div class=\"elementor-element elementor-element-71f30c5 elementor-widget-divider--view-line elementor-widget elementor-widget-divider\" data-id=\"71f30c5\" data-element_type=\"widget\" data-e-type=\"widget\" data-widget_type=\"divider.default\">\n\t\t\t\t<div class=\"elementor-widget-container\">\n\t\t\t\t\t\t\t<div class=\"elementor-divider\">\n\t\t\t<span class=\"elementor-divider-separator\">\n\t\t\t\t\t\t<\/span>\n\t\t<\/div>\n\t\t\t\t\t\t<\/div>\n\t\t\t\t<\/div>\n\t\t\t\t<div class=\"elementor-element elementor-element-c176f24 elementor-position-top elementor-widget elementor-widget-image-box\" data-id=\"c176f24\" data-element_type=\"widget\" data-e-type=\"widget\" data-widget_type=\"image-box.default\">\n\t\t\t\t<div class=\"elementor-widget-container\">\n\t\t\t\t\t<div class=\"elementor-image-box-wrapper\"><figure class=\"elementor-image-box-img\"><img loading=\"lazy\" decoding=\"async\" width=\"1080\" height=\"1080\" src=\"https:\/\/joanabastos.pt\/wp-content\/uploads\/2023\/01\/1-1.jpg\" class=\"attachment-full size-full wp-image-15273\" alt=\"\" srcset=\"https:\/\/joanabastos.pt\/wp-content\/uploads\/2023\/01\/1-1.jpg 1080w, https:\/\/joanabastos.pt\/wp-content\/uploads\/2023\/01\/1-1-300x300.jpg 300w, https:\/\/joanabastos.pt\/wp-content\/uploads\/2023\/01\/1-1-1024x1024.jpg 1024w, https:\/\/joanabastos.pt\/wp-content\/uploads\/2023\/01\/1-1-150x150.jpg 150w, https:\/\/joanabastos.pt\/wp-content\/uploads\/2023\/01\/1-1-768x768.jpg 768w, https:\/\/joanabastos.pt\/wp-content\/uploads\/2023\/01\/1-1-12x12.jpg 12w\" sizes=\"(max-width: 1080px) 100vw, 1080px\" \/><\/figure><div class=\"elementor-image-box-content\"><h4 class=\"elementor-image-box-title\">LONDON FASHION FILM FESTIVAL 2022<\/h4><p class=\"elementor-image-box-description\">September 2022<\/p><\/div><\/div>\t\t\t\t<\/div>\n\t\t\t\t<\/div>\n\t\t\t\t<div class=\"elementor-element elementor-element-a44ce22 elementor-widget-divider--view-line elementor-widget elementor-widget-divider\" data-id=\"a44ce22\" data-element_type=\"widget\" data-e-type=\"widget\" data-widget_type=\"divider.default\">\n\t\t\t\t<div class=\"elementor-widget-container\">\n\t\t\t\t\t\t\t<div class=\"elementor-divider\">\n\t\t\t<span class=\"elementor-divider-separator\">\n\t\t\t\t\t\t<\/span>\n\t\t<\/div>\n\t\t\t\t\t\t<\/div>\n\t\t\t\t<\/div>\n\t\t\t\t<div class=\"elementor-element elementor-element-6c6a281 elementor-arrows-position-inside elementor-pagination-position-outside elementor-widget elementor-widget-image-carousel\" data-id=\"6c6a281\" data-element_type=\"widget\" data-e-type=\"widget\" data-settings=\"{&quot;slides_to_show&quot;:&quot;1&quot;,&quot;navigation&quot;:&quot;both&quot;,&quot;autoplay&quot;:&quot;yes&quot;,&quot;pause_on_hover&quot;:&quot;yes&quot;,&quot;pause_on_interaction&quot;:&quot;yes&quot;,&quot;autoplay_speed&quot;:5000,&quot;infinite&quot;:&quot;yes&quot;,&quot;effect&quot;:&quot;slide&quot;,&quot;speed&quot;:500}\" data-widget_type=\"image-carousel.default\">\n\t\t\t\t<div class=\"elementor-widget-container\">\n\t\t\t\t\t\t\t<div class=\"elementor-image-carousel-wrapper swiper\" role=\"region\" aria-roledescription=\"carousel\" aria-label=\"Carrossel de imagens\" dir=\"ltr\">\n\t\t\t<div class=\"elementor-image-carousel swiper-wrapper\" aria-live=\"off\">\n\t\t\t\t\t\t\t\t<div class=\"swiper-slide\" role=\"group\" aria-roledescription=\"slide\" aria-label=\"1 of 2\" data-no-translation-aria-label=\"\"><figure class=\"swiper-slide-inner\"><img decoding=\"async\" class=\"swiper-slide-image\" src=\"https:\/\/joanabastos.pt\/wp-content\/uploads\/2023\/01\/cartaz-2-scaled.jpg\" alt=\"cartaz 2\" \/><\/figure><\/div><div class=\"swiper-slide\" role=\"group\" aria-roledescription=\"slide\" aria-label=\"2 of 2\" data-no-translation-aria-label=\"\"><figure class=\"swiper-slide-inner\"><img decoding=\"async\" class=\"swiper-slide-image\" src=\"https:\/\/joanabastos.pt\/wp-content\/uploads\/2023\/01\/cartaz-1-scaled.jpg\" alt=\"cartaz 1\" \/><\/figure><\/div>\t\t\t<\/div>\n\t\t\t\t\t\t\t\t\t\t\t\t<div class=\"elementor-swiper-button elementor-swiper-button-prev\" role=\"button\" tabindex=\"0\">\n\t\t\t\t\t\t<i aria-hidden=\"true\" class=\"eicon-chevron-left\"><\/i>\t\t\t\t\t<\/div>\n\t\t\t\t\t<div class=\"elementor-swiper-button elementor-swiper-button-next\" role=\"button\" tabindex=\"0\">\n\t\t\t\t\t\t<i aria-hidden=\"true\" class=\"eicon-chevron-right\"><\/i>\t\t\t\t\t<\/div>\n\t\t\t\t\n\t\t\t\t\t\t\t\t\t<div class=\"swiper-pagination\"><\/div>\n\t\t\t\t\t\t\t\t\t<\/div>\n\t\t\t\t\t\t<\/div>\n\t\t\t\t<\/div>\n\t\t\t\t<div class=\"elementor-element elementor-element-7eb0e96 elementor-widget elementor-widget-image-box\" data-id=\"7eb0e96\" data-element_type=\"widget\" data-e-type=\"widget\" data-widget_type=\"image-box.default\">\n\t\t\t\t<div class=\"elementor-widget-container\">\n\t\t\t\t\t<div class=\"elementor-image-box-wrapper\"><div class=\"elementor-image-box-content\"><h4 class=\"elementor-image-box-title\"><a href=\"#elementor-action%3Aaction%3Dlightbox%26settings%3DeyJ1cmwiOiJodHRwczpcL1wvam9hbmFiYXN0b3MucHRcL3dwLWNvbnRlbnRcL3VwbG9hZHNcLzIwMjNcLzAxXC9jYXJ0YXotMi1zY2FsZWQuanBnIiwidHlwZSI6ImltYWdlIiwidGl0bGUiOiJjYXJ0YXogMiJ9\">Contest for the poster of the feast of Sra. D'Agonia<\/a><\/h4><p class=\"elementor-image-box-description\">May 2022<br>Viana do Castelo, Portugal<\/p><\/div><\/div>\t\t\t\t<\/div>\n\t\t\t\t<\/div>\n\t\t\t\t<div class=\"elementor-element elementor-element-e1121be elementor-widget__width-inherit elementor-hidden-tablet elementor-widget elementor-widget-toggle\" data-id=\"e1121be\" data-element_type=\"widget\" data-e-type=\"widget\" data-widget_type=\"toggle.default\">\n\t\t\t\t<div class=\"elementor-widget-container\">\n\t\t\t\t\t\t\t<div class=\"elementor-toggle\">\n\t\t\t\t\t\t\t<div class=\"elementor-toggle-item\">\n\t\t\t\t\t<h6 id=\"elementor-tab-title-2361\" class=\"elementor-tab-title\" data-tab=\"1\" role=\"button\" aria-controls=\"elementor-tab-content-2361\" aria-expanded=\"false\">\n\t\t\t\t\t\t\t\t\t\t\t\t<span class=\"elementor-toggle-icon elementor-toggle-icon-left\" aria-hidden=\"true\">\n\t\t\t\t\t\t\t\t\t\t\t\t\t\t\t<span class=\"elementor-toggle-icon-closed\"><i class=\"fas fa-chevron-down\"><\/i><\/span>\n\t\t\t\t\t\t\t\t<span class=\"elementor-toggle-icon-opened\"><i class=\"elementor-toggle-icon-opened fas fa-chevron-up\"><\/i><\/span>\n\t\t\t\t\t\t\t\t\t\t\t\t\t<\/span>\n\t\t\t\t\t\t\t\t\t\t\t\t<a class=\"elementor-toggle-title\" tabindex=\"0\">See More<\/a>\n\t\t\t\t\t<\/h6>\n\n\t\t\t\t\t<div id=\"elementor-tab-content-2361\" class=\"elementor-tab-content elementor-clearfix\" data-tab=\"1\" role=\"region\" aria-labelledby=\"elementor-tab-title-2361\"><p>This year I was challenged to develop a concept for the poster contest of the festivities of the city of Sra. D'Agonia, in Viana do Castelo.<br \/>Foi um projeto que me deu imenso prazer, n\u00e3o s\u00f3 pelo processo criativo como de produ\u00e7\u00e3o, mas tamb\u00e9m pelo apoio de uma equipa extremamente dedicada e profissional.<\/p><p><em>Realiza\u00e7\u00e3o, produ\u00e7\u00e3o, dire\u00e7\u00e3o de arte<\/em>: Joana Bastos<br \/><em>Fotografia<\/em>: Pedro Lopes<br \/><em>Model<\/em>: Benedita Neves<br \/><em>Assist\u00eancia produ\u00e7\u00e3o\/ muah:<\/em>\u00a0Sofia Lucas<br \/><em>Styling:\u00a0<\/em>Ana Sim\u00f5es<br \/><em>P\u00f3s-produ\u00e7\u00e3o\/ retouch:\u00a0<\/em>Pedro Guedes<\/p><\/div>\n\t\t\t\t<\/div>\n\t\t\t\t\t\t\t\t<\/div>\n\t\t\t\t\t\t<\/div>\n\t\t\t\t<\/div>\n\t\t\t\t<div class=\"elementor-element elementor-element-bea8b24 elementor-widget-divider--view-line elementor-widget elementor-widget-divider\" data-id=\"bea8b24\" data-element_type=\"widget\" data-e-type=\"widget\" data-widget_type=\"divider.default\">\n\t\t\t\t<div class=\"elementor-widget-container\">\n\t\t\t\t\t\t\t<div class=\"elementor-divider\">\n\t\t\t<span class=\"elementor-divider-separator\">\n\t\t\t\t\t\t<\/span>\n\t\t<\/div>\n\t\t\t\t\t\t<\/div>\n\t\t\t\t<\/div>\n\t\t\t\t<div class=\"elementor-element elementor-element-d809590 elementor-position-top elementor-widget elementor-widget-image-box\" data-id=\"d809590\" data-element_type=\"widget\" data-e-type=\"widget\" data-widget_type=\"image-box.default\">\n\t\t\t\t<div class=\"elementor-widget-container\">\n\t\t\t\t\t<div class=\"elementor-image-box-wrapper\"><figure class=\"elementor-image-box-img\"><img loading=\"lazy\" decoding=\"async\" width=\"1061\" height=\"1061\" src=\"https:\/\/joanabastos.pt\/wp-content\/uploads\/2023\/01\/1-2.jpg\" class=\"attachment-full size-full wp-image-15280\" alt=\"\" srcset=\"https:\/\/joanabastos.pt\/wp-content\/uploads\/2023\/01\/1-2.jpg 1061w, https:\/\/joanabastos.pt\/wp-content\/uploads\/2023\/01\/1-2-300x300.jpg 300w, https:\/\/joanabastos.pt\/wp-content\/uploads\/2023\/01\/1-2-1024x1024.jpg 1024w, https:\/\/joanabastos.pt\/wp-content\/uploads\/2023\/01\/1-2-150x150.jpg 150w, https:\/\/joanabastos.pt\/wp-content\/uploads\/2023\/01\/1-2-768x768.jpg 768w, https:\/\/joanabastos.pt\/wp-content\/uploads\/2023\/01\/1-2-12x12.jpg 12w\" sizes=\"(max-width: 1061px) 100vw, 1061px\" \/><\/figure><div class=\"elementor-image-box-content\"><h4 class=\"elementor-image-box-title\">UK FASHION FILM FESTIVAL 2021<\/h4><p class=\"elementor-image-box-description\">November 2021<\/p><\/div><\/div>\t\t\t\t<\/div>\n\t\t\t\t<\/div>\n\t\t\t\t<div class=\"elementor-element elementor-element-acf9299 elementor-widget-divider--view-line elementor-widget elementor-widget-divider\" data-id=\"acf9299\" data-element_type=\"widget\" data-e-type=\"widget\" data-widget_type=\"divider.default\">\n\t\t\t\t<div class=\"elementor-widget-container\">\n\t\t\t\t\t\t\t<div class=\"elementor-divider\">\n\t\t\t<span class=\"elementor-divider-separator\">\n\t\t\t\t\t\t<\/span>\n\t\t<\/div>\n\t\t\t\t\t\t<\/div>\n\t\t\t\t<\/div>\n\t\t\t\t<div class=\"elementor-element elementor-element-e3e0332 elementor-position-top elementor-widget elementor-widget-image-box\" data-id=\"e3e0332\" data-element_type=\"widget\" data-e-type=\"widget\" data-widget_type=\"image-box.default\">\n\t\t\t\t<div class=\"elementor-widget-container\">\n\t\t\t\t\t<div class=\"elementor-image-box-wrapper\"><figure class=\"elementor-image-box-img\"><img loading=\"lazy\" decoding=\"async\" width=\"1079\" height=\"1077\" src=\"https:\/\/joanabastos.pt\/wp-content\/uploads\/2023\/01\/1.jpg\" class=\"attachment-full size-full wp-image-15265\" alt=\"\" srcset=\"https:\/\/joanabastos.pt\/wp-content\/uploads\/2023\/01\/1.jpg 1079w, https:\/\/joanabastos.pt\/wp-content\/uploads\/2023\/01\/1-300x300.jpg 300w, https:\/\/joanabastos.pt\/wp-content\/uploads\/2023\/01\/1-1024x1022.jpg 1024w, https:\/\/joanabastos.pt\/wp-content\/uploads\/2023\/01\/1-150x150.jpg 150w, https:\/\/joanabastos.pt\/wp-content\/uploads\/2023\/01\/1-768x767.jpg 768w, https:\/\/joanabastos.pt\/wp-content\/uploads\/2023\/01\/1-12x12.jpg 12w\" sizes=\"(max-width: 1079px) 100vw, 1079px\" \/><\/figure><div class=\"elementor-image-box-content\"><h4 class=\"elementor-image-box-title\">LONDON FASHION FILM FESTIVAL 2021<\/h4><p class=\"elementor-image-box-description\">September 2021<\/p><\/div><\/div>\t\t\t\t<\/div>\n\t\t\t\t<\/div>\n\t\t\t\t<div class=\"elementor-element elementor-element-0893708 elementor-widget-divider--view-line elementor-widget elementor-widget-divider\" data-id=\"0893708\" data-element_type=\"widget\" data-e-type=\"widget\" data-widget_type=\"divider.default\">\n\t\t\t\t<div class=\"elementor-widget-container\">\n\t\t\t\t\t\t\t<div class=\"elementor-divider\">\n\t\t\t<span class=\"elementor-divider-separator\">\n\t\t\t\t\t\t<\/span>\n\t\t<\/div>\n\t\t\t\t\t\t<\/div>\n\t\t\t\t<\/div>\n\t\t\t\t<div class=\"elementor-element elementor-element-8c37eac elementor-position-top elementor-widget elementor-widget-image-box\" data-id=\"8c37eac\" data-element_type=\"widget\" data-e-type=\"widget\" data-widget_type=\"image-box.default\">\n\t\t\t\t<div class=\"elementor-widget-container\">\n\t\t\t\t\t<div class=\"elementor-image-box-wrapper\"><figure class=\"elementor-image-box-img\"><img loading=\"lazy\" decoding=\"async\" width=\"899\" height=\"902\" src=\"https:\/\/joanabastos.pt\/wp-content\/uploads\/2022\/12\/Creative-Selfie-Editorial.jpg\" class=\"attachment-full size-full wp-image-15261\" alt=\"\" srcset=\"https:\/\/joanabastos.pt\/wp-content\/uploads\/2022\/12\/Creative-Selfie-Editorial.jpg 899w, https:\/\/joanabastos.pt\/wp-content\/uploads\/2022\/12\/Creative-Selfie-Editorial-300x300.jpg 300w, https:\/\/joanabastos.pt\/wp-content\/uploads\/2022\/12\/Creative-Selfie-Editorial-150x150.jpg 150w, https:\/\/joanabastos.pt\/wp-content\/uploads\/2022\/12\/Creative-Selfie-Editorial-768x771.jpg 768w, https:\/\/joanabastos.pt\/wp-content\/uploads\/2022\/12\/Creative-Selfie-Editorial-12x12.jpg 12w\" sizes=\"(max-width: 899px) 100vw, 899px\" \/><\/figure><div class=\"elementor-image-box-content\"><h4 class=\"elementor-image-box-title\">CREATIVE SELFIE EDITORIAL<\/h4><p class=\"elementor-image-box-description translation-block\">July 2020<br><br>\nOnline event on <b>How to create conceptual productions in selfie mode<\/b> - by Joana \nBastos in collaboration with Brooklyn Style Foundation and Brooklyn Fashion Week<\/p><\/div><\/div>\t\t\t\t<\/div>\n\t\t\t\t<\/div>\n\t\t\t\t<div class=\"elementor-element elementor-element-855ab80 elementor-widget-divider--view-line elementor-widget elementor-widget-divider\" data-id=\"855ab80\" data-element_type=\"widget\" data-e-type=\"widget\" data-widget_type=\"divider.default\">\n\t\t\t\t<div class=\"elementor-widget-container\">\n\t\t\t\t\t\t\t<div class=\"elementor-divider\">\n\t\t\t<span class=\"elementor-divider-separator\">\n\t\t\t\t\t\t<\/span>\n\t\t<\/div>\n\t\t\t\t\t\t<\/div>\n\t\t\t\t<\/div>\n\t\t\t\t<div class=\"elementor-element elementor-element-8688ab1 image_hover elementor-widget elementor-widget-image\" data-id=\"8688ab1\" data-element_type=\"widget\" data-e-type=\"widget\" data-widget_type=\"image.default\">\n\t\t\t\t<div class=\"elementor-widget-container\">\n\t\t\t\t\t\t\t\t\t\t\t\t\t\t\t\t<a href=\"https:\/\/joanabastos.pt\/en\/galeria-19\/\">\n\t\t\t\t\t\t\t<img loading=\"lazy\" decoding=\"async\" width=\"640\" height=\"960\" src=\"https:\/\/joanabastos.pt\/wp-content\/uploads\/2023\/01\/1-Cazimi-683x1024.jpg\" class=\"attachment-large size-large wp-image-15332\" alt=\"\" srcset=\"https:\/\/joanabastos.pt\/wp-content\/uploads\/2023\/01\/1-Cazimi-683x1024.jpg 683w, https:\/\/joanabastos.pt\/wp-content\/uploads\/2023\/01\/1-Cazimi-200x300.jpg 200w, https:\/\/joanabastos.pt\/wp-content\/uploads\/2023\/01\/1-Cazimi-768x1151.jpg 768w, https:\/\/joanabastos.pt\/wp-content\/uploads\/2023\/01\/1-Cazimi-1025x1536.jpg 1025w, https:\/\/joanabastos.pt\/wp-content\/uploads\/2023\/01\/1-Cazimi-1366x2048.jpg 1366w, https:\/\/joanabastos.pt\/wp-content\/uploads\/2023\/01\/1-Cazimi-8x12.jpg 8w, https:\/\/joanabastos.pt\/wp-content\/uploads\/2023\/01\/1-Cazimi.jpg 1668w\" sizes=\"(max-width: 640px) 100vw, 640px\" \/>\t\t\t\t\t\t\t\t<\/a>\n\t\t\t\t\t\t\t\t\t\t\t\t\t\t\t<\/div>\n\t\t\t\t<\/div>\n\t\t\t\t<div class=\"elementor-element elementor-element-f0ce6fe elementor-widget elementor-widget-image-box\" data-id=\"f0ce6fe\" data-element_type=\"widget\" data-e-type=\"widget\" data-widget_type=\"image-box.default\">\n\t\t\t\t<div class=\"elementor-widget-container\">\n\t\t\t\t\t<div class=\"elementor-image-box-wrapper\"><div class=\"elementor-image-box-content\"><h4 class=\"elementor-image-box-title translation-block\">EXHIBITION AT THE SEE.ME\u2019S ART TAKES HARMORY 2020 \u2013 \u201cS\/HE PERSISTED\u201d<\/h4><p class=\"elementor-image-box-description\">March 2020<br>New York<br><br><\/p><\/div><\/div>\t\t\t\t<\/div>\n\t\t\t\t<\/div>\n\t\t\t\t<div class=\"elementor-element elementor-element-97640bc elementor-widget__width-inherit elementor-hidden-tablet elementor-widget elementor-widget-toggle\" data-id=\"97640bc\" data-element_type=\"widget\" data-e-type=\"widget\" data-widget_type=\"toggle.default\">\n\t\t\t\t<div class=\"elementor-widget-container\">\n\t\t\t\t\t\t\t<div class=\"elementor-toggle\">\n\t\t\t\t\t\t\t<div class=\"elementor-toggle-item\">\n\t\t\t\t\t<h6 id=\"elementor-tab-title-1581\" class=\"elementor-tab-title\" data-tab=\"1\" role=\"button\" aria-controls=\"elementor-tab-content-1581\" aria-expanded=\"false\">\n\t\t\t\t\t\t\t\t\t\t\t\t<span class=\"elementor-toggle-icon elementor-toggle-icon-left\" aria-hidden=\"true\">\n\t\t\t\t\t\t\t\t\t\t\t\t\t\t\t<span class=\"elementor-toggle-icon-closed\"><i class=\"fas fa-chevron-down\"><\/i><\/span>\n\t\t\t\t\t\t\t\t<span class=\"elementor-toggle-icon-opened\"><i class=\"elementor-toggle-icon-opened fas fa-chevron-up\"><\/i><\/span>\n\t\t\t\t\t\t\t\t\t\t\t\t\t<\/span>\n\t\t\t\t\t\t\t\t\t\t\t\t<a class=\"elementor-toggle-title\" tabindex=\"0\">See More<\/a>\n\t\t\t\t\t<\/h6>\n\n\t\t\t\t\t<div id=\"elementor-tab-content-1581\" class=\"elementor-tab-content elementor-clearfix\" data-tab=\"1\" role=\"region\" aria-labelledby=\"elementor-tab-title-1581\"><p>My inspiration for this collection was about the diversity of women's moods, relating astrology and conceptual photography.<br \/>While I was creating these handmade glasses\/masks prototypes of the \"Future Glam\" collection, I realized my different moods as I was developing them, always keeping in mind the glamour and sophistication.<br \/>This is a production made together with my friend and photographer Pedro Lopes.<\/p><\/div>\n\t\t\t\t<\/div>\n\t\t\t\t\t\t\t\t<\/div>\n\t\t\t\t\t\t<\/div>\n\t\t\t\t<\/div>\n\t\t\t\t<div class=\"elementor-element elementor-element-2b19aa9 elementor-widget-divider--view-line elementor-widget elementor-widget-divider\" data-id=\"2b19aa9\" data-element_type=\"widget\" data-e-type=\"widget\" data-widget_type=\"divider.default\">\n\t\t\t\t<div class=\"elementor-widget-container\">\n\t\t\t\t\t\t\t<div class=\"elementor-divider\">\n\t\t\t<span class=\"elementor-divider-separator\">\n\t\t\t\t\t\t<\/span>\n\t\t<\/div>\n\t\t\t\t\t\t<\/div>\n\t\t\t\t<\/div>\n\t\t\t\t<div class=\"elementor-element elementor-element-f596d89 elementor-position-top elementor-widget elementor-widget-image-box\" data-id=\"f596d89\" data-element_type=\"widget\" data-e-type=\"widget\" data-widget_type=\"image-box.default\">\n\t\t\t\t<div class=\"elementor-widget-container\">\n\t\t\t\t\t<div class=\"elementor-image-box-wrapper\"><figure class=\"elementor-image-box-img\"><img loading=\"lazy\" decoding=\"async\" width=\"340\" height=\"228\" src=\"https:\/\/joanabastos.pt\/wp-content\/uploads\/2022\/05\/a615bb226105e533cd9060dd5f7a7bb5-scaled.jpg\" class=\"attachment-full size-full wp-image-10756\" alt=\"\" \/><\/figure><div class=\"elementor-image-box-content\"><h4 class=\"elementor-image-box-title\">Expocosm\u00e9tica 2019<\/h4><p class=\"elementor-image-box-description\">April 2019<br>\nOporto<br><br><\/p><\/div><\/div>\t\t\t\t<\/div>\n\t\t\t\t<\/div>\n\t\t\t\t<div class=\"elementor-element elementor-element-bc5a80c elementor-widget-divider--view-line elementor-widget elementor-widget-divider\" data-id=\"bc5a80c\" data-element_type=\"widget\" data-e-type=\"widget\" data-widget_type=\"divider.default\">\n\t\t\t\t<div class=\"elementor-widget-container\">\n\t\t\t\t\t\t\t<div class=\"elementor-divider\">\n\t\t\t<span class=\"elementor-divider-separator\">\n\t\t\t\t\t\t<\/span>\n\t\t<\/div>\n\t\t\t\t\t\t<\/div>\n\t\t\t\t<\/div>\n\t\t\t\t<div class=\"elementor-element elementor-element-c411711 image_hover elementor-widget elementor-widget-image\" data-id=\"c411711\" data-element_type=\"widget\" data-e-type=\"widget\" data-widget_type=\"image.default\">\n\t\t\t\t<div class=\"elementor-widget-container\">\n\t\t\t\t\t\t\t\t\t\t\t\t\t\t\t\t<a href=\"https:\/\/joanabastos.pt\/en\/galeria-1\/\">\n\t\t\t\t\t\t\t<img loading=\"lazy\" decoding=\"async\" width=\"340\" height=\"509\" src=\"https:\/\/joanabastos.pt\/wp-content\/uploads\/2022\/05\/ea0d43837e97b21789ee66446b5f99d9.jpg\" class=\"attachment-large size-large wp-image-10828\" alt=\"\" srcset=\"https:\/\/joanabastos.pt\/wp-content\/uploads\/2022\/05\/ea0d43837e97b21789ee66446b5f99d9.jpg 340w, https:\/\/joanabastos.pt\/wp-content\/uploads\/2022\/05\/ea0d43837e97b21789ee66446b5f99d9-200x300.jpg 200w\" sizes=\"(max-width: 340px) 100vw, 340px\" \/>\t\t\t\t\t\t\t\t<\/a>\n\t\t\t\t\t\t\t\t\t\t\t\t\t\t\t<\/div>\n\t\t\t\t<\/div>\n\t\t\t\t<div class=\"elementor-element elementor-element-ca75816 elementor-widget elementor-widget-image-box\" data-id=\"ca75816\" data-element_type=\"widget\" data-e-type=\"widget\" data-widget_type=\"image-box.default\">\n\t\t\t\t<div class=\"elementor-widget-container\">\n\t\t\t\t\t<div class=\"elementor-image-box-wrapper\"><div class=\"elementor-image-box-content\"><h4 class=\"elementor-image-box-title\"><a href=\"https:\/\/joanabastos.pt\/en\/galeria-1\/\">QSP Summit 2019<\/a><\/h4><p class=\"elementor-image-box-description\">March 2019<br>\nOporto<br><br><\/p><\/div><\/div>\t\t\t\t<\/div>\n\t\t\t\t<\/div>\n\t\t\t\t<div class=\"elementor-element elementor-element-06cdfab elementor-widget__width-inherit elementor-hidden-tablet elementor-widget elementor-widget-toggle\" data-id=\"06cdfab\" data-element_type=\"widget\" data-e-type=\"widget\" data-widget_type=\"toggle.default\">\n\t\t\t\t<div class=\"elementor-widget-container\">\n\t\t\t\t\t\t\t<div class=\"elementor-toggle\">\n\t\t\t\t\t\t\t<div class=\"elementor-toggle-item\">\n\t\t\t\t\t<h6 id=\"elementor-tab-title-7131\" class=\"elementor-tab-title\" data-tab=\"1\" role=\"button\" aria-controls=\"elementor-tab-content-7131\" aria-expanded=\"false\">\n\t\t\t\t\t\t\t\t\t\t\t\t<span class=\"elementor-toggle-icon elementor-toggle-icon-left\" aria-hidden=\"true\">\n\t\t\t\t\t\t\t\t\t\t\t\t\t\t\t<span class=\"elementor-toggle-icon-closed\"><i class=\"fas fa-chevron-down\"><\/i><\/span>\n\t\t\t\t\t\t\t\t<span class=\"elementor-toggle-icon-opened\"><i class=\"elementor-toggle-icon-opened fas fa-chevron-up\"><\/i><\/span>\n\t\t\t\t\t\t\t\t\t\t\t\t\t<\/span>\n\t\t\t\t\t\t\t\t\t\t\t\t<a class=\"elementor-toggle-title\" tabindex=\"0\">See More<\/a>\n\t\t\t\t\t<\/h6>\n\n\t\t\t\t\t<div id=\"elementor-tab-content-7131\" class=\"elementor-tab-content elementor-clearfix\" data-tab=\"1\" role=\"region\" aria-labelledby=\"elementor-tab-title-7131\"><p class=\"translation-block\">Brand activation for Exquisite Visual Productions at the QSP Summit marketing event, \nwith live performance of creative makeup and body art<\/p><\/div>\n\t\t\t\t<\/div>\n\t\t\t\t\t\t\t\t<\/div>\n\t\t\t\t\t\t<\/div>\n\t\t\t\t<\/div>\n\t\t\t\t<div class=\"elementor-element elementor-element-19a4fd3 elementor-widget-divider--view-line elementor-widget elementor-widget-divider\" data-id=\"19a4fd3\" data-element_type=\"widget\" data-e-type=\"widget\" data-widget_type=\"divider.default\">\n\t\t\t\t<div class=\"elementor-widget-container\">\n\t\t\t\t\t\t\t<div class=\"elementor-divider\">\n\t\t\t<span class=\"elementor-divider-separator\">\n\t\t\t\t\t\t<\/span>\n\t\t<\/div>\n\t\t\t\t\t\t<\/div>\n\t\t\t\t<\/div>\n\t\t\t\t<div class=\"elementor-element elementor-element-b560775 elementor-position-top elementor-widget elementor-widget-image-box\" data-id=\"b560775\" data-element_type=\"widget\" data-e-type=\"widget\" data-widget_type=\"image-box.default\">\n\t\t\t\t<div class=\"elementor-widget-container\">\n\t\t\t\t\t<div class=\"elementor-image-box-wrapper\"><figure class=\"elementor-image-box-img\"><img loading=\"lazy\" decoding=\"async\" width=\"340\" height=\"340\" src=\"https:\/\/joanabastos.pt\/wp-content\/uploads\/2022\/05\/915039c20718f13e99321da404c8ce90.jpg\" class=\"attachment-full size-full wp-image-10382\" alt=\"\" srcset=\"https:\/\/joanabastos.pt\/wp-content\/uploads\/2022\/05\/915039c20718f13e99321da404c8ce90.jpg 340w, https:\/\/joanabastos.pt\/wp-content\/uploads\/2022\/05\/915039c20718f13e99321da404c8ce90-300x300.jpg 300w, https:\/\/joanabastos.pt\/wp-content\/uploads\/2022\/05\/915039c20718f13e99321da404c8ce90-150x150.jpg 150w, https:\/\/joanabastos.pt\/wp-content\/uploads\/2022\/05\/915039c20718f13e99321da404c8ce90-100x100.jpg 100w\" sizes=\"(max-width: 340px) 100vw, 340px\" \/><\/figure><div class=\"elementor-image-box-content\"><h4 class=\"elementor-image-box-title\">Live act at Pal\u00e1cio das Artes<\/h4><p class=\"elementor-image-box-description\">October 2018<br>\nOporto<br><br>\nLive act of creative makeup at Eventarea event, in Pal\u00e1cio das Artes<\/p><\/div><\/div>\t\t\t\t<\/div>\n\t\t\t\t<\/div>\n\t\t\t\t<div class=\"elementor-element elementor-element-4f8db1c elementor-widget-divider--view-line elementor-widget elementor-widget-divider\" data-id=\"4f8db1c\" data-element_type=\"widget\" data-e-type=\"widget\" data-widget_type=\"divider.default\">\n\t\t\t\t<div class=\"elementor-widget-container\">\n\t\t\t\t\t\t\t<div class=\"elementor-divider\">\n\t\t\t<span class=\"elementor-divider-separator\">\n\t\t\t\t\t\t<\/span>\n\t\t<\/div>\n\t\t\t\t\t\t<\/div>\n\t\t\t\t<\/div>\n\t\t\t\t<div class=\"elementor-element elementor-element-ae1222a image_hover elementor-widget elementor-widget-image\" data-id=\"ae1222a\" data-element_type=\"widget\" data-e-type=\"widget\" data-widget_type=\"image.default\">\n\t\t\t\t<div class=\"elementor-widget-container\">\n\t\t\t\t\t\t\t\t\t\t\t\t\t\t\t\t<a href=\"https:\/\/joanabastos.pt\/en\/galeria-2\/\">\n\t\t\t\t\t\t\t<img loading=\"lazy\" decoding=\"async\" width=\"340\" height=\"510\" src=\"https:\/\/joanabastos.pt\/wp-content\/uploads\/2022\/05\/a7ed1122e8d76605f5a1bb3ba254cc70.jpg\" class=\"attachment-large size-large wp-image-10391\" alt=\"\" srcset=\"https:\/\/joanabastos.pt\/wp-content\/uploads\/2022\/05\/a7ed1122e8d76605f5a1bb3ba254cc70.jpg 340w, https:\/\/joanabastos.pt\/wp-content\/uploads\/2022\/05\/a7ed1122e8d76605f5a1bb3ba254cc70-200x300.jpg 200w\" sizes=\"(max-width: 340px) 100vw, 340px\" \/>\t\t\t\t\t\t\t\t<\/a>\n\t\t\t\t\t\t\t\t\t\t\t\t\t\t\t<\/div>\n\t\t\t\t<\/div>\n\t\t\t\t<div class=\"elementor-element elementor-element-34fa71a image_hover elementor-widget elementor-widget-image\" data-id=\"34fa71a\" data-element_type=\"widget\" data-e-type=\"widget\" data-widget_type=\"image.default\">\n\t\t\t\t<div class=\"elementor-widget-container\">\n\t\t\t\t\t\t\t\t\t\t\t\t\t\t\t\t<a href=\"https:\/\/joanabastos.pt\/en\/galeria-2\/\">\n\t\t\t\t\t\t\t<img loading=\"lazy\" decoding=\"async\" width=\"340\" height=\"457\" src=\"https:\/\/joanabastos.pt\/wp-content\/uploads\/2022\/05\/38da59e2a198133ea51e984dab662e17.jpg\" class=\"attachment-large size-large wp-image-10341\" alt=\"\" srcset=\"https:\/\/joanabastos.pt\/wp-content\/uploads\/2022\/05\/38da59e2a198133ea51e984dab662e17.jpg 340w, https:\/\/joanabastos.pt\/wp-content\/uploads\/2022\/05\/38da59e2a198133ea51e984dab662e17-223x300.jpg 223w\" sizes=\"(max-width: 340px) 100vw, 340px\" \/>\t\t\t\t\t\t\t\t<\/a>\n\t\t\t\t\t\t\t\t\t\t\t\t\t\t\t<\/div>\n\t\t\t\t<\/div>\n\t\t\t\t<div class=\"elementor-element elementor-element-423985b elementor-widget elementor-widget-image-box\" data-id=\"423985b\" data-element_type=\"widget\" data-e-type=\"widget\" data-widget_type=\"image-box.default\">\n\t\t\t\t<div class=\"elementor-widget-container\">\n\t\t\t\t\t<div class=\"elementor-image-box-wrapper\"><div class=\"elementor-image-box-content\"><h4 class=\"elementor-image-box-title\"><a href=\"https:\/\/joanabastos.pt\/en\/galeria-2\/\">IMATS 2018<\/a><\/h4><p class=\"elementor-image-box-description\">May 2018<br>\nLondon<br><br>\nBrand activation for Ash Cosmetics with live performance of creative makeup and \nbody art at IMATS professional fair.\n<\/p><\/div><\/div>\t\t\t\t<\/div>\n\t\t\t\t<\/div>\n\t\t\t\t<div class=\"elementor-element elementor-element-2ddb6cb elementor-widget-divider--view-line elementor-widget elementor-widget-divider\" data-id=\"2ddb6cb\" data-element_type=\"widget\" data-e-type=\"widget\" data-widget_type=\"divider.default\">\n\t\t\t\t<div class=\"elementor-widget-container\">\n\t\t\t\t\t\t\t<div class=\"elementor-divider\">\n\t\t\t<span class=\"elementor-divider-separator\">\n\t\t\t\t\t\t<\/span>\n\t\t<\/div>\n\t\t\t\t\t\t<\/div>\n\t\t\t\t<\/div>\n\t\t\t\t<div class=\"elementor-element elementor-element-60f5b41 image_hover elementor-widget elementor-widget-image\" data-id=\"60f5b41\" data-element_type=\"widget\" data-e-type=\"widget\" data-widget_type=\"image.default\">\n\t\t\t\t<div class=\"elementor-widget-container\">\n\t\t\t\t\t\t\t\t\t\t\t\t\t\t\t\t<a href=\"https:\/\/joanabastos.pt\/en\/galeria-3\/\">\n\t\t\t\t\t\t\t<img loading=\"lazy\" decoding=\"async\" width=\"340\" height=\"255\" src=\"https:\/\/joanabastos.pt\/wp-content\/uploads\/2022\/05\/3edfdae0ccd1da83476032d8149c0ee6.jpg\" class=\"attachment-large size-large wp-image-10826\" alt=\"\" srcset=\"https:\/\/joanabastos.pt\/wp-content\/uploads\/2022\/05\/3edfdae0ccd1da83476032d8149c0ee6.jpg 340w, https:\/\/joanabastos.pt\/wp-content\/uploads\/2022\/05\/3edfdae0ccd1da83476032d8149c0ee6-300x225.jpg 300w\" sizes=\"(max-width: 340px) 100vw, 340px\" \/>\t\t\t\t\t\t\t\t<\/a>\n\t\t\t\t\t\t\t\t\t\t\t\t\t\t\t<\/div>\n\t\t\t\t<\/div>\n\t\t\t\t<div class=\"elementor-element elementor-element-6b15884 elementor-widget elementor-widget-image-box\" data-id=\"6b15884\" data-element_type=\"widget\" data-e-type=\"widget\" data-widget_type=\"image-box.default\">\n\t\t\t\t<div class=\"elementor-widget-container\">\n\t\t\t\t\t<div class=\"elementor-image-box-wrapper\"><div class=\"elementor-image-box-content\"><h4 class=\"elementor-image-box-title\"><a href=\"https:\/\/joanabastos.pt\/en\/galeria-3\/\">BROOKLYN FASHION WEEK 2017<\/a><\/h4><p class=\"elementor-image-box-description\">October 2017<br>\nBrooklyn, NY<br><br><\/p><\/div><\/div>\t\t\t\t<\/div>\n\t\t\t\t<\/div>\n\t\t\t\t<div class=\"elementor-element elementor-element-07107a1 elementor-widget__width-inherit elementor-hidden-tablet elementor-widget elementor-widget-toggle\" data-id=\"07107a1\" data-element_type=\"widget\" data-e-type=\"widget\" data-widget_type=\"toggle.default\">\n\t\t\t\t<div class=\"elementor-widget-container\">\n\t\t\t\t\t\t\t<div class=\"elementor-toggle\">\n\t\t\t\t\t\t\t<div class=\"elementor-toggle-item\">\n\t\t\t\t\t<h6 id=\"elementor-tab-title-7401\" class=\"elementor-tab-title\" data-tab=\"1\" role=\"button\" aria-controls=\"elementor-tab-content-7401\" aria-expanded=\"false\">\n\t\t\t\t\t\t\t\t\t\t\t\t<span class=\"elementor-toggle-icon elementor-toggle-icon-left\" aria-hidden=\"true\">\n\t\t\t\t\t\t\t\t\t\t\t\t\t\t\t<span class=\"elementor-toggle-icon-closed\"><i class=\"fas fa-chevron-down\"><\/i><\/span>\n\t\t\t\t\t\t\t\t<span class=\"elementor-toggle-icon-opened\"><i class=\"elementor-toggle-icon-opened fas fa-chevron-up\"><\/i><\/span>\n\t\t\t\t\t\t\t\t\t\t\t\t\t<\/span>\n\t\t\t\t\t\t\t\t\t\t\t\t<a class=\"elementor-toggle-title\" tabindex=\"0\">See More<\/a>\n\t\t\t\t\t<\/h6>\n\n\t\t\t\t\t<div id=\"elementor-tab-content-7401\" class=\"elementor-tab-content elementor-clearfix\" data-tab=\"1\" role=\"region\" aria-labelledby=\"elementor-tab-title-7401\"><p class=\"translation-block\">Joana Bastos presents her avant-garde line of sunglasses at Brooklyn Fashion Week, \nalong with styling, makeup and bodypainting created specifically for each look in \nBorough Hall, Brooklyn.<\/p><\/div>\n\t\t\t\t<\/div>\n\t\t\t\t\t\t\t\t<\/div>\n\t\t\t\t\t\t<\/div>\n\t\t\t\t<\/div>\n\t\t\t\t<div class=\"elementor-element elementor-element-d5ed2b7 elementor-widget-divider--view-line elementor-widget elementor-widget-divider\" data-id=\"d5ed2b7\" data-element_type=\"widget\" data-e-type=\"widget\" data-widget_type=\"divider.default\">\n\t\t\t\t<div class=\"elementor-widget-container\">\n\t\t\t\t\t\t\t<div class=\"elementor-divider\">\n\t\t\t<span class=\"elementor-divider-separator\">\n\t\t\t\t\t\t<\/span>\n\t\t<\/div>\n\t\t\t\t\t\t<\/div>\n\t\t\t\t<\/div>\n\t\t\t\t<div class=\"elementor-element elementor-element-0deb39b image_hover elementor-widget elementor-widget-image\" data-id=\"0deb39b\" data-element_type=\"widget\" data-e-type=\"widget\" data-widget_type=\"image.default\">\n\t\t\t\t<div class=\"elementor-widget-container\">\n\t\t\t\t\t\t\t\t\t\t\t\t\t\t\t\t<a href=\"https:\/\/joanabastos.pt\/en\/galeria-18\/\">\n\t\t\t\t\t\t\t<img loading=\"lazy\" decoding=\"async\" width=\"640\" height=\"800\" src=\"https:\/\/joanabastos.pt\/wp-content\/uploads\/2022\/12\/joana-bastos-noticias-lilith-2018-1-819x1024.jpg\" class=\"attachment-large size-large wp-image-15080\" alt=\"\" srcset=\"https:\/\/joanabastos.pt\/wp-content\/uploads\/2022\/12\/joana-bastos-noticias-lilith-2018-1-819x1024.jpg 819w, https:\/\/joanabastos.pt\/wp-content\/uploads\/2022\/12\/joana-bastos-noticias-lilith-2018-1-240x300.jpg 240w, https:\/\/joanabastos.pt\/wp-content\/uploads\/2022\/12\/joana-bastos-noticias-lilith-2018-1-768x960.jpg 768w, https:\/\/joanabastos.pt\/wp-content\/uploads\/2022\/12\/joana-bastos-noticias-lilith-2018-1-10x12.jpg 10w, https:\/\/joanabastos.pt\/wp-content\/uploads\/2022\/12\/joana-bastos-noticias-lilith-2018-1.jpg 1080w\" sizes=\"(max-width: 640px) 100vw, 640px\" \/>\t\t\t\t\t\t\t\t<\/a>\n\t\t\t\t\t\t\t\t\t\t\t\t\t\t\t<\/div>\n\t\t\t\t<\/div>\n\t\t\t\t<div class=\"elementor-element elementor-element-cf7bc42 elementor-widget elementor-widget-image-box\" data-id=\"cf7bc42\" data-element_type=\"widget\" data-e-type=\"widget\" data-widget_type=\"image-box.default\">\n\t\t\t\t<div class=\"elementor-widget-container\">\n\t\t\t\t\t<div class=\"elementor-image-box-wrapper\"><div class=\"elementor-image-box-content\"><h4 class=\"elementor-image-box-title\"><a href=\"https:\/\/joanabastos.pt\/en\/galeria-18\/\">LILITH FASHION FILM BY JOANA BASTOS<\/a><\/h4><p class=\"elementor-image-box-description\">July 2017<br><br>\nNominations for Best Make-up, Best Hairstyling, Best Accessories, Best Costume Design for LILITH fashion film at la Jolla International Fashion Film Festival 2018 in California and London Fashion Film Festival 2018.<\/p><\/div><\/div>\t\t\t\t<\/div>\n\t\t\t\t<\/div>\n\t\t\t\t<div class=\"elementor-element elementor-element-237e25c elementor-widget__width-inherit elementor-hidden-tablet elementor-widget elementor-widget-toggle\" data-id=\"237e25c\" data-element_type=\"widget\" data-e-type=\"widget\" data-widget_type=\"toggle.default\">\n\t\t\t\t<div class=\"elementor-widget-container\">\n\t\t\t\t\t\t\t<div class=\"elementor-toggle\">\n\t\t\t\t\t\t\t<div class=\"elementor-toggle-item\">\n\t\t\t\t\t<h6 id=\"elementor-tab-title-3721\" class=\"elementor-tab-title\" data-tab=\"1\" role=\"button\" aria-controls=\"elementor-tab-content-3721\" aria-expanded=\"false\">\n\t\t\t\t\t\t\t\t\t\t\t\t<span class=\"elementor-toggle-icon elementor-toggle-icon-left\" aria-hidden=\"true\">\n\t\t\t\t\t\t\t\t\t\t\t\t\t\t\t<span class=\"elementor-toggle-icon-closed\"><i class=\"fas fa-chevron-down\"><\/i><\/span>\n\t\t\t\t\t\t\t\t<span class=\"elementor-toggle-icon-opened\"><i class=\"elementor-toggle-icon-opened fas fa-chevron-up\"><\/i><\/span>\n\t\t\t\t\t\t\t\t\t\t\t\t\t<\/span>\n\t\t\t\t\t\t\t\t\t\t\t\t<a class=\"elementor-toggle-title\" tabindex=\"0\">See More<\/a>\n\t\t\t\t\t<\/h6>\n\n\t\t\t\t\t<div id=\"elementor-tab-content-3721\" class=\"elementor-tab-content elementor-clearfix\" data-tab=\"1\" role=\"region\" aria-labelledby=\"elementor-tab-title-3721\"><p>Art Director: Joana Bastos<br \/>Written &amp; Produced by Joana Bastos<br \/>Filmado &amp; Editado por Pedro Guedes<br \/>Song: Studio B @Recordingstudio.studiob<br \/>Shoot Studio &amp; Photography: OZ Studio P<br \/>Models: Giulia Zimmermann (Models Lab) Mariana Pereira (NXT Management)<br \/>Make-up Artist &amp; Bodypainter: Joana Bastos<br \/>Make-up assistant: Teresa Coelho<br \/>Production assistant: Angelina Fernandez<br \/>Hair Stylist: Fab\u00edola Pereira, Teresa Coelho, Sandra Fernandes<br \/>Eyewear Designer: Joana Bastos<br \/>Filigree Designer: A Loba<\/p><\/div>\n\t\t\t\t<\/div>\n\t\t\t\t\t\t\t\t<\/div>\n\t\t\t\t\t\t<\/div>\n\t\t\t\t<\/div>\n\t\t\t\t<div class=\"elementor-element elementor-element-4002295 elementor-widget-divider--view-line elementor-widget elementor-widget-divider\" data-id=\"4002295\" data-element_type=\"widget\" data-e-type=\"widget\" data-widget_type=\"divider.default\">\n\t\t\t\t<div class=\"elementor-widget-container\">\n\t\t\t\t\t\t\t<div class=\"elementor-divider\">\n\t\t\t<span class=\"elementor-divider-separator\">\n\t\t\t\t\t\t<\/span>\n\t\t<\/div>\n\t\t\t\t\t\t<\/div>\n\t\t\t\t<\/div>\n\t\t\t\t<div class=\"elementor-element elementor-element-1e4af2f elementor-position-top elementor-widget elementor-widget-image-box\" data-id=\"1e4af2f\" data-element_type=\"widget\" data-e-type=\"widget\" data-widget_type=\"image-box.default\">\n\t\t\t\t<div class=\"elementor-widget-container\">\n\t\t\t\t\t<div class=\"elementor-image-box-wrapper\"><figure class=\"elementor-image-box-img\"><img loading=\"lazy\" decoding=\"async\" width=\"340\" height=\"227\" src=\"https:\/\/joanabastos.pt\/wp-content\/uploads\/2022\/05\/db32f738e065163210a5bfd7d79c305e.jpg\" class=\"attachment-full size-full wp-image-10599\" alt=\"\" srcset=\"https:\/\/joanabastos.pt\/wp-content\/uploads\/2022\/05\/db32f738e065163210a5bfd7d79c305e.jpg 340w, https:\/\/joanabastos.pt\/wp-content\/uploads\/2022\/05\/db32f738e065163210a5bfd7d79c305e-300x200.jpg 300w\" sizes=\"(max-width: 340px) 100vw, 340px\" \/><\/figure><div class=\"elementor-image-box-content\"><h4 class=\"elementor-image-box-title\">LA JOLLA INTERNATIONAL FASHION FILM FESTIVAL 2017<\/h4><p class=\"elementor-image-box-description\">July 2017<br>\nLa Jolla, S. Diego<br><br>\nNomination for Best Makeup by Joana Bastos, for the Habana 3AM fashion film, \ndirected by Patricia Ovando and filmed in Cuba.\n\n<\/p><\/div><\/div>\t\t\t\t<\/div>\n\t\t\t\t<\/div>\n\t\t\t\t<div class=\"elementor-element elementor-element-b826bbc elementor-widget-divider--view-line elementor-widget elementor-widget-divider\" data-id=\"b826bbc\" data-element_type=\"widget\" data-e-type=\"widget\" data-widget_type=\"divider.default\">\n\t\t\t\t<div class=\"elementor-widget-container\">\n\t\t\t\t\t\t\t<div class=\"elementor-divider\">\n\t\t\t<span class=\"elementor-divider-separator\">\n\t\t\t\t\t\t<\/span>\n\t\t<\/div>\n\t\t\t\t\t\t<\/div>\n\t\t\t\t<\/div>\n\t\t\t\t<div class=\"elementor-element elementor-element-9a37867 image_hover elementor-widget elementor-widget-image\" data-id=\"9a37867\" data-element_type=\"widget\" data-e-type=\"widget\" data-widget_type=\"image.default\">\n\t\t\t\t<div class=\"elementor-widget-container\">\n\t\t\t\t\t\t\t\t\t\t\t\t\t\t\t\t<a href=\"https:\/\/joanabastos.pt\/en\/galeria-6\/\">\n\t\t\t\t\t\t\t<img loading=\"lazy\" decoding=\"async\" width=\"340\" height=\"227\" src=\"https:\/\/joanabastos.pt\/wp-content\/uploads\/2022\/05\/3f94b4ed4a1288914110eb52bc8bc524.jpeg\" class=\"attachment-large size-large wp-image-10845\" alt=\"\" srcset=\"https:\/\/joanabastos.pt\/wp-content\/uploads\/2022\/05\/3f94b4ed4a1288914110eb52bc8bc524.jpeg 340w, https:\/\/joanabastos.pt\/wp-content\/uploads\/2022\/05\/3f94b4ed4a1288914110eb52bc8bc524-300x200.jpeg 300w\" sizes=\"(max-width: 340px) 100vw, 340px\" \/>\t\t\t\t\t\t\t\t<\/a>\n\t\t\t\t\t\t\t\t\t\t\t\t\t\t\t<\/div>\n\t\t\t\t<\/div>\n\t\t\t\t<div class=\"elementor-element elementor-element-cb0929d elementor-widget elementor-widget-image-box\" data-id=\"cb0929d\" data-element_type=\"widget\" data-e-type=\"widget\" data-widget_type=\"image-box.default\">\n\t\t\t\t<div class=\"elementor-widget-container\">\n\t\t\t\t\t<div class=\"elementor-image-box-wrapper\"><div class=\"elementor-image-box-content\"><h4 class=\"elementor-image-box-title\"><a href=\"https:\/\/joanabastos.pt\/en\/galeria-6\/\">United Make-up Artist Show 2017<\/a><\/h4><p class=\"elementor-image-box-description\"><b>Date<\/b>:April 2017<br>\n<b>Theme<\/b>: Flower Power &amp; Andr\u00f3geno<br>\n<b>Location<\/b>: London<br><br>\nLive Acting of bodypainting and special effects by Joana Bastos<br>\n\n1st day - Flower Power theme<br>\n\nmodel - Cristalynne Alcazar<br>\n\n2nd day - Androgen theme<br>\n\nmodel - Riccardo Tarocco<\/p><\/div><\/div>\t\t\t\t<\/div>\n\t\t\t\t<\/div>\n\t\t\t\t<div class=\"elementor-element elementor-element-2060fae elementor-widget-divider--view-line elementor-widget elementor-widget-divider\" data-id=\"2060fae\" data-element_type=\"widget\" data-e-type=\"widget\" data-widget_type=\"divider.default\">\n\t\t\t\t<div class=\"elementor-widget-container\">\n\t\t\t\t\t\t\t<div class=\"elementor-divider\">\n\t\t\t<span class=\"elementor-divider-separator\">\n\t\t\t\t\t\t<\/span>\n\t\t<\/div>\n\t\t\t\t\t\t<\/div>\n\t\t\t\t<\/div>\n\t\t\t\t<div class=\"elementor-element elementor-element-dd6da26 image_hover elementor-widget elementor-widget-image\" data-id=\"dd6da26\" data-element_type=\"widget\" data-e-type=\"widget\" data-widget_type=\"image.default\">\n\t\t\t\t<div class=\"elementor-widget-container\">\n\t\t\t\t\t\t\t\t\t\t\t\t\t\t\t\t<a href=\"https:\/\/joanabastos.pt\/en\/galeria-5\/\">\n\t\t\t\t\t\t\t<img loading=\"lazy\" decoding=\"async\" width=\"640\" height=\"800\" src=\"https:\/\/joanabastos.pt\/wp-content\/uploads\/2025\/01\/15B-V-Congresso-de-Fuenlabrada-819x1024.webp\" class=\"attachment-large size-large wp-image-19869\" alt=\"\" srcset=\"https:\/\/joanabastos.pt\/wp-content\/uploads\/2025\/01\/15B-V-Congresso-de-Fuenlabrada-819x1024.webp 819w, https:\/\/joanabastos.pt\/wp-content\/uploads\/2025\/01\/15B-V-Congresso-de-Fuenlabrada-240x300.webp 240w, https:\/\/joanabastos.pt\/wp-content\/uploads\/2025\/01\/15B-V-Congresso-de-Fuenlabrada-768x960.webp 768w, https:\/\/joanabastos.pt\/wp-content\/uploads\/2025\/01\/15B-V-Congresso-de-Fuenlabrada.webp 864w\" sizes=\"(max-width: 640px) 100vw, 640px\" \/>\t\t\t\t\t\t\t\t<\/a>\n\t\t\t\t\t\t\t\t\t\t\t\t\t\t\t<\/div>\n\t\t\t\t<\/div>\n\t\t\t\t<div class=\"elementor-element elementor-element-a919a4a elementor-widget elementor-widget-image-box\" data-id=\"a919a4a\" data-element_type=\"widget\" data-e-type=\"widget\" data-widget_type=\"image-box.default\">\n\t\t\t\t<div class=\"elementor-widget-container\">\n\t\t\t\t\t<div class=\"elementor-image-box-wrapper\"><div class=\"elementor-image-box-content\"><h4 class=\"elementor-image-box-title\"><a href=\"https:\/\/joanabastos.pt\/en\/galeria-5\/\">5th Conference of Light Painting Photography 2016 in Fuenlabrada, Madrid<\/a><\/h4><p class=\"elementor-image-box-description translation-block\"><b>Date<\/b>: July 2016<br>\n<b>Creation<\/b>: Nightbird Makeup<br>\n<b>Location<\/b>: Madrid<br><br>\nCreative makeup demonstration for lightpainting photography masterclass by Carles \nCalero<\/p><\/div><\/div>\t\t\t\t<\/div>\n\t\t\t\t<\/div>\n\t\t\t\t<div class=\"elementor-element elementor-element-e066fb2 elementor-widget-divider--view-line elementor-widget elementor-widget-divider\" data-id=\"e066fb2\" data-element_type=\"widget\" data-e-type=\"widget\" data-widget_type=\"divider.default\">\n\t\t\t\t<div class=\"elementor-widget-container\">\n\t\t\t\t\t\t\t<div class=\"elementor-divider\">\n\t\t\t<span class=\"elementor-divider-separator\">\n\t\t\t\t\t\t<\/span>\n\t\t<\/div>\n\t\t\t\t\t\t<\/div>\n\t\t\t\t<\/div>\n\t\t\t\t<div class=\"elementor-element elementor-element-38bb20e elementor-position-top elementor-widget elementor-widget-image-box\" data-id=\"38bb20e\" data-element_type=\"widget\" data-e-type=\"widget\" data-widget_type=\"image-box.default\">\n\t\t\t\t<div class=\"elementor-widget-container\">\n\t\t\t\t\t<div class=\"elementor-image-box-wrapper\"><figure class=\"elementor-image-box-img\"><img loading=\"lazy\" decoding=\"async\" width=\"340\" height=\"260\" src=\"https:\/\/joanabastos.pt\/wp-content\/uploads\/2022\/05\/05deb6f47f1b8e07be36d3841574a344.jpg\" class=\"attachment-full size-full wp-image-10827\" alt=\"\" srcset=\"https:\/\/joanabastos.pt\/wp-content\/uploads\/2022\/05\/05deb6f47f1b8e07be36d3841574a344.jpg 340w, https:\/\/joanabastos.pt\/wp-content\/uploads\/2022\/05\/05deb6f47f1b8e07be36d3841574a344-300x229.jpg 300w\" sizes=\"(max-width: 340px) 100vw, 340px\" \/><\/figure><div class=\"elementor-image-box-content\"><h4 class=\"elementor-image-box-title\">ExpoCosm\u00e9tica 2016<\/h4><p class=\"elementor-image-box-description\">April 2016<br>\nOporto<br><br>\nBrand activation for the Da Vinci Pinc\u00e9is Cosm\u00e9tica Portugal and Beauti Portugal\ncompanies with creative makeup live performance.\n\n<\/p><\/div><\/div>\t\t\t\t<\/div>\n\t\t\t\t<\/div>\n\t\t\t\t<div class=\"elementor-element elementor-element-6473e57 elementor-widget-divider--view-line elementor-widget elementor-widget-divider\" data-id=\"6473e57\" data-element_type=\"widget\" data-e-type=\"widget\" data-widget_type=\"divider.default\">\n\t\t\t\t<div class=\"elementor-widget-container\">\n\t\t\t\t\t\t\t<div class=\"elementor-divider\">\n\t\t\t<span class=\"elementor-divider-separator\">\n\t\t\t\t\t\t<\/span>\n\t\t<\/div>\n\t\t\t\t\t\t<\/div>\n\t\t\t\t<\/div>\n\t\t\t\t<div class=\"elementor-element elementor-element-9432e79 image_hover elementor-widget elementor-widget-image\" data-id=\"9432e79\" data-element_type=\"widget\" data-e-type=\"widget\" data-widget_type=\"image.default\">\n\t\t\t\t<div class=\"elementor-widget-container\">\n\t\t\t\t\t\t\t\t\t\t\t\t\t\t\t\t<a href=\"https:\/\/joanabastos.pt\/en\/galeria-4\/\">\n\t\t\t\t\t\t\t<img loading=\"lazy\" decoding=\"async\" width=\"340\" height=\"276\" src=\"https:\/\/joanabastos.pt\/wp-content\/uploads\/2022\/05\/68ca25cfcd7d2f437fedaa37d04d72ea.jpeg\" class=\"attachment-large size-large wp-image-10846\" alt=\"\" srcset=\"https:\/\/joanabastos.pt\/wp-content\/uploads\/2022\/05\/68ca25cfcd7d2f437fedaa37d04d72ea.jpeg 340w, https:\/\/joanabastos.pt\/wp-content\/uploads\/2022\/05\/68ca25cfcd7d2f437fedaa37d04d72ea-300x244.jpeg 300w\" sizes=\"(max-width: 340px) 100vw, 340px\" \/>\t\t\t\t\t\t\t\t<\/a>\n\t\t\t\t\t\t\t\t\t\t\t\t\t\t\t<\/div>\n\t\t\t\t<\/div>\n\t\t\t\t<div class=\"elementor-element elementor-element-0eda03f elementor-widget elementor-widget-image-box\" data-id=\"0eda03f\" data-element_type=\"widget\" data-e-type=\"widget\" data-widget_type=\"image-box.default\">\n\t\t\t\t<div class=\"elementor-widget-container\">\n\t\t\t\t\t<div class=\"elementor-image-box-wrapper\"><div class=\"elementor-image-box-content\"><h4 class=\"elementor-image-box-title\"><a href=\"https:\/\/joanabastos.pt\/en\/galeria-4\/\">Qualifica 2016<\/a><\/h4><p class=\"elementor-image-box-description\"><b>Date<\/b>: April 2016<br>\n<b>Theme<\/b>: Artistic Makeup<br>\n<b>Location<\/b>: Exponor, Oporto<br><br>\nBrand activation for Portal Decor Company with artistic makeup live performance.<\/p><\/div><\/div>\t\t\t\t<\/div>\n\t\t\t\t<\/div>\n\t\t\t\t<div class=\"elementor-element elementor-element-ff841ac elementor-widget-divider--view-line elementor-widget elementor-widget-divider\" data-id=\"ff841ac\" data-element_type=\"widget\" data-e-type=\"widget\" data-widget_type=\"divider.default\">\n\t\t\t\t<div class=\"elementor-widget-container\">\n\t\t\t\t\t\t\t<div class=\"elementor-divider\">\n\t\t\t<span class=\"elementor-divider-separator\">\n\t\t\t\t\t\t<\/span>\n\t\t<\/div>\n\t\t\t\t\t\t<\/div>\n\t\t\t\t<\/div>\n\t\t\t\t<div class=\"elementor-element elementor-element-094fc1f image_hover elementor-widget elementor-widget-image\" data-id=\"094fc1f\" data-element_type=\"widget\" data-e-type=\"widget\" data-widget_type=\"image.default\">\n\t\t\t\t<div class=\"elementor-widget-container\">\n\t\t\t\t\t\t\t\t\t\t\t\t\t\t\t\t<a href=\"https:\/\/joanabastos.pt\/en\/galeria-7\/\">\n\t\t\t\t\t\t\t<img loading=\"lazy\" decoding=\"async\" width=\"340\" height=\"340\" src=\"https:\/\/joanabastos.pt\/wp-content\/uploads\/2022\/05\/e9fabe15ecdf731e7eb0d0306aac242a.jpg\" class=\"attachment-large size-large wp-image-10829\" alt=\"\" srcset=\"https:\/\/joanabastos.pt\/wp-content\/uploads\/2022\/05\/e9fabe15ecdf731e7eb0d0306aac242a.jpg 340w, https:\/\/joanabastos.pt\/wp-content\/uploads\/2022\/05\/e9fabe15ecdf731e7eb0d0306aac242a-300x300.jpg 300w, https:\/\/joanabastos.pt\/wp-content\/uploads\/2022\/05\/e9fabe15ecdf731e7eb0d0306aac242a-150x150.jpg 150w, https:\/\/joanabastos.pt\/wp-content\/uploads\/2022\/05\/e9fabe15ecdf731e7eb0d0306aac242a-100x100.jpg 100w\" sizes=\"(max-width: 340px) 100vw, 340px\" \/>\t\t\t\t\t\t\t\t<\/a>\n\t\t\t\t\t\t\t\t\t\t\t\t\t\t\t<\/div>\n\t\t\t\t<\/div>\n\t\t\t\t<div class=\"elementor-element elementor-element-ab381cb elementor-widget elementor-widget-image-box\" data-id=\"ab381cb\" data-element_type=\"widget\" data-e-type=\"widget\" data-widget_type=\"image-box.default\">\n\t\t\t\t<div class=\"elementor-widget-container\">\n\t\t\t\t\t<div class=\"elementor-image-box-wrapper\"><div class=\"elementor-image-box-content\"><h4 class=\"elementor-image-box-title\"><a href=\"https:\/\/joanabastos.pt\/en\/galeria-7\/\">ENED 2016 - National Meeting of Design Students<\/a><\/h4><p class=\"elementor-image-box-description\">March 2016<br>\nCoimbra<br><br>\nBeauty makeup masterclass for fashion and photography, at the National Meeting of \nDesign Students.\n<\/p><\/div><\/div>\t\t\t\t<\/div>\n\t\t\t\t<\/div>\n\t\t\t\t<div class=\"elementor-element elementor-element-45ec45c elementor-widget-divider--view-line elementor-widget elementor-widget-divider\" data-id=\"45ec45c\" data-element_type=\"widget\" data-e-type=\"widget\" data-widget_type=\"divider.default\">\n\t\t\t\t<div class=\"elementor-widget-container\">\n\t\t\t\t\t\t\t<div class=\"elementor-divider\">\n\t\t\t<span class=\"elementor-divider-separator\">\n\t\t\t\t\t\t<\/span>\n\t\t<\/div>\n\t\t\t\t\t\t<\/div>\n\t\t\t\t<\/div>\n\t\t\t\t<div class=\"elementor-element elementor-element-fbd4102 image_hover elementor-widget elementor-widget-image\" data-id=\"fbd4102\" data-element_type=\"widget\" data-e-type=\"widget\" data-widget_type=\"image.default\">\n\t\t\t\t<div class=\"elementor-widget-container\">\n\t\t\t\t\t\t\t\t\t\t\t\t\t\t\t\t<a href=\"https:\/\/joanabastos.pt\/en\/galeria-8\/\">\n\t\t\t\t\t\t\t<img loading=\"lazy\" decoding=\"async\" width=\"340\" height=\"510\" src=\"https:\/\/joanabastos.pt\/wp-content\/uploads\/2022\/05\/90c1140d0440b9753d499f1cf051e38b.jpg\" class=\"attachment-large size-large wp-image-10853\" alt=\"\" srcset=\"https:\/\/joanabastos.pt\/wp-content\/uploads\/2022\/05\/90c1140d0440b9753d499f1cf051e38b.jpg 340w, https:\/\/joanabastos.pt\/wp-content\/uploads\/2022\/05\/90c1140d0440b9753d499f1cf051e38b-200x300.jpg 200w\" sizes=\"(max-width: 340px) 100vw, 340px\" \/>\t\t\t\t\t\t\t\t<\/a>\n\t\t\t\t\t\t\t\t\t\t\t\t\t\t\t<\/div>\n\t\t\t\t<\/div>\n\t\t\t\t<div class=\"elementor-element elementor-element-ffa94e8 image_hover elementor-widget elementor-widget-image\" data-id=\"ffa94e8\" data-element_type=\"widget\" data-e-type=\"widget\" data-widget_type=\"image.default\">\n\t\t\t\t<div class=\"elementor-widget-container\">\n\t\t\t\t\t\t\t\t\t\t\t\t\t\t\t\t<a href=\"https:\/\/joanabastos.pt\/en\/galeria-8\/\">\n\t\t\t\t\t\t\t<img loading=\"lazy\" decoding=\"async\" width=\"340\" height=\"510\" src=\"https:\/\/joanabastos.pt\/wp-content\/uploads\/2022\/05\/6e8bd92fce36a4cb56199c627e449844.jpg\" class=\"attachment-large size-large wp-image-10852\" alt=\"\" srcset=\"https:\/\/joanabastos.pt\/wp-content\/uploads\/2022\/05\/6e8bd92fce36a4cb56199c627e449844.jpg 340w, https:\/\/joanabastos.pt\/wp-content\/uploads\/2022\/05\/6e8bd92fce36a4cb56199c627e449844-200x300.jpg 200w\" sizes=\"(max-width: 340px) 100vw, 340px\" \/>\t\t\t\t\t\t\t\t<\/a>\n\t\t\t\t\t\t\t\t\t\t\t\t\t\t\t<\/div>\n\t\t\t\t<\/div>\n\t\t\t\t<div class=\"elementor-element elementor-element-840ea50 elementor-widget elementor-widget-image-box\" data-id=\"840ea50\" data-element_type=\"widget\" data-e-type=\"widget\" data-widget_type=\"image-box.default\">\n\t\t\t\t<div class=\"elementor-widget-container\">\n\t\t\t\t\t<div class=\"elementor-image-box-wrapper\"><div class=\"elementor-image-box-content\"><h4 class=\"elementor-image-box-title\"><a href=\"https:\/\/joanabastos.pt\/en\/galeria-8\/\">Eros Porto 2015<\/a><\/h4><p class=\"elementor-image-box-description\">March 2015<br>\nOporto<br><br>\n<\/p><\/div><\/div>\t\t\t\t<\/div>\n\t\t\t\t<\/div>\n\t\t\t\t<div class=\"elementor-element elementor-element-c0b0237 elementor-widget-divider--view-line elementor-widget elementor-widget-divider\" data-id=\"c0b0237\" data-element_type=\"widget\" data-e-type=\"widget\" data-widget_type=\"divider.default\">\n\t\t\t\t<div class=\"elementor-widget-container\">\n\t\t\t\t\t\t\t<div class=\"elementor-divider\">\n\t\t\t<span class=\"elementor-divider-separator\">\n\t\t\t\t\t\t<\/span>\n\t\t<\/div>\n\t\t\t\t\t\t<\/div>\n\t\t\t\t<\/div>\n\t\t\t\t<div class=\"elementor-element elementor-element-1e056ab elementor-position-top elementor-widget elementor-widget-image-box\" data-id=\"1e056ab\" data-element_type=\"widget\" data-e-type=\"widget\" data-widget_type=\"image-box.default\">\n\t\t\t\t<div class=\"elementor-widget-container\">\n\t\t\t\t\t<div class=\"elementor-image-box-wrapper\"><figure class=\"elementor-image-box-img\"><img loading=\"lazy\" decoding=\"async\" width=\"720\" height=\"1080\" src=\"https:\/\/joanabastos.pt\/wp-content\/uploads\/2025\/01\/24B-sessao-moda-S.-Diego-2014.webp\" class=\"attachment-full size-full wp-image-19911\" alt=\"\" srcset=\"https:\/\/joanabastos.pt\/wp-content\/uploads\/2025\/01\/24B-sessao-moda-S.-Diego-2014.webp 720w, https:\/\/joanabastos.pt\/wp-content\/uploads\/2025\/01\/24B-sessao-moda-S.-Diego-2014-200x300.webp 200w, https:\/\/joanabastos.pt\/wp-content\/uploads\/2025\/01\/24B-sessao-moda-S.-Diego-2014-683x1024.webp 683w\" sizes=\"(max-width: 720px) 100vw, 720px\" \/><\/figure><div class=\"elementor-image-box-content\"><h4 class=\"elementor-image-box-title\">CREATIVE FASHION EDITORIAL FOR DARK BEAUTY MAGAZINE ONLINE<\/h4><p class=\"elementor-image-box-description\">March 2015<br>\n<b>Location<\/b>: San Diego, California<br><br>\nPhotography: Shawn Michael<br>\nMakeup, bodypainting, styling: Joana Bastos<br>\nMuse: Brooke Evangeline\n<\/p><\/div><\/div>\t\t\t\t<\/div>\n\t\t\t\t<\/div>\n\t\t\t\t<div class=\"elementor-element elementor-element-266ad7f elementor-widget-divider--view-line elementor-widget elementor-widget-divider\" data-id=\"266ad7f\" data-element_type=\"widget\" data-e-type=\"widget\" data-widget_type=\"divider.default\">\n\t\t\t\t<div class=\"elementor-widget-container\">\n\t\t\t\t\t\t\t<div class=\"elementor-divider\">\n\t\t\t<span class=\"elementor-divider-separator\">\n\t\t\t\t\t\t<\/span>\n\t\t<\/div>\n\t\t\t\t\t\t<\/div>\n\t\t\t\t<\/div>\n\t\t\t\t<div class=\"elementor-element elementor-element-4be19ae image_hover elementor-widget elementor-widget-image\" data-id=\"4be19ae\" data-element_type=\"widget\" data-e-type=\"widget\" data-widget_type=\"image.default\">\n\t\t\t\t<div class=\"elementor-widget-container\">\n\t\t\t\t\t\t\t\t\t\t\t\t\t\t\t\t<a href=\"https:\/\/joanabastos.pt\/en\/galeria-10\/\">\n\t\t\t\t\t\t\t<img loading=\"lazy\" decoding=\"async\" width=\"340\" height=\"510\" src=\"https:\/\/joanabastos.pt\/wp-content\/uploads\/2022\/05\/1a798def79cdbfd1a397842827e9bc00.jpg\" class=\"attachment-large size-large wp-image-10841\" alt=\"\" srcset=\"https:\/\/joanabastos.pt\/wp-content\/uploads\/2022\/05\/1a798def79cdbfd1a397842827e9bc00.jpg 340w, https:\/\/joanabastos.pt\/wp-content\/uploads\/2022\/05\/1a798def79cdbfd1a397842827e9bc00-200x300.jpg 200w\" sizes=\"(max-width: 340px) 100vw, 340px\" \/>\t\t\t\t\t\t\t\t<\/a>\n\t\t\t\t\t\t\t\t\t\t\t\t\t\t\t<\/div>\n\t\t\t\t<\/div>\n\t\t\t\t<div class=\"elementor-element elementor-element-66fe321 elementor-widget elementor-widget-image-box\" data-id=\"66fe321\" data-element_type=\"widget\" data-e-type=\"widget\" data-widget_type=\"image-box.default\">\n\t\t\t\t<div class=\"elementor-widget-container\">\n\t\t\t\t\t<div class=\"elementor-image-box-wrapper\"><div class=\"elementor-image-box-content\"><h4 class=\"elementor-image-box-title\"><a href=\"https:\/\/joanabastos.pt\/en\/galeria-10\/\">The Lovers at the Winter Bodypainting Festival 2015<\/a><\/h4><p class=\"elementor-image-box-description\"><b>Date<\/b>:January 2015<br>\n<b>Theme<\/b>: Myths and Legends<br>\n<b>Creation<\/b>: The Lovers, Romeo and Juliet<br>\n<b>Category<\/b>: SFX of bodypainting<br>\n<b>Location<\/b>: Verona, Italy<br><br>\n5th Place at the Winter Bodypainting Festival, Verona 2015\n<\/p><\/div><\/div>\t\t\t\t<\/div>\n\t\t\t\t<\/div>\n\t\t\t\t<div class=\"elementor-element elementor-element-e838138 elementor-widget-divider--view-line elementor-widget elementor-widget-divider\" data-id=\"e838138\" data-element_type=\"widget\" data-e-type=\"widget\" data-widget_type=\"divider.default\">\n\t\t\t\t<div class=\"elementor-widget-container\">\n\t\t\t\t\t\t\t<div class=\"elementor-divider\">\n\t\t\t<span class=\"elementor-divider-separator\">\n\t\t\t\t\t\t<\/span>\n\t\t<\/div>\n\t\t\t\t\t\t<\/div>\n\t\t\t\t<\/div>\n\t\t\t\t<div class=\"elementor-element elementor-element-7ad1f1e image_hover elementor-widget elementor-widget-image\" data-id=\"7ad1f1e\" data-element_type=\"widget\" data-e-type=\"widget\" data-widget_type=\"image.default\">\n\t\t\t\t<div class=\"elementor-widget-container\">\n\t\t\t\t\t\t\t\t\t\t\t\t\t\t\t\t<a href=\"https:\/\/joanabastos.pt\/en\/galeria-9\/\">\n\t\t\t\t\t\t\t<img loading=\"lazy\" decoding=\"async\" width=\"340\" height=\"453\" src=\"https:\/\/joanabastos.pt\/wp-content\/uploads\/2022\/05\/b56e5e220d5a612396979f731250c9ad.jpg\" class=\"attachment-large size-large wp-image-10856\" alt=\"\" srcset=\"https:\/\/joanabastos.pt\/wp-content\/uploads\/2022\/05\/b56e5e220d5a612396979f731250c9ad.jpg 340w, https:\/\/joanabastos.pt\/wp-content\/uploads\/2022\/05\/b56e5e220d5a612396979f731250c9ad-225x300.jpg 225w\" sizes=\"(max-width: 340px) 100vw, 340px\" \/>\t\t\t\t\t\t\t\t<\/a>\n\t\t\t\t\t\t\t\t\t\t\t\t\t\t\t<\/div>\n\t\t\t\t<\/div>\n\t\t\t\t<div class=\"elementor-element elementor-element-686d6df image_hover elementor-widget elementor-widget-image\" data-id=\"686d6df\" data-element_type=\"widget\" data-e-type=\"widget\" data-widget_type=\"image.default\">\n\t\t\t\t<div class=\"elementor-widget-container\">\n\t\t\t\t\t\t\t\t\t\t\t\t\t\t\t\t<a href=\"https:\/\/joanabastos.pt\/en\/galeria-9\/\">\n\t\t\t\t\t\t\t<img loading=\"lazy\" decoding=\"async\" width=\"340\" height=\"509\" src=\"https:\/\/joanabastos.pt\/wp-content\/uploads\/2022\/05\/1921913a7992c4b37a5dbd5485960846.jpg\" class=\"attachment-large size-large wp-image-10855\" alt=\"\" srcset=\"https:\/\/joanabastos.pt\/wp-content\/uploads\/2022\/05\/1921913a7992c4b37a5dbd5485960846.jpg 340w, https:\/\/joanabastos.pt\/wp-content\/uploads\/2022\/05\/1921913a7992c4b37a5dbd5485960846-200x300.jpg 200w\" sizes=\"(max-width: 340px) 100vw, 340px\" \/>\t\t\t\t\t\t\t\t<\/a>\n\t\t\t\t\t\t\t\t\t\t\t\t\t\t\t<\/div>\n\t\t\t\t<\/div>\n\t\t\t\t<div class=\"elementor-element elementor-element-a7e2ff6 elementor-widget elementor-widget-image-box\" data-id=\"a7e2ff6\" data-element_type=\"widget\" data-e-type=\"widget\" data-widget_type=\"image-box.default\">\n\t\t\t\t<div class=\"elementor-widget-container\">\n\t\t\t\t\t<div class=\"elementor-image-box-wrapper\"><div class=\"elementor-image-box-content\"><h4 class=\"elementor-image-box-title\"><a href=\"https:\/\/joanabastos.pt\/en\/galeria-9\/\">Comic Con 2014 Portugal<\/a><\/h4><p class=\"elementor-image-box-description\">December 2014<br>\nOporto<br><br>\n\n<\/p><\/div><\/div>\t\t\t\t<\/div>\n\t\t\t\t<\/div>\n\t\t\t\t<div class=\"elementor-element elementor-element-d0759a3 elementor-widget-divider--view-line elementor-widget elementor-widget-divider\" data-id=\"d0759a3\" data-element_type=\"widget\" data-e-type=\"widget\" data-widget_type=\"divider.default\">\n\t\t\t\t<div class=\"elementor-widget-container\">\n\t\t\t\t\t\t\t<div class=\"elementor-divider\">\n\t\t\t<span class=\"elementor-divider-separator\">\n\t\t\t\t\t\t<\/span>\n\t\t<\/div>\n\t\t\t\t\t\t<\/div>\n\t\t\t\t<\/div>\n\t\t\t\t<div class=\"elementor-element elementor-element-6096022 elementor-position-top elementor-widget elementor-widget-image-box\" data-id=\"6096022\" data-element_type=\"widget\" data-e-type=\"widget\" data-widget_type=\"image-box.default\">\n\t\t\t\t<div class=\"elementor-widget-container\">\n\t\t\t\t\t<div class=\"elementor-image-box-wrapper\"><figure class=\"elementor-image-box-img\"><img loading=\"lazy\" decoding=\"async\" width=\"340\" height=\"117\" src=\"https:\/\/joanabastos.pt\/wp-content\/uploads\/2022\/05\/a7426a6ecd2c8625cc60e8acee1e321b.jpg\" class=\"attachment-full size-full wp-image-10857\" alt=\"\" srcset=\"https:\/\/joanabastos.pt\/wp-content\/uploads\/2022\/05\/a7426a6ecd2c8625cc60e8acee1e321b.jpg 340w, https:\/\/joanabastos.pt\/wp-content\/uploads\/2022\/05\/a7426a6ecd2c8625cc60e8acee1e321b-300x103.jpg 300w\" sizes=\"(max-width: 340px) 100vw, 340px\" \/><\/figure><div class=\"elementor-image-box-content\"><h4 class=\"elementor-image-box-title\">HONORABLE MENTION AT THE LA JOLLA INTERNATIONAL FASHION FILM \nFESTIVAL 2014<\/h4><p class=\"elementor-image-box-description\">July 2014<br>\nS. Diego, Calif\u00f3rnia<br><br>\n<\/p><\/div><\/div>\t\t\t\t<\/div>\n\t\t\t\t<\/div>\n\t\t\t\t<div class=\"elementor-element elementor-element-4d3cedf elementor-widget__width-inherit elementor-hidden-tablet elementor-widget elementor-widget-toggle\" data-id=\"4d3cedf\" data-element_type=\"widget\" data-e-type=\"widget\" data-widget_type=\"toggle.default\">\n\t\t\t\t<div class=\"elementor-widget-container\">\n\t\t\t\t\t\t\t<div class=\"elementor-toggle\">\n\t\t\t\t\t\t\t<div class=\"elementor-toggle-item\">\n\t\t\t\t\t<h6 id=\"elementor-tab-title-8091\" class=\"elementor-tab-title\" data-tab=\"1\" role=\"button\" aria-controls=\"elementor-tab-content-8091\" aria-expanded=\"false\">\n\t\t\t\t\t\t\t\t\t\t\t\t<span class=\"elementor-toggle-icon elementor-toggle-icon-left\" aria-hidden=\"true\">\n\t\t\t\t\t\t\t\t\t\t\t\t\t\t\t<span class=\"elementor-toggle-icon-closed\"><i class=\"fas fa-chevron-down\"><\/i><\/span>\n\t\t\t\t\t\t\t\t<span class=\"elementor-toggle-icon-opened\"><i class=\"elementor-toggle-icon-opened fas fa-chevron-up\"><\/i><\/span>\n\t\t\t\t\t\t\t\t\t\t\t\t\t<\/span>\n\t\t\t\t\t\t\t\t\t\t\t\t<a class=\"elementor-toggle-title\" tabindex=\"0\">See More<\/a>\n\t\t\t\t\t<\/h6>\n\n\t\t\t\t\t<div id=\"elementor-tab-content-8091\" class=\"elementor-tab-content elementor-clearfix\" data-tab=\"1\" role=\"region\" aria-labelledby=\"elementor-tab-title-8091\"><p>Fashion film Pure Essence, directed, written and produced by Joana Bastos, was \nselected for the top 10 in the special screening selection category with the honorable \nmention at the La Jolla International Fashion Film Festival 2014\nThe concept of this film is about the essence of the women in its purest form, in which\nthe eyes are the mirror of the soul.<\/p><\/div>\n\t\t\t\t<\/div>\n\t\t\t\t\t\t\t\t<\/div>\n\t\t\t\t\t\t<\/div>\n\t\t\t\t<\/div>\n\t\t\t\t<div class=\"elementor-element elementor-element-8986114 elementor-widget-divider--view-line elementor-widget elementor-widget-divider\" data-id=\"8986114\" data-element_type=\"widget\" data-e-type=\"widget\" data-widget_type=\"divider.default\">\n\t\t\t\t<div class=\"elementor-widget-container\">\n\t\t\t\t\t\t\t<div class=\"elementor-divider\">\n\t\t\t<span class=\"elementor-divider-separator\">\n\t\t\t\t\t\t<\/span>\n\t\t<\/div>\n\t\t\t\t\t\t<\/div>\n\t\t\t\t<\/div>\n\t\t\t\t<div class=\"elementor-element elementor-element-c35b2a0 elementor-position-top elementor-widget elementor-widget-image-box\" data-id=\"c35b2a0\" data-element_type=\"widget\" data-e-type=\"widget\" data-widget_type=\"image-box.default\">\n\t\t\t\t<div class=\"elementor-widget-container\">\n\t\t\t\t\t<div class=\"elementor-image-box-wrapper\"><figure class=\"elementor-image-box-img\"><img loading=\"lazy\" decoding=\"async\" width=\"340\" height=\"349\" src=\"https:\/\/joanabastos.pt\/wp-content\/uploads\/2022\/05\/1ef5e6fc649b12124e785c623c43db25.jpg\" class=\"attachment-full size-full wp-image-10891\" alt=\"\" srcset=\"https:\/\/joanabastos.pt\/wp-content\/uploads\/2022\/05\/1ef5e6fc649b12124e785c623c43db25.jpg 340w, https:\/\/joanabastos.pt\/wp-content\/uploads\/2022\/05\/1ef5e6fc649b12124e785c623c43db25-292x300.jpg 292w\" sizes=\"(max-width: 340px) 100vw, 340px\" \/><\/figure><div class=\"elementor-image-box-content\"><h4 class=\"elementor-image-box-title\">3rd Prize at Swiss Bodypainting Art Festival 2013<\/h4><p class=\"elementor-image-box-description\"><b>Date<\/b>:November 2013<br>\n<b>Theme<\/b>: Renaissance<br>\n<b>Creation<\/b>: Lucifer, the fallen angel<br>\n<b>Category<\/b>: SFX of bodypainting<br>\n<b>Location<\/b>: Lugano, Switzerland\n<\/p><\/div><\/div>\t\t\t\t<\/div>\n\t\t\t\t<\/div>\n\t\t\t\t<div class=\"elementor-element elementor-element-92c121b elementor-widget-divider--view-line elementor-widget elementor-widget-divider\" data-id=\"92c121b\" data-element_type=\"widget\" data-e-type=\"widget\" data-widget_type=\"divider.default\">\n\t\t\t\t<div class=\"elementor-widget-container\">\n\t\t\t\t\t\t\t<div class=\"elementor-divider\">\n\t\t\t<span class=\"elementor-divider-separator\">\n\t\t\t\t\t\t<\/span>\n\t\t<\/div>\n\t\t\t\t\t\t<\/div>\n\t\t\t\t<\/div>\n\t\t\t\t<div class=\"elementor-element elementor-element-9f92d99 image_hover elementor-widget elementor-widget-image\" data-id=\"9f92d99\" data-element_type=\"widget\" data-e-type=\"widget\" data-widget_type=\"image.default\">\n\t\t\t\t<div class=\"elementor-widget-container\">\n\t\t\t\t\t\t\t\t\t\t\t\t\t\t\t\t<a href=\"https:\/\/joanabastos.pt\/en\/galeria-12\/\">\n\t\t\t\t\t\t\t<img loading=\"lazy\" decoding=\"async\" width=\"640\" height=\"960\" src=\"https:\/\/joanabastos.pt\/wp-content\/uploads\/2025\/01\/26B-Festival-Austria-2013.1-683x1024.webp\" class=\"attachment-large size-large wp-image-19904\" alt=\"\" srcset=\"https:\/\/joanabastos.pt\/wp-content\/uploads\/2025\/01\/26B-Festival-Austria-2013.1-683x1024.webp 683w, https:\/\/joanabastos.pt\/wp-content\/uploads\/2025\/01\/26B-Festival-Austria-2013.1-200x300.webp 200w, https:\/\/joanabastos.pt\/wp-content\/uploads\/2025\/01\/26B-Festival-Austria-2013.1.webp 720w\" sizes=\"(max-width: 640px) 100vw, 640px\" \/>\t\t\t\t\t\t\t\t<\/a>\n\t\t\t\t\t\t\t\t\t\t\t\t\t\t\t<\/div>\n\t\t\t\t<\/div>\n\t\t\t\t<div class=\"elementor-element elementor-element-321e487 image_hover elementor-widget elementor-widget-image\" data-id=\"321e487\" data-element_type=\"widget\" data-e-type=\"widget\" data-widget_type=\"image.default\">\n\t\t\t\t<div class=\"elementor-widget-container\">\n\t\t\t\t\t\t\t\t\t\t\t\t\t\t\t\t<a href=\"https:\/\/joanabastos.pt\/en\/galeria-12\/\">\n\t\t\t\t\t\t\t<img loading=\"lazy\" decoding=\"async\" width=\"340\" height=\"510\" src=\"https:\/\/joanabastos.pt\/wp-content\/uploads\/2022\/05\/a7e3492ff1ba5329931bcb416b5d2186.jpg\" class=\"attachment-large size-large wp-image-10869\" alt=\"\" srcset=\"https:\/\/joanabastos.pt\/wp-content\/uploads\/2022\/05\/a7e3492ff1ba5329931bcb416b5d2186.jpg 340w, https:\/\/joanabastos.pt\/wp-content\/uploads\/2022\/05\/a7e3492ff1ba5329931bcb416b5d2186-200x300.jpg 200w\" sizes=\"(max-width: 340px) 100vw, 340px\" \/>\t\t\t\t\t\t\t\t<\/a>\n\t\t\t\t\t\t\t\t\t\t\t\t\t\t\t<\/div>\n\t\t\t\t<\/div>\n\t\t\t\t<div class=\"elementor-element elementor-element-b8f0c82 elementor-widget elementor-widget-image-box\" data-id=\"b8f0c82\" data-element_type=\"widget\" data-e-type=\"widget\" data-widget_type=\"image-box.default\">\n\t\t\t\t<div class=\"elementor-widget-container\">\n\t\t\t\t\t<div class=\"elementor-image-box-wrapper\"><div class=\"elementor-image-box-content\"><h4 class=\"elementor-image-box-title\"><a href=\"https:\/\/joanabastos.pt\/en\/galeria-12\/\">JOANA BASTOS AT THE FINAL OF\nWORLD BODYPAINTING FESTIVAL 2013<\/a><\/h4><p class=\"elementor-image-box-description\">July 2013<br>\nPortschach, \u00c1ustria<br><br>\n\n\n<\/p><\/div><\/div>\t\t\t\t<\/div>\n\t\t\t\t<\/div>\n\t\t\t\t<div class=\"elementor-element elementor-element-c678a69 elementor-widget__width-inherit elementor-hidden-tablet elementor-widget elementor-widget-toggle\" data-id=\"c678a69\" data-element_type=\"widget\" data-e-type=\"widget\" data-widget_type=\"toggle.default\">\n\t\t\t\t<div class=\"elementor-widget-container\">\n\t\t\t\t\t\t\t<div class=\"elementor-toggle\">\n\t\t\t\t\t\t\t<div class=\"elementor-toggle-item\">\n\t\t\t\t\t<h6 id=\"elementor-tab-title-2081\" class=\"elementor-tab-title\" data-tab=\"1\" role=\"button\" aria-controls=\"elementor-tab-content-2081\" aria-expanded=\"false\">\n\t\t\t\t\t\t\t\t\t\t\t\t<span class=\"elementor-toggle-icon elementor-toggle-icon-left\" aria-hidden=\"true\">\n\t\t\t\t\t\t\t\t\t\t\t\t\t\t\t<span class=\"elementor-toggle-icon-closed\"><i class=\"fas fa-chevron-down\"><\/i><\/span>\n\t\t\t\t\t\t\t\t<span class=\"elementor-toggle-icon-opened\"><i class=\"elementor-toggle-icon-opened fas fa-chevron-up\"><\/i><\/span>\n\t\t\t\t\t\t\t\t\t\t\t\t\t<\/span>\n\t\t\t\t\t\t\t\t\t\t\t\t<a class=\"elementor-toggle-title\" tabindex=\"0\">See More<\/a>\n\t\t\t\t\t<\/h6>\n\n\t\t\t\t\t<div id=\"elementor-tab-content-2081\" class=\"elementor-tab-content elementor-clearfix\" data-tab=\"1\" role=\"region\" aria-labelledby=\"elementor-tab-title-2081\"><p>- 11th place at the semi-final of special effects category. Theme: \"Planet Food\". Creation:\u00a0<a href=\"http:\/\/joanabastos.pt\/en\/galeria\/96\/\">Stop Eating Animals<\/a><br \/><span style=\"color: var(--edubin-content-color); letter-spacing: 0px;\">- 10th place at the final of special effects category. Theme: \"Holy Geometry\".\u00a0<\/span><a style=\"background-color: #ffffff; letter-spacing: 0px;\" href=\"http:\/\/joanabastos.pt\/en\/galeria\/97\/\">Kundalini<\/a><\/p><\/div>\n\t\t\t\t<\/div>\n\t\t\t\t\t\t\t\t<\/div>\n\t\t\t\t\t\t<\/div>\n\t\t\t\t<\/div>\n\t\t\t\t<div class=\"elementor-element elementor-element-732a181 elementor-widget-divider--view-line elementor-widget elementor-widget-divider\" data-id=\"732a181\" data-element_type=\"widget\" data-e-type=\"widget\" data-widget_type=\"divider.default\">\n\t\t\t\t<div class=\"elementor-widget-container\">\n\t\t\t\t\t\t\t<div class=\"elementor-divider\">\n\t\t\t<span class=\"elementor-divider-separator\">\n\t\t\t\t\t\t<\/span>\n\t\t<\/div>\n\t\t\t\t\t\t<\/div>\n\t\t\t\t<\/div>\n\t\t\t\t<div class=\"elementor-element elementor-element-f18c008 image_hover elementor-widget elementor-widget-image\" data-id=\"f18c008\" data-element_type=\"widget\" data-e-type=\"widget\" data-widget_type=\"image.default\">\n\t\t\t\t<div class=\"elementor-widget-container\">\n\t\t\t\t\t\t\t\t\t\t\t\t\t\t\t\t<a href=\"https:\/\/joanabastos.pt\/en\/galeria-13\/\">\n\t\t\t\t\t\t\t<img loading=\"lazy\" decoding=\"async\" width=\"340\" height=\"487\" src=\"https:\/\/joanabastos.pt\/wp-content\/uploads\/2022\/05\/a4f7555bad649cbe515b2f7c5d8b95c0.jpg\" class=\"attachment-large size-large wp-image-10390\" alt=\"\" srcset=\"https:\/\/joanabastos.pt\/wp-content\/uploads\/2022\/05\/a4f7555bad649cbe515b2f7c5d8b95c0.jpg 340w, https:\/\/joanabastos.pt\/wp-content\/uploads\/2022\/05\/a4f7555bad649cbe515b2f7c5d8b95c0-209x300.jpg 209w\" sizes=\"(max-width: 340px) 100vw, 340px\" \/>\t\t\t\t\t\t\t\t<\/a>\n\t\t\t\t\t\t\t\t\t\t\t\t\t\t\t<\/div>\n\t\t\t\t<\/div>\n\t\t\t\t<div class=\"elementor-element elementor-element-73978be elementor-widget elementor-widget-image-box\" data-id=\"73978be\" data-element_type=\"widget\" data-e-type=\"widget\" data-widget_type=\"image-box.default\">\n\t\t\t\t<div class=\"elementor-widget-container\">\n\t\t\t\t\t<div class=\"elementor-image-box-wrapper\"><div class=\"elementor-image-box-content\"><h4 class=\"elementor-image-box-title\"><a href=\"https:\/\/joanabastos.pt\/en\/galeria-13\/\">1st Prize at Beauty Forum Zurich 2013<\/a><\/h4><p class=\"elementor-image-box-description\"><b>Date<\/b>: March 2013<br>\n<b>Theme<\/b>: The fascination of the 7 wonders of the world<br>\n<b>Creation<\/b>: White Queen of Taj Mahal<br>\n<b>Category<\/b>: Special Effects of face<br>\n<b>Location<\/b>: Zurich, Switzerland<\/p><\/div><\/div>\t\t\t\t<\/div>\n\t\t\t\t<\/div>\n\t\t\t\t<div class=\"elementor-element elementor-element-0a58d31 elementor-widget__width-inherit elementor-hidden-tablet elementor-widget elementor-widget-toggle\" data-id=\"0a58d31\" data-element_type=\"widget\" data-e-type=\"widget\" data-widget_type=\"toggle.default\">\n\t\t\t\t<div class=\"elementor-widget-container\">\n\t\t\t\t\t\t\t<div class=\"elementor-toggle\">\n\t\t\t\t\t\t\t<div class=\"elementor-toggle-item\">\n\t\t\t\t\t<h6 id=\"elementor-tab-title-1081\" class=\"elementor-tab-title\" data-tab=\"1\" role=\"button\" aria-controls=\"elementor-tab-content-1081\" aria-expanded=\"false\">\n\t\t\t\t\t\t\t\t\t\t\t\t<span class=\"elementor-toggle-icon elementor-toggle-icon-left\" aria-hidden=\"true\">\n\t\t\t\t\t\t\t\t\t\t\t\t\t\t\t<span class=\"elementor-toggle-icon-closed\"><i class=\"fas fa-chevron-down\"><\/i><\/span>\n\t\t\t\t\t\t\t\t<span class=\"elementor-toggle-icon-opened\"><i class=\"elementor-toggle-icon-opened fas fa-chevron-up\"><\/i><\/span>\n\t\t\t\t\t\t\t\t\t\t\t\t\t<\/span>\n\t\t\t\t\t\t\t\t\t\t\t\t<a class=\"elementor-toggle-title\" tabindex=\"0\">See More<\/a>\n\t\t\t\t\t<\/h6>\n\n\t\t\t\t\t<div id=\"elementor-tab-content-1081\" class=\"elementor-tab-content elementor-clearfix\" data-tab=\"1\" role=\"region\" aria-labelledby=\"elementor-tab-title-1081\"><p>Inspiration in wonder Taj Mahal Palace. This was built by Mughal emperor Shah Jahan in memory of his third wife, Mumtaz Mahal. The Taj Mahal is widely recognized as \"the jewel of Muslim art in India and one of the admired masterpieces of the world heritage.\" In 1631, Shah Jahan, emperor during the Mughal empire's period of greatest prosperity, was widowed when his third wife, Mumtaz Mahal, died during the birth of her 14th child, Gauhara Begum. The construction of the Taj Mahal began in 1632. The court chronicles of Shah Jahan's grief illustrate the love story traditionally known as an inspiration to build the Taj Mahal. Therefore, inspired me in white marble and precious stones and semi-precious this monument. The beauty of the exterior decorations of the Taj Mahal are among the best of Mughal architecture.<br \/><span style=\"color: var(--edubin-content-color); letter-spacing: 0px;\">The decorative elements were created through painting, stucco, stone and sculptures. Also there calligraphy, abstract forms and vegetative motifs.\u00a0<\/span><span style=\"color: var(--edubin-content-color); letter-spacing: 0px;\">Bringing together all these elements, I created the White Queen, the beauty, harmony and love about the history of this palace.<\/span><\/p><\/div>\n\t\t\t\t<\/div>\n\t\t\t\t\t\t\t\t<\/div>\n\t\t\t\t\t\t<\/div>\n\t\t\t\t<\/div>\n\t\t\t\t<div class=\"elementor-element elementor-element-01d430f elementor-widget-divider--view-line elementor-widget elementor-widget-divider\" data-id=\"01d430f\" data-element_type=\"widget\" data-e-type=\"widget\" data-widget_type=\"divider.default\">\n\t\t\t\t<div class=\"elementor-widget-container\">\n\t\t\t\t\t\t\t<div class=\"elementor-divider\">\n\t\t\t<span class=\"elementor-divider-separator\">\n\t\t\t\t\t\t<\/span>\n\t\t<\/div>\n\t\t\t\t\t\t<\/div>\n\t\t\t\t<\/div>\n\t\t\t\t<div class=\"elementor-element elementor-element-07d3a41 image_hover elementor-widget elementor-widget-image\" data-id=\"07d3a41\" data-element_type=\"widget\" data-e-type=\"widget\" data-widget_type=\"image.default\">\n\t\t\t\t<div class=\"elementor-widget-container\">\n\t\t\t\t\t\t\t\t\t\t\t\t\t\t\t\t<a href=\"https:\/\/joanabastos.pt\/en\/galeria-15\/\">\n\t\t\t\t\t\t\t<img loading=\"lazy\" decoding=\"async\" width=\"340\" height=\"510\" src=\"https:\/\/joanabastos.pt\/wp-content\/uploads\/2022\/05\/cb9fcdbf991f9ad690e78bf171d14e4f-1.jpg\" class=\"attachment-large size-large wp-image-11264\" alt=\"\" srcset=\"https:\/\/joanabastos.pt\/wp-content\/uploads\/2022\/05\/cb9fcdbf991f9ad690e78bf171d14e4f-1.jpg 340w, https:\/\/joanabastos.pt\/wp-content\/uploads\/2022\/05\/cb9fcdbf991f9ad690e78bf171d14e4f-1-200x300.jpg 200w\" sizes=\"(max-width: 340px) 100vw, 340px\" \/>\t\t\t\t\t\t\t\t<\/a>\n\t\t\t\t\t\t\t\t\t\t\t\t\t\t\t<\/div>\n\t\t\t\t<\/div>\n\t\t\t\t<div class=\"elementor-element elementor-element-88ce4f1 image_hover elementor-widget elementor-widget-image\" data-id=\"88ce4f1\" data-element_type=\"widget\" data-e-type=\"widget\" data-widget_type=\"image.default\">\n\t\t\t\t<div class=\"elementor-widget-container\">\n\t\t\t\t\t\t\t\t\t\t\t\t\t\t\t\t<a href=\"https:\/\/joanabastos.pt\/en\/galeria-15\/\">\n\t\t\t\t\t\t\t<img loading=\"lazy\" decoding=\"async\" width=\"640\" height=\"960\" src=\"https:\/\/joanabastos.pt\/wp-content\/uploads\/2025\/01\/28B-Portucale-2012.webp\" class=\"attachment-large size-large wp-image-19913\" alt=\"\" \/>\t\t\t\t\t\t\t\t<\/a>\n\t\t\t\t\t\t\t\t\t\t\t\t\t\t\t<\/div>\n\t\t\t\t<\/div>\n\t\t\t\t<div class=\"elementor-element elementor-element-77a8d5f elementor-widget elementor-widget-image-box\" data-id=\"77a8d5f\" data-element_type=\"widget\" data-e-type=\"widget\" data-widget_type=\"image-box.default\">\n\t\t\t\t<div class=\"elementor-widget-container\">\n\t\t\t\t\t<div class=\"elementor-image-box-wrapper\"><div class=\"elementor-image-box-content\"><h4 class=\"elementor-image-box-title\"><a href=\"https:\/\/joanabastos.pt\/en\/galeria-15\/\">PORTUCALE EVENT 2012<\/a><\/h4><p class=\"elementor-image-box-description\">December 2012<br>\nAlf\u00e2ndega do Porto, Portugal<br><br>\nLive acting in bodyart at the Portucale event, with the Avant-garde Portugal and \nGoddess of the Sea creations.\n\n\n\n\n<\/p><\/div><\/div>\t\t\t\t<\/div>\n\t\t\t\t<\/div>\n\t\t\t\t<div class=\"elementor-element elementor-element-9ab90ec elementor-widget-divider--view-line elementor-widget elementor-widget-divider\" data-id=\"9ab90ec\" data-element_type=\"widget\" data-e-type=\"widget\" data-widget_type=\"divider.default\">\n\t\t\t\t<div class=\"elementor-widget-container\">\n\t\t\t\t\t\t\t<div class=\"elementor-divider\">\n\t\t\t<span class=\"elementor-divider-separator\">\n\t\t\t\t\t\t<\/span>\n\t\t<\/div>\n\t\t\t\t\t\t<\/div>\n\t\t\t\t<\/div>\n\t\t\t\t<div class=\"elementor-element elementor-element-36f73bb image_hover elementor-widget elementor-widget-image\" data-id=\"36f73bb\" data-element_type=\"widget\" data-e-type=\"widget\" data-widget_type=\"image.default\">\n\t\t\t\t<div class=\"elementor-widget-container\">\n\t\t\t\t\t\t\t\t\t\t\t\t\t\t\t\t<a href=\"https:\/\/joanabastos.pt\/en\/galeria-16\/\">\n\t\t\t\t\t\t\t<img loading=\"lazy\" decoding=\"async\" width=\"340\" height=\"510\" src=\"https:\/\/joanabastos.pt\/wp-content\/uploads\/2022\/05\/a6caa0c21bcd72504c378dbdb247d232.jpg\" class=\"attachment-large size-large wp-image-10906\" alt=\"\" srcset=\"https:\/\/joanabastos.pt\/wp-content\/uploads\/2022\/05\/a6caa0c21bcd72504c378dbdb247d232.jpg 340w, https:\/\/joanabastos.pt\/wp-content\/uploads\/2022\/05\/a6caa0c21bcd72504c378dbdb247d232-200x300.jpg 200w\" sizes=\"(max-width: 340px) 100vw, 340px\" \/>\t\t\t\t\t\t\t\t<\/a>\n\t\t\t\t\t\t\t\t\t\t\t\t\t\t\t<\/div>\n\t\t\t\t<\/div>\n\t\t\t\t<div class=\"elementor-element elementor-element-1733956 elementor-widget elementor-widget-image-box\" data-id=\"1733956\" data-element_type=\"widget\" data-e-type=\"widget\" data-widget_type=\"image-box.default\">\n\t\t\t\t<div class=\"elementor-widget-container\">\n\t\t\t\t\t<div class=\"elementor-image-box-wrapper\"><div class=\"elementor-image-box-content\"><h4 class=\"elementor-image-box-title\"><a href=\"https:\/\/joanabastos.pt\/en\/galeria-16\/\">EXHIBITION OF THE JOANA BASTOS' ART<\/a><\/h4><p class=\"elementor-image-box-description translation-block\">September 2012 <br>\nBau\u0301 D'artes, Oporto <br><br>\nExhibition of fantasy and creative fashion costumes and bodyart, created by Joana \nBastos, with bodyart live performance.<\/p><\/div><\/div>\t\t\t\t<\/div>\n\t\t\t\t<\/div>\n\t\t\t\t<div class=\"elementor-element elementor-element-dcfe2ce elementor-widget-divider--view-line elementor-widget elementor-widget-divider\" data-id=\"dcfe2ce\" data-element_type=\"widget\" data-e-type=\"widget\" data-widget_type=\"divider.default\">\n\t\t\t\t<div class=\"elementor-widget-container\">\n\t\t\t\t\t\t\t<div class=\"elementor-divider\">\n\t\t\t<span class=\"elementor-divider-separator\">\n\t\t\t\t\t\t<\/span>\n\t\t<\/div>\n\t\t\t\t\t\t<\/div>\n\t\t\t\t<\/div>\n\t\t\t\t<div class=\"elementor-element elementor-element-abeaa8c image_hover elementor-widget elementor-widget-image\" data-id=\"abeaa8c\" data-element_type=\"widget\" data-e-type=\"widget\" data-widget_type=\"image.default\">\n\t\t\t\t<div class=\"elementor-widget-container\">\n\t\t\t\t\t\t\t\t\t\t\t\t\t\t\t\t<a href=\"https:\/\/joanabastos.pt\/en\/galeria-14\/\">\n\t\t\t\t\t\t\t<img loading=\"lazy\" decoding=\"async\" width=\"340\" height=\"224\" src=\"https:\/\/joanabastos.pt\/wp-content\/uploads\/2022\/05\/f267414c496f52ed785ef1894d906a21.jpg\" class=\"attachment-large size-large wp-image-10422\" alt=\"\" srcset=\"https:\/\/joanabastos.pt\/wp-content\/uploads\/2022\/05\/f267414c496f52ed785ef1894d906a21.jpg 340w, https:\/\/joanabastos.pt\/wp-content\/uploads\/2022\/05\/f267414c496f52ed785ef1894d906a21-300x198.jpg 300w\" sizes=\"(max-width: 340px) 100vw, 340px\" \/>\t\t\t\t\t\t\t\t<\/a>\n\t\t\t\t\t\t\t\t\t\t\t\t\t\t\t<\/div>\n\t\t\t\t<\/div>\n\t\t\t\t<div class=\"elementor-element elementor-element-6f7f683 image_hover elementor-widget elementor-widget-image\" data-id=\"6f7f683\" data-element_type=\"widget\" data-e-type=\"widget\" data-widget_type=\"image.default\">\n\t\t\t\t<div class=\"elementor-widget-container\">\n\t\t\t\t\t\t\t\t\t\t\t\t\t\t\t\t<a href=\"https:\/\/joanabastos.pt\/en\/galeria-14\/\">\n\t\t\t\t\t\t\t<img loading=\"lazy\" decoding=\"async\" width=\"340\" height=\"554\" src=\"https:\/\/joanabastos.pt\/wp-content\/uploads\/2022\/05\/73cf2395b18eea41f9698484cd919fbd.jpg\" class=\"attachment-large size-large wp-image-10350\" alt=\"\" srcset=\"https:\/\/joanabastos.pt\/wp-content\/uploads\/2022\/05\/73cf2395b18eea41f9698484cd919fbd.jpg 340w, https:\/\/joanabastos.pt\/wp-content\/uploads\/2022\/05\/73cf2395b18eea41f9698484cd919fbd-184x300.jpg 184w\" sizes=\"(max-width: 340px) 100vw, 340px\" \/>\t\t\t\t\t\t\t\t<\/a>\n\t\t\t\t\t\t\t\t\t\t\t\t\t\t\t<\/div>\n\t\t\t\t<\/div>\n\t\t\t\t<div class=\"elementor-element elementor-element-b573c4e elementor-widget elementor-widget-image-box\" data-id=\"b573c4e\" data-element_type=\"widget\" data-e-type=\"widget\" data-widget_type=\"image-box.default\">\n\t\t\t\t<div class=\"elementor-widget-container\">\n\t\t\t\t\t<div class=\"elementor-image-box-wrapper\"><div class=\"elementor-image-box-content\"><h4 class=\"elementor-image-box-title\"><a href=\"https:\/\/joanabastos.pt\/en\/galeria-14\/\">JOANA BASTOS AT THE FINAL OF WORLD BODYPAINTING FESTIVAL<\/a><\/h4><p class=\"elementor-image-box-description\">July 2012 <br>\nPortschach, \u00c1ustria<br><br>\nJoana Bastos achieves the seventh place at the WBF festival in the special effects \nbodypainting category.\n\n<\/p><\/div><\/div>\t\t\t\t<\/div>\n\t\t\t\t<\/div>\n\t\t\t\t<div class=\"elementor-element elementor-element-9690f69 elementor-widget__width-inherit elementor-hidden-tablet elementor-widget elementor-widget-toggle\" data-id=\"9690f69\" data-element_type=\"widget\" data-e-type=\"widget\" data-widget_type=\"toggle.default\">\n\t\t\t\t<div class=\"elementor-widget-container\">\n\t\t\t\t\t\t\t<div class=\"elementor-toggle\">\n\t\t\t\t\t\t\t<div class=\"elementor-toggle-item\">\n\t\t\t\t\t<div id=\"elementor-tab-title-1571\" class=\"elementor-tab-title\" data-tab=\"1\" role=\"button\" aria-controls=\"elementor-tab-content-1571\" aria-expanded=\"false\">\n\t\t\t\t\t\t\t\t\t\t\t\t<span class=\"elementor-toggle-icon elementor-toggle-icon-left\" aria-hidden=\"true\">\n\t\t\t\t\t\t\t\t\t\t\t\t\t\t\t<span class=\"elementor-toggle-icon-closed\"><i class=\"fas fa-chevron-down\"><\/i><\/span>\n\t\t\t\t\t\t\t\t<span class=\"elementor-toggle-icon-opened\"><i class=\"elementor-toggle-icon-opened fas fa-chevron-up\"><\/i><\/span>\n\t\t\t\t\t\t\t\t\t\t\t\t\t<\/span>\n\t\t\t\t\t\t\t\t\t\t\t\t<a class=\"elementor-toggle-title\" tabindex=\"0\">See More<\/a>\n\t\t\t\t\t<\/div>\n\n\t\t\t\t\t<div id=\"elementor-tab-content-1571\" class=\"elementor-tab-content elementor-clearfix\" data-tab=\"1\" role=\"region\" aria-labelledby=\"elementor-tab-title-1571\"><p>12th place at UV category. Theme: \"Avant garde - Innovation, Provocation\" Creation:\u00a0<a href=\"http:\/\/joanabastos.pt\/en\/galeria\/85\/\" name=\"Ser de Luz\">Creature of Light<\/a><br \/>- 10th place at the semi-final of special effects category. Theme: \"Inner Fears, fighting against the invisible\". Creation:\u00a0<a href=\"http:\/\/joanabastos.pt\/en\/galeria\/47\/\" name=\"Ser Espiritual\">Spiritual creature<\/a><br \/>- 7th place at the final of special effects category. Theme: \"Avantgarde - Innovation, Provocation\". Creation:\u00a0<a href=\"http:\/\/joanabastos.pt\/en\/galeria\/87\/\" name=\"Vi\u00fava Negra\">Black Widow<\/a><\/p><\/div>\n\t\t\t\t<\/div>\n\t\t\t\t\t\t\t\t<\/div>\n\t\t\t\t\t\t<\/div>\n\t\t\t\t<\/div>\n\t\t\t\t<div class=\"elementor-element elementor-element-d49b07e elementor-widget-divider--view-line elementor-widget elementor-widget-divider\" data-id=\"d49b07e\" data-element_type=\"widget\" data-e-type=\"widget\" data-widget_type=\"divider.default\">\n\t\t\t\t<div class=\"elementor-widget-container\">\n\t\t\t\t\t\t\t<div class=\"elementor-divider\">\n\t\t\t<span class=\"elementor-divider-separator\">\n\t\t\t\t\t\t<\/span>\n\t\t<\/div>\n\t\t\t\t\t\t<\/div>\n\t\t\t\t<\/div>\n\t\t\t\t<div class=\"elementor-element elementor-element-6f28325 image_hover elementor-widget elementor-widget-image\" data-id=\"6f28325\" data-element_type=\"widget\" data-e-type=\"widget\" data-widget_type=\"image.default\">\n\t\t\t\t<div class=\"elementor-widget-container\">\n\t\t\t\t\t\t\t\t\t\t\t\t\t\t\t\t<a href=\"https:\/\/joanabastos.pt\/en\/galeria-20\/\">\n\t\t\t\t\t\t\t<img loading=\"lazy\" decoding=\"async\" width=\"640\" height=\"961\" src=\"https:\/\/joanabastos.pt\/wp-content\/uploads\/2023\/01\/joana-bastos-eventos-concursos-festival-austria-2011-29-682x1024.webp\" class=\"attachment-large size-large wp-image-16097\" alt=\"\" srcset=\"https:\/\/joanabastos.pt\/wp-content\/uploads\/2023\/01\/joana-bastos-eventos-concursos-festival-austria-2011-29-682x1024.webp 682w, https:\/\/joanabastos.pt\/wp-content\/uploads\/2023\/01\/joana-bastos-eventos-concursos-festival-austria-2011-29-200x300.webp 200w, https:\/\/joanabastos.pt\/wp-content\/uploads\/2023\/01\/joana-bastos-eventos-concursos-festival-austria-2011-29-768x1152.webp 768w, https:\/\/joanabastos.pt\/wp-content\/uploads\/2023\/01\/joana-bastos-eventos-concursos-festival-austria-2011-29-8x12.webp 8w, https:\/\/joanabastos.pt\/wp-content\/uploads\/2023\/01\/joana-bastos-eventos-concursos-festival-austria-2011-29.webp 853w\" sizes=\"(max-width: 640px) 100vw, 640px\" \/>\t\t\t\t\t\t\t\t<\/a>\n\t\t\t\t\t\t\t\t\t\t\t\t\t\t\t<\/div>\n\t\t\t\t<\/div>\n\t\t\t\t<div class=\"elementor-element elementor-element-52fcb5d image_hover elementor-widget elementor-widget-image\" data-id=\"52fcb5d\" data-element_type=\"widget\" data-e-type=\"widget\" data-widget_type=\"image.default\">\n\t\t\t\t<div class=\"elementor-widget-container\">\n\t\t\t\t\t\t\t\t\t\t\t\t\t\t\t\t<a href=\"https:\/\/joanabastos.pt\/en\/galeria-20\/\">\n\t\t\t\t\t\t\t<img loading=\"lazy\" decoding=\"async\" width=\"640\" height=\"960\" src=\"https:\/\/joanabastos.pt\/wp-content\/uploads\/2025\/01\/31B-festival-Austria-2011-683x1024.webp\" class=\"attachment-large size-large wp-image-19977\" alt=\"\" srcset=\"https:\/\/joanabastos.pt\/wp-content\/uploads\/2025\/01\/31B-festival-Austria-2011-683x1024.webp 683w, https:\/\/joanabastos.pt\/wp-content\/uploads\/2025\/01\/31B-festival-Austria-2011-200x300.webp 200w, https:\/\/joanabastos.pt\/wp-content\/uploads\/2025\/01\/31B-festival-Austria-2011-768x1152.webp 768w, https:\/\/joanabastos.pt\/wp-content\/uploads\/2025\/01\/31B-festival-Austria-2011-1024x1536.webp 1024w, https:\/\/joanabastos.pt\/wp-content\/uploads\/2025\/01\/31B-festival-Austria-2011-1366x2048.webp 1366w, https:\/\/joanabastos.pt\/wp-content\/uploads\/2025\/01\/31B-festival-Austria-2011.webp 1656w\" sizes=\"(max-width: 640px) 100vw, 640px\" \/>\t\t\t\t\t\t\t\t<\/a>\n\t\t\t\t\t\t\t\t\t\t\t\t\t\t\t<\/div>\n\t\t\t\t<\/div>\n\t\t\t\t<div class=\"elementor-element elementor-element-c21e2df elementor-widget elementor-widget-image-box\" data-id=\"c21e2df\" data-element_type=\"widget\" data-e-type=\"widget\" data-widget_type=\"image-box.default\">\n\t\t\t\t<div class=\"elementor-widget-container\">\n\t\t\t\t\t<div class=\"elementor-image-box-wrapper\"><div class=\"elementor-image-box-content\"><h4 class=\"elementor-image-box-title\"><a href=\"https:\/\/joanabastos.pt\/en\/galeria-20\/\">JOANA BASTOS AT THE FINAL OF WORLD BODYPAINTING FESTIVAL 2011<\/a><\/h4><p class=\"elementor-image-box-description\">July 2011<br>\nPortschach, \u00c1ustria<br><br>\nJoana Bastos achieves the seventeenth place at the WBF festival in the special effects \nbodypainting category.\n<\/p><\/div><\/div>\t\t\t\t<\/div>\n\t\t\t\t<\/div>\n\t\t\t\t<div class=\"elementor-element elementor-element-7330a7c elementor-widget__width-inherit elementor-hidden-tablet elementor-widget elementor-widget-toggle\" data-id=\"7330a7c\" data-element_type=\"widget\" data-e-type=\"widget\" data-widget_type=\"toggle.default\">\n\t\t\t\t<div class=\"elementor-widget-container\">\n\t\t\t\t\t\t\t<div class=\"elementor-toggle\">\n\t\t\t\t\t\t\t<div class=\"elementor-toggle-item\">\n\t\t\t\t\t<h6 id=\"elementor-tab-title-1201\" class=\"elementor-tab-title\" data-tab=\"1\" role=\"button\" aria-controls=\"elementor-tab-content-1201\" aria-expanded=\"false\">\n\t\t\t\t\t\t\t\t\t\t\t\t<span class=\"elementor-toggle-icon elementor-toggle-icon-left\" aria-hidden=\"true\">\n\t\t\t\t\t\t\t\t\t\t\t\t\t\t\t<span class=\"elementor-toggle-icon-closed\"><i class=\"fas fa-chevron-down\"><\/i><\/span>\n\t\t\t\t\t\t\t\t<span class=\"elementor-toggle-icon-opened\"><i class=\"elementor-toggle-icon-opened fas fa-chevron-up\"><\/i><\/span>\n\t\t\t\t\t\t\t\t\t\t\t\t\t<\/span>\n\t\t\t\t\t\t\t\t\t\t\t\t<a class=\"elementor-toggle-title\" tabindex=\"0\">See More<\/a>\n\t\t\t\t\t<\/h6>\n\n\t\t\t\t\t<div id=\"elementor-tab-content-1201\" class=\"elementor-tab-content elementor-clearfix\" data-tab=\"1\" role=\"region\" aria-labelledby=\"elementor-tab-title-1201\"><p>- 18th place at the semi-final of special effects category. Theme: \"Renaissance\". Creation:\u00a0<a href=\"http:\/\/joanabastos.pt\/en\/galeria\/83\/\">Mother Nature<\/a><\/p><p>- 13th place at the final of special effects category. Theme:\"High Fashion\". Creation:\u00a0<a href=\"http:\/\/joanabastos.pt\/en\/galeria\/84\/\">Peacock Woman<\/a><\/p><\/div>\n\t\t\t\t<\/div>\n\t\t\t\t\t\t\t\t<\/div>\n\t\t\t\t\t\t<\/div>\n\t\t\t\t<\/div>\n\t\t\t\t<div class=\"elementor-element elementor-element-777fa98 elementor-widget-divider--view-line elementor-widget elementor-widget-divider\" data-id=\"777fa98\" data-element_type=\"widget\" data-e-type=\"widget\" data-widget_type=\"divider.default\">\n\t\t\t\t<div class=\"elementor-widget-container\">\n\t\t\t\t\t\t\t<div class=\"elementor-divider\">\n\t\t\t<span class=\"elementor-divider-separator\">\n\t\t\t\t\t\t<\/span>\n\t\t<\/div>\n\t\t\t\t\t\t<\/div>\n\t\t\t\t<\/div>\n\t\t\t\t<div class=\"elementor-element elementor-element-c5e8698 image_hover elementor-widget elementor-widget-image\" data-id=\"c5e8698\" data-element_type=\"widget\" data-e-type=\"widget\" data-widget_type=\"image.default\">\n\t\t\t\t<div class=\"elementor-widget-container\">\n\t\t\t\t\t\t\t\t\t\t\t\t\t\t\t\t<a href=\"https:\/\/joanabastos.pt\/en\/galeria-17\/\">\n\t\t\t\t\t\t\t<img loading=\"lazy\" decoding=\"async\" width=\"340\" height=\"511\" src=\"https:\/\/joanabastos.pt\/wp-content\/uploads\/2022\/05\/24d66740f1d4472b5339dd6909424aea.jpg\" class=\"attachment-large size-large wp-image-10905\" alt=\"\" srcset=\"https:\/\/joanabastos.pt\/wp-content\/uploads\/2022\/05\/24d66740f1d4472b5339dd6909424aea.jpg 340w, https:\/\/joanabastos.pt\/wp-content\/uploads\/2022\/05\/24d66740f1d4472b5339dd6909424aea-200x300.jpg 200w\" sizes=\"(max-width: 340px) 100vw, 340px\" \/>\t\t\t\t\t\t\t\t<\/a>\n\t\t\t\t\t\t\t\t\t\t\t\t\t\t\t<\/div>\n\t\t\t\t<\/div>\n\t\t\t\t<div class=\"elementor-element elementor-element-5dce17d elementor-widget elementor-widget-image-box\" data-id=\"5dce17d\" data-element_type=\"widget\" data-e-type=\"widget\" data-widget_type=\"image-box.default\">\n\t\t\t\t<div class=\"elementor-widget-container\">\n\t\t\t\t\t<div class=\"elementor-image-box-wrapper\"><div class=\"elementor-image-box-content\"><h4 class=\"elementor-image-box-title\"><a href=\"https:\/\/joanabastos.pt\/en\/galeria-17\/\">1ST PRIZE AT BODYPAINTING FESTIVAL PORTUGAL<\/a><\/h4><p class=\"elementor-image-box-description\"><b>Date<\/b>: July 2010<br>\n<b>Theme<\/b>: Fisherman<br>\n<b>Creation<\/b>: Fisherman<br>\n<b>Category<\/b>: SFX of bodypainting<br>\n<b>Location<\/b>: Oporto<\/p><\/div><\/div>\t\t\t\t<\/div>\n\t\t\t\t<\/div>\n\t\t\t\t<div class=\"elementor-element elementor-element-57150d9 elementor-widget__width-inherit elementor-hidden-tablet elementor-widget elementor-widget-toggle\" data-id=\"57150d9\" data-element_type=\"widget\" data-e-type=\"widget\" data-widget_type=\"toggle.default\">\n\t\t\t\t<div class=\"elementor-widget-container\">\n\t\t\t\t\t\t\t<div class=\"elementor-toggle\">\n\t\t\t\t\t\t\t<div class=\"elementor-toggle-item\">\n\t\t\t\t\t<h6 id=\"elementor-tab-title-9131\" class=\"elementor-tab-title\" data-tab=\"1\" role=\"button\" aria-controls=\"elementor-tab-content-9131\" aria-expanded=\"false\">\n\t\t\t\t\t\t\t\t\t\t\t\t<span class=\"elementor-toggle-icon elementor-toggle-icon-left\" aria-hidden=\"true\">\n\t\t\t\t\t\t\t\t\t\t\t\t\t\t\t<span class=\"elementor-toggle-icon-closed\"><i class=\"fas fa-chevron-down\"><\/i><\/span>\n\t\t\t\t\t\t\t\t<span class=\"elementor-toggle-icon-opened\"><i class=\"elementor-toggle-icon-opened fas fa-chevron-up\"><\/i><\/span>\n\t\t\t\t\t\t\t\t\t\t\t\t\t<\/span>\n\t\t\t\t\t\t\t\t\t\t\t\t<a class=\"elementor-toggle-title\" tabindex=\"0\">See More<\/a>\n\t\t\t\t\t<\/h6>\n\n\t\t\t\t\t<div id=\"elementor-tab-content-9131\" class=\"elementor-tab-content elementor-clearfix\" data-tab=\"1\" role=\"region\" aria-labelledby=\"elementor-tab-title-9131\"><p>\"Fisherman\" is a manufacturer of surfboards.\n\nWas it that inspired me, betting a characterization alluding to man and the fish, the colors and reflections of the ocean depths, the various maritime motifs, such as coral and algae; and extreme sports, through the fluorine shades used.<\/p><\/div>\n\t\t\t\t<\/div>\n\t\t\t\t\t\t\t\t<\/div>\n\t\t\t\t\t\t<\/div>\n\t\t\t\t<\/div>\n\t\t\t\t\t<\/div>\n\t\t<\/div>\n\t\t\t\t\t<\/div>\n\t\t<\/section>\n\t\t\t\t<\/div>","protected":false},"excerpt":{"rendered":"<p>EVENTOS E CONCURSOS EXPOSI\u00c7\u00c3O DE FOTOGRAFIA \u201cEU SOU ARTE\u201d NO MATE FESTIVAL Outubro 2024 Coimbra Exposi\u00e7\u00e3o da 1\u00aa edi\u00e7\u00e3o dos resultados fotogr\u00e1ficos da experi\u00eancia &#8216;Eu Sou Arte: A express\u00e3o da minha ess\u00eancia criativa\u201d por Joana Bastos, no MATE festival em Coimbra. EARLYBIRD, THE TRUE STORY \u2013 NOMEADO PARA MELHOR FIGURINO NO FESTIVAL CANIFFF 2024 Setembro&#8230;<\/p>","protected":false},"author":2,"featured_media":0,"parent":0,"menu_order":0,"comment_status":"closed","ping_status":"closed","template":"","meta":{"_jet_sm_ready_style":"","_jet_sm_style":"","_jet_sm_controls_values":"","_jet_sm_fonts_collection":"","_jet_sm_fonts_links":"","footnotes":""},"class_list":["post-8857","page","type-page","status-publish","hentry"],"_links":{"self":[{"href":"https:\/\/joanabastos.pt\/en\/wp-json\/wp\/v2\/pages\/8857","targetHints":{"allow":["GET"]}}],"collection":[{"href":"https:\/\/joanabastos.pt\/en\/wp-json\/wp\/v2\/pages"}],"about":[{"href":"https:\/\/joanabastos.pt\/en\/wp-json\/wp\/v2\/types\/page"}],"author":[{"embeddable":true,"href":"https:\/\/joanabastos.pt\/en\/wp-json\/wp\/v2\/users\/2"}],"replies":[{"embeddable":true,"href":"https:\/\/joanabastos.pt\/en\/wp-json\/wp\/v2\/comments?post=8857"}],"version-history":[{"count":761,"href":"https:\/\/joanabastos.pt\/en\/wp-json\/wp\/v2\/pages\/8857\/revisions"}],"predecessor-version":[{"id":23112,"href":"https:\/\/joanabastos.pt\/en\/wp-json\/wp\/v2\/pages\/8857\/revisions\/23112"}],"wp:attachment":[{"href":"https:\/\/joanabastos.pt\/en\/wp-json\/wp\/v2\/media?parent=8857"}],"curies":[{"name":"wp","href":"https:\/\/api.w.org\/{rel}","templated":true}]}}